{"id":1803,"date":"2016-04-05T17:30:37","date_gmt":"2016-04-05T15:30:37","guid":{"rendered":"https:\/\/urlaub-in-waldkirchen.de\/cs\/gastronomie\/"},"modified":"2018-01-26T08:57:04","modified_gmt":"2018-01-26T07:57:04","slug":"gastronomickeho","status":"publish","type":"page","link":"https:\/\/urlaub-in-waldkirchen.de\/cs\/gastronomickeho\/","title":{"rendered":"Gastronomick\u00e9ho"},"content":{"rendered":"<div class=\"wpb-content-wrapper\"><p>[vc_row][vc_column][vc_empty_space height=&#8220;20px&#8220;][vc_column_text]<\/p>\n<h1>Nejlep\u0161\u00ed hostitel\u00e9 Waldkirchenu<\/h1>\n<h4>Tak dob\u0159e u n\u00e1s chutn\u00e1<\/h4>\n<p>Po kulin\u00e1\u0159sk\u00e9 str\u00e1nce m\u00e1 Waldkirchen co nab\u00eddnout. Od mal\u00e9 pizzerie a\u017e po restauraci s\u00a0hv\u011bzdi\u010dkami si ka\u017ed\u00fd gurm\u00e1n p\u0159ijde na sv\u00e9.<\/p>\n<p>Jednodu\u0161e klikn\u011bte na po\u017eadovanou kategorii! Hodn\u011b z\u00e1bavy p\u0159i hled\u00e1n\u00ed![\/vc_column_text][vc_column_text]<a class=\"button  button_size_2\" href=\"https:\/\/urlaub-in-waldkirchen.de\/wp-content\/uploads\/2018\/01\/Wirtebrosch\u00fcre_2018_internet.pdf\"     style=\"background-color:#95C11F!important;color:#FFFFFF;\" target=\"_blank\"    title=\"\"><span class=\"button_label\">St\u00e1hn\u011bte si Gastronomick\u00e9ho pr\u016fvodce<\/span><\/a>\n[\/vc_column_text][vc_separator color=&#8220;custom&#8220; accent_color=&#8220;#95c11f&#8220;][\/vc_column][\/vc_row][vc_row][vc_column]<div class=\"column_filters\"><div id=\"Filters\" class=\"filters4portfolio isotope-filters\" data-parent=\"column_filters\"><div class=\"mcb-column-inner\"><div class=\"filters_wrapper\"><ul class=\"categories\"><li class=\"reset current-cat\"><a class=\"all\" data-rel=\"*\" href=\"https:\/\/urlaub-in-waldkirchen.de\/cs\/gastronomickeho\/\">Alle<\/a><\/li><li class=\"bezlepkova-kuchyne \"><a data-rel=\".category-bezlepkova-kuchyne\" href=\"https:\/\/urlaub-in-waldkirchen.de\/cs\/portfolio-types\/bezlepkova-kuchyne\/\">Bezlepkov\u00e1 kuchyn\u011b<\/a><\/li><li class=\"bistro-rychle-obcerstveni \"><a data-rel=\".category-bistro-rychle-obcerstveni\" href=\"https:\/\/urlaub-in-waldkirchen.de\/cs\/portfolio-types\/bistro-rychle-obcerstveni\/\">Bistro \/ Rychl\u00e9 ob\u010derstven\u00ed<\/a><\/li><li class=\"catering-servis-pro-party \"><a data-rel=\".category-catering-servis-pro-party\" href=\"https:\/\/urlaub-in-waldkirchen.de\/cs\/portfolio-types\/catering-servis-pro-party\/\">Catering \/ Servis pro p\u00e1rty<\/a><\/li><li class=\"diskoteka-tanecni-kavarna \"><a data-rel=\".category-diskoteka-tanecni-kavarna\" href=\"https:\/\/urlaub-in-waldkirchen.de\/cs\/portfolio-types\/diskoteka-tanecni-kavarna\/\">Diskot\u00e9ka \/ Tane\u010dn\u00ed kav\u00e1rna<\/a><\/li><li class=\"domaci-strava \"><a data-rel=\".category-domaci-strava\" href=\"https:\/\/urlaub-in-waldkirchen.de\/cs\/portfolio-types\/domaci-strava\/\">Dom\u00e1c\u00ed strava<\/a><\/li><li class=\"hvezdickova-restaurace \"><a data-rel=\".category-hvezdickova-restaurace\" href=\"https:\/\/urlaub-in-waldkirchen.de\/cs\/portfolio-types\/hvezdickova-restaurace\/\">Hv\u011bzdi\u010dkov\u00e1 restaurace<\/a><\/li><li class=\"italska-kuchyne \"><a data-rel=\".category-italska-kuchyne\" href=\"https:\/\/urlaub-in-waldkirchen.de\/cs\/portfolio-types\/italska-kuchyne\/\">Italsk\u00e1 kuchyn\u011b<\/a><\/li><li class=\"kavarna-cukrarna \"><a data-rel=\".category-kavarna-cukrarna\" href=\"https:\/\/urlaub-in-waldkirchen.de\/cs\/portfolio-types\/kavarna-cukrarna\/\">Kav\u00e1rna \u2013 Cukr\u00e1rna<\/a><\/li><li class=\"mezinarodni-kuchyne \"><a data-rel=\".category-mezinarodni-kuchyne\" href=\"https:\/\/urlaub-in-waldkirchen.de\/cs\/portfolio-types\/mezinarodni-kuchyne\/\">Mezin\u00e1rodn\u00ed kuchyn\u011b<\/a><\/li><li class=\"rakouska-kuchyne \"><a data-rel=\".category-rakouska-kuchyne\" href=\"https:\/\/urlaub-in-waldkirchen.de\/cs\/portfolio-types\/rakouska-kuchyne\/\">Rakousk\u00e1 kuchyn\u011b<\/a><\/li><li class=\"recke-speciality \"><a data-rel=\".category-recke-speciality\" href=\"https:\/\/urlaub-in-waldkirchen.de\/cs\/portfolio-types\/recke-speciality\/\">\u0158eck\u00e9 speciality<\/a><\/li><li class=\"regionalni-kuchyne \"><a data-rel=\".category-regionalni-kuchyne\" href=\"https:\/\/urlaub-in-waldkirchen.de\/cs\/portfolio-types\/regionalni-kuchyne\/\">Region\u00e1ln\u00ed kuchyn\u011b<\/a><\/li><li class=\"restaurace \"><a data-rel=\".category-restaurace\" href=\"https:\/\/urlaub-in-waldkirchen.de\/cs\/portfolio-types\/restaurace\/\">Restaurace<\/a><\/li><li class=\"vegetarianska-kuchyne \"><a data-rel=\".category-vegetarianska-kuchyne\" href=\"https:\/\/urlaub-in-waldkirchen.de\/cs\/portfolio-types\/vegetarianska-kuchyne\/\">Vegetari\u00e1nsk\u00e1 kuchyn\u011b<\/a><\/li><li class=\"ziva-hudba-koncerty \"><a data-rel=\".category-ziva-hudba-koncerty\" href=\"https:\/\/urlaub-in-waldkirchen.de\/cs\/portfolio-types\/ziva-hudba-koncerty\/\">\u017div\u00e1 hudba \/ Koncerty<\/a><\/li><li class=\"zmrzlinarna \"><a data-rel=\".category-zmrzlinarna\" href=\"https:\/\/urlaub-in-waldkirchen.de\/cs\/portfolio-types\/zmrzlinarna\/\">Zmrzlin\u00e1rna<\/a><\/li><\/ul><\/div><\/div><\/div>\n<div class=\"portfolio_wrapper isotope_wrapper \"><ul class=\"portfolio_group lm_wrapper isotope col-3 grid\"><li class=\"portfolio-item isotope-item category-domaci-strava category-mezinarodni-kuchyne category-regionalni-kuchyne category-restaurace  has-thumbnail\"><div class=\"portfolio-item-fw-bg\" style=\"\"><div class=\"portfolio-item-fill\"><\/div><div class=\"image_frame scale-with-grid\"><div class=\"image_wrapper\"><a href=\"https:\/\/urlaub-in-waldkirchen.de\/cs\/gastro\/hotel-karoli\/\"><div class=\"mask\"><\/div><img loading=\"lazy\" decoding=\"async\" width=\"800\" height=\"500\" src=\"https:\/\/urlaub-in-waldkirchen.de\/wp-content\/uploads\/2016\/04\/Karoli-3.jpg\" class=\"scale-with-grid wp-post-image\" alt=\"Hotel Karoli\" srcset=\"https:\/\/urlaub-in-waldkirchen.de\/wp-content\/uploads\/2016\/04\/Karoli-3.jpg 800w, https:\/\/urlaub-in-waldkirchen.de\/wp-content\/uploads\/2016\/04\/Karoli-3-300x188.jpg 300w, https:\/\/urlaub-in-waldkirchen.de\/wp-content\/uploads\/2016\/04\/Karoli-3-768x480.jpg 768w, https:\/\/urlaub-in-waldkirchen.de\/wp-content\/uploads\/2016\/04\/Karoli-3-234x146.jpg 234w, https:\/\/urlaub-in-waldkirchen.de\/wp-content\/uploads\/2016\/04\/Karoli-3-50x31.jpg 50w, https:\/\/urlaub-in-waldkirchen.de\/wp-content\/uploads\/2016\/04\/Karoli-3-120x75.jpg 120w\" sizes=\"auto, (max-width:767px) 480px, (max-width:800px) 100vw, 800px\" \/><\/a><div class=\"image_links\"><a class=\"zoom \"  rel=\"prettyphoto\" href=\"https:\/\/urlaub-in-waldkirchen.de\/wp-content\/uploads\/2016\/04\/Karoli-3.jpg\"><svg viewBox=\"0 0 26 26\"><defs><style>.path{fill:none;stroke:#333;stroke-miterlimit:10;stroke-width:1.5px;}<\/style><\/defs><circle cx=\"11.35\" cy=\"11.35\" r=\"6\" class=\"path\"><\/circle><line x1=\"15.59\" y1=\"15.59\" x2=\"20.65\" y2=\"20.65\" class=\"path\"><\/line><\/svg><\/a><a class=\"link \"  href=\"https:\/\/urlaub-in-waldkirchen.de\/cs\/gastro\/hotel-karoli\/\"><svg viewBox=\"0 0 26 26\"><defs><style>.path{fill:none;stroke:#333;stroke-miterlimit:10;stroke-width:1.5px;}<\/style><\/defs><g><path d=\"M10.17,8.76l2.12-2.12a5,5,0,0,1,7.07,0h0a5,5,0,0,1,0,7.07l-2.12,2.12\" class=\"path\"><\/path><path d=\"M15.83,17.24l-2.12,2.12a5,5,0,0,1-7.07,0h0a5,5,0,0,1,0-7.07l2.12-2.12\" class=\"path\"><\/path><line x1=\"10.17\" y1=\"15.83\" x2=\"15.83\" y2=\"10.17\" class=\"path\"><\/line><\/g><\/svg><\/a><\/div><\/div><\/div><div class=\"desc\"><div class=\"title_wrapper\"><h5 class=\"entry-title \" itemprop=\"headline\"><a class=\"link\" href=\"https:\/\/urlaub-in-waldkirchen.de\/cs\/gastro\/hotel-karoli\/\">Hotel Karoli<\/a><\/h5><div class=\"button-love\"><\/div><\/div><div class=\"details-wrapper\"><dl><dt>Datum<\/dt><dd>5. 4. 2016<\/dd><\/dl><\/div><div class=\"desc-wrapper\">[vc_row][vc_column][vc_empty_space height=&#8220;20px&#8220;][vc_column_text] Restaurant zum Sepp [\/vc_column_text][\/vc_column][\/vc_row][vc_row][vc_column][vc_column_text]Das Restaurant zum Sepp auf dem Camping Resort Bayerwald in Waldkirchen-Dorn hat t\u00e4glich f\u00fcr Sie ge\u00f6ffnet. Starten Sie mit unserem beliebten<span class=\"excerpt-hellip\"> [\u2026]<\/span><\/div><\/div><\/div><\/li><li class=\"portfolio-item isotope-item category-kavarna-cukrarna  has-thumbnail\"><div class=\"portfolio-item-fw-bg\" style=\"\"><div class=\"portfolio-item-fill\"><\/div><div class=\"image_frame scale-with-grid\"><div class=\"image_wrapper\"><a href=\"https:\/\/urlaub-in-waldkirchen.de\/cs\/gastro\/kavarna-cukrarna-charivari\/\"><div class=\"mask\"><\/div><img loading=\"lazy\" decoding=\"async\" width=\"800\" height=\"500\" src=\"https:\/\/urlaub-in-waldkirchen.de\/wp-content\/uploads\/2016\/04\/charivari1.jpg\" class=\"scale-with-grid wp-post-image\" alt=\"Caf\u00e9-Konditorei Charivari\" srcset=\"https:\/\/urlaub-in-waldkirchen.de\/wp-content\/uploads\/2016\/04\/charivari1.jpg 800w, https:\/\/urlaub-in-waldkirchen.de\/wp-content\/uploads\/2016\/04\/charivari1-300x188.jpg 300w, https:\/\/urlaub-in-waldkirchen.de\/wp-content\/uploads\/2016\/04\/charivari1-768x480.jpg 768w, https:\/\/urlaub-in-waldkirchen.de\/wp-content\/uploads\/2016\/04\/charivari1-234x146.jpg 234w, https:\/\/urlaub-in-waldkirchen.de\/wp-content\/uploads\/2016\/04\/charivari1-50x31.jpg 50w, https:\/\/urlaub-in-waldkirchen.de\/wp-content\/uploads\/2016\/04\/charivari1-120x75.jpg 120w\" sizes=\"auto, (max-width:767px) 480px, (max-width:800px) 100vw, 800px\" \/><\/a><div class=\"image_links\"><a class=\"zoom \"  rel=\"prettyphoto\" href=\"https:\/\/urlaub-in-waldkirchen.de\/wp-content\/uploads\/2016\/04\/charivari1.jpg\"><svg viewBox=\"0 0 26 26\"><defs><style>.path{fill:none;stroke:#333;stroke-miterlimit:10;stroke-width:1.5px;}<\/style><\/defs><circle cx=\"11.35\" cy=\"11.35\" r=\"6\" class=\"path\"><\/circle><line x1=\"15.59\" y1=\"15.59\" x2=\"20.65\" y2=\"20.65\" class=\"path\"><\/line><\/svg><\/a><a class=\"link \"  href=\"https:\/\/urlaub-in-waldkirchen.de\/cs\/gastro\/kavarna-cukrarna-charivari\/\"><svg viewBox=\"0 0 26 26\"><defs><style>.path{fill:none;stroke:#333;stroke-miterlimit:10;stroke-width:1.5px;}<\/style><\/defs><g><path d=\"M10.17,8.76l2.12-2.12a5,5,0,0,1,7.07,0h0a5,5,0,0,1,0,7.07l-2.12,2.12\" class=\"path\"><\/path><path d=\"M15.83,17.24l-2.12,2.12a5,5,0,0,1-7.07,0h0a5,5,0,0,1,0-7.07l2.12-2.12\" class=\"path\"><\/path><line x1=\"10.17\" y1=\"15.83\" x2=\"15.83\" y2=\"10.17\" class=\"path\"><\/line><\/g><\/svg><\/a><\/div><\/div><\/div><div class=\"desc\"><div class=\"title_wrapper\"><h5 class=\"entry-title \" itemprop=\"headline\"><a class=\"link\" href=\"https:\/\/urlaub-in-waldkirchen.de\/cs\/gastro\/kavarna-cukrarna-charivari\/\">Kav\u00e1rna &#8211; Cukr\u00e1rna Charivari<\/a><\/h5><div class=\"button-love\"><\/div><\/div><div class=\"details-wrapper\"><dl><dt>Datum<\/dt><dd>5. 4. 2016<\/dd><\/dl><\/div><div class=\"desc-wrapper\">[vc_row][vc_column][vc_empty_space height=&#8220;20px&#8220;][vc_column_text] Caf\u00e9-Konditorei Charivari [\/vc_column_text][\/vc_column][\/vc_row][vc_row][vc_column][vc_column_text]Das Caf\u00e9 Charivari, direkt am Waldkirchner\u00a0Marktplatz gelegen, kann\u00a0mit eigener B\u00e4ckerei und Konditorei\u00a0aufwarten. Verwendet werden ausschlie\u00dflich\u00a0feinste regionale Produkte\u00a0\u2013 und das schmeckt man! Egal,\u00a0welchen<span class=\"excerpt-hellip\"> [\u2026]<\/span><\/div><\/div><\/div><\/li><li class=\"portfolio-item isotope-item category-bezlepkova-kuchyne category-mezinarodni-kuchyne category-regionalni-kuchyne category-restaurace  has-thumbnail\"><div class=\"portfolio-item-fw-bg\" style=\"\"><div class=\"portfolio-item-fill\"><\/div><div class=\"image_frame scale-with-grid\"><div class=\"image_wrapper\"><a href=\"https:\/\/urlaub-in-waldkirchen.de\/cs\/gastro\/hotelovy-resort-reutmuehle\/\"><div class=\"mask\"><\/div><img loading=\"lazy\" decoding=\"async\" width=\"800\" height=\"500\" src=\"https:\/\/urlaub-in-waldkirchen.de\/wp-content\/uploads\/2016\/04\/reutmuehle3.jpg\" class=\"scale-with-grid wp-post-image\" alt=\"Hotelresort Reutm\u00fchle\" srcset=\"https:\/\/urlaub-in-waldkirchen.de\/wp-content\/uploads\/2016\/04\/reutmuehle3.jpg 800w, https:\/\/urlaub-in-waldkirchen.de\/wp-content\/uploads\/2016\/04\/reutmuehle3-300x188.jpg 300w, https:\/\/urlaub-in-waldkirchen.de\/wp-content\/uploads\/2016\/04\/reutmuehle3-768x480.jpg 768w, https:\/\/urlaub-in-waldkirchen.de\/wp-content\/uploads\/2016\/04\/reutmuehle3-234x146.jpg 234w, https:\/\/urlaub-in-waldkirchen.de\/wp-content\/uploads\/2016\/04\/reutmuehle3-50x31.jpg 50w, https:\/\/urlaub-in-waldkirchen.de\/wp-content\/uploads\/2016\/04\/reutmuehle3-120x75.jpg 120w\" sizes=\"auto, (max-width:767px) 480px, (max-width:800px) 100vw, 800px\" \/><\/a><div class=\"image_links\"><a class=\"zoom \"  rel=\"prettyphoto\" href=\"https:\/\/urlaub-in-waldkirchen.de\/wp-content\/uploads\/2016\/04\/reutmuehle3.jpg\"><svg viewBox=\"0 0 26 26\"><defs><style>.path{fill:none;stroke:#333;stroke-miterlimit:10;stroke-width:1.5px;}<\/style><\/defs><circle cx=\"11.35\" cy=\"11.35\" r=\"6\" class=\"path\"><\/circle><line x1=\"15.59\" y1=\"15.59\" x2=\"20.65\" y2=\"20.65\" class=\"path\"><\/line><\/svg><\/a><a class=\"link \"  href=\"https:\/\/urlaub-in-waldkirchen.de\/cs\/gastro\/hotelovy-resort-reutmuehle\/\"><svg viewBox=\"0 0 26 26\"><defs><style>.path{fill:none;stroke:#333;stroke-miterlimit:10;stroke-width:1.5px;}<\/style><\/defs><g><path d=\"M10.17,8.76l2.12-2.12a5,5,0,0,1,7.07,0h0a5,5,0,0,1,0,7.07l-2.12,2.12\" class=\"path\"><\/path><path d=\"M15.83,17.24l-2.12,2.12a5,5,0,0,1-7.07,0h0a5,5,0,0,1,0-7.07l2.12-2.12\" class=\"path\"><\/path><line x1=\"10.17\" y1=\"15.83\" x2=\"15.83\" y2=\"10.17\" class=\"path\"><\/line><\/g><\/svg><\/a><\/div><\/div><\/div><div class=\"desc\"><div class=\"title_wrapper\"><h5 class=\"entry-title \" itemprop=\"headline\"><a class=\"link\" href=\"https:\/\/urlaub-in-waldkirchen.de\/cs\/gastro\/hotelovy-resort-reutmuehle\/\">Hotelov\u00fd resort Reutm\u00fchle<\/a><\/h5><div class=\"button-love\"><\/div><\/div><div class=\"details-wrapper\"><dl><dt>Datum<\/dt><dd>5. 4. 2016<\/dd><\/dl><\/div><div class=\"desc-wrapper\">[vc_row][vc_column][vc_empty_space height=&#8220;20px&#8220;][vc_column_text] Hotelresort Reutm\u00fchle [\/vc_column_text][\/vc_column][\/vc_row][vc_row][vc_column][vc_column_text]Das Hotelresort Reutm\u00fchle zaubert\u00a0in seinem hauseigenen Restaurant\u00a0exquisite Speisen. Durch eine gro\u00dfe\u00a0Auswahl an regionalen Spezialit\u00e4ten\u00a0und internationalen Gerichten bleiben\u00a0keine W\u00fcnsche offen. Qualit\u00e4t\u00a0und Frische stehen<span class=\"excerpt-hellip\"> [\u2026]<\/span><\/div><\/div><\/div><\/li><li class=\"portfolio-item isotope-item category-domaci-strava category-regionalni-kuchyne category-restaurace  has-thumbnail\"><div class=\"portfolio-item-fw-bg\" style=\"\"><div class=\"portfolio-item-fill\"><\/div><div class=\"image_frame scale-with-grid\"><div class=\"image_wrapper\"><a href=\"https:\/\/urlaub-in-waldkirchen.de\/cs\/gastro\/hotel-penzion-boxleitenmuehle\/\"><div class=\"mask\"><\/div><img loading=\"lazy\" decoding=\"async\" width=\"800\" height=\"500\" src=\"https:\/\/urlaub-in-waldkirchen.de\/wp-content\/uploads\/2016\/04\/boxl-1.jpg\" class=\"scale-with-grid wp-post-image\" alt=\"Gasthof Pension Boxleitenm\u00fchle\" srcset=\"https:\/\/urlaub-in-waldkirchen.de\/wp-content\/uploads\/2016\/04\/boxl-1.jpg 800w, https:\/\/urlaub-in-waldkirchen.de\/wp-content\/uploads\/2016\/04\/boxl-1-300x188.jpg 300w, https:\/\/urlaub-in-waldkirchen.de\/wp-content\/uploads\/2016\/04\/boxl-1-768x480.jpg 768w, https:\/\/urlaub-in-waldkirchen.de\/wp-content\/uploads\/2016\/04\/boxl-1-234x146.jpg 234w, https:\/\/urlaub-in-waldkirchen.de\/wp-content\/uploads\/2016\/04\/boxl-1-50x31.jpg 50w, https:\/\/urlaub-in-waldkirchen.de\/wp-content\/uploads\/2016\/04\/boxl-1-120x75.jpg 120w\" sizes=\"auto, (max-width:767px) 480px, (max-width:800px) 100vw, 800px\" \/><\/a><div class=\"image_links\"><a class=\"zoom \"  rel=\"prettyphoto\" href=\"https:\/\/urlaub-in-waldkirchen.de\/wp-content\/uploads\/2016\/04\/boxl-1.jpg\"><svg viewBox=\"0 0 26 26\"><defs><style>.path{fill:none;stroke:#333;stroke-miterlimit:10;stroke-width:1.5px;}<\/style><\/defs><circle cx=\"11.35\" cy=\"11.35\" r=\"6\" class=\"path\"><\/circle><line x1=\"15.59\" y1=\"15.59\" x2=\"20.65\" y2=\"20.65\" class=\"path\"><\/line><\/svg><\/a><a class=\"link \"  href=\"https:\/\/urlaub-in-waldkirchen.de\/cs\/gastro\/hotel-penzion-boxleitenmuehle\/\"><svg viewBox=\"0 0 26 26\"><defs><style>.path{fill:none;stroke:#333;stroke-miterlimit:10;stroke-width:1.5px;}<\/style><\/defs><g><path d=\"M10.17,8.76l2.12-2.12a5,5,0,0,1,7.07,0h0a5,5,0,0,1,0,7.07l-2.12,2.12\" class=\"path\"><\/path><path d=\"M15.83,17.24l-2.12,2.12a5,5,0,0,1-7.07,0h0a5,5,0,0,1,0-7.07l2.12-2.12\" class=\"path\"><\/path><line x1=\"10.17\" y1=\"15.83\" x2=\"15.83\" y2=\"10.17\" class=\"path\"><\/line><\/g><\/svg><\/a><\/div><\/div><\/div><div class=\"desc\"><div class=\"title_wrapper\"><h5 class=\"entry-title \" itemprop=\"headline\"><a class=\"link\" href=\"https:\/\/urlaub-in-waldkirchen.de\/cs\/gastro\/hotel-penzion-boxleitenmuehle\/\">Hotel Penzion Boxleitenm\u00fchle<\/a><\/h5><div class=\"button-love\"><\/div><\/div><div class=\"details-wrapper\"><dl><dt>Datum<\/dt><dd>5. 4. 2016<\/dd><\/dl><\/div><div class=\"desc-wrapper\">[vc_row][vc_column][vc_empty_space height=&#8220;20px&#8220;][vc_column_text] Gasthof Pension Boxleitenm\u00fchle [\/vc_column_text][\/vc_column][\/vc_row][vc_row][vc_column][vc_column_text]Im Gasthof Boxleitenm\u00fchle in Werenain\u00a0bei Waldkirchen finden Sie alles\u00a0unter einem Dach: ein uriges Gasthaus,\u00a0eine komfortable Pension und\u00a0gro\u00dfz\u00fcgige Fests\u00e4le. Und auf eines\u00a0legt<span class=\"excerpt-hellip\"> [\u2026]<\/span><\/div><\/div><\/div><\/li><li class=\"portfolio-item isotope-item category-domaci-strava category-regionalni-kuchyne category-restaurace  has-thumbnail\"><div class=\"portfolio-item-fw-bg\" style=\"\"><div class=\"portfolio-item-fill\"><\/div><div class=\"image_frame scale-with-grid\"><div class=\"image_wrapper\"><a href=\"https:\/\/urlaub-in-waldkirchen.de\/cs\/gastro\/venkovsky-hostinec-eckerl-ve-dvore-frongahof\/\"><div class=\"mask\"><\/div><img loading=\"lazy\" decoding=\"async\" width=\"800\" height=\"500\" src=\"https:\/\/urlaub-in-waldkirchen.de\/wp-content\/uploads\/2016\/04\/eckerl2.jpg\" class=\"scale-with-grid wp-post-image\" alt=\"Landgasthaus Eckerl am Frongahof\" srcset=\"https:\/\/urlaub-in-waldkirchen.de\/wp-content\/uploads\/2016\/04\/eckerl2.jpg 800w, https:\/\/urlaub-in-waldkirchen.de\/wp-content\/uploads\/2016\/04\/eckerl2-300x188.jpg 300w, https:\/\/urlaub-in-waldkirchen.de\/wp-content\/uploads\/2016\/04\/eckerl2-768x480.jpg 768w, https:\/\/urlaub-in-waldkirchen.de\/wp-content\/uploads\/2016\/04\/eckerl2-234x146.jpg 234w, https:\/\/urlaub-in-waldkirchen.de\/wp-content\/uploads\/2016\/04\/eckerl2-50x31.jpg 50w, https:\/\/urlaub-in-waldkirchen.de\/wp-content\/uploads\/2016\/04\/eckerl2-120x75.jpg 120w\" sizes=\"auto, (max-width:767px) 480px, (max-width:800px) 100vw, 800px\" \/><\/a><div class=\"image_links\"><a class=\"zoom \"  rel=\"prettyphoto\" href=\"https:\/\/urlaub-in-waldkirchen.de\/wp-content\/uploads\/2016\/04\/eckerl2.jpg\"><svg viewBox=\"0 0 26 26\"><defs><style>.path{fill:none;stroke:#333;stroke-miterlimit:10;stroke-width:1.5px;}<\/style><\/defs><circle cx=\"11.35\" cy=\"11.35\" r=\"6\" class=\"path\"><\/circle><line x1=\"15.59\" y1=\"15.59\" x2=\"20.65\" y2=\"20.65\" class=\"path\"><\/line><\/svg><\/a><a class=\"link \"  href=\"https:\/\/urlaub-in-waldkirchen.de\/cs\/gastro\/venkovsky-hostinec-eckerl-ve-dvore-frongahof\/\"><svg viewBox=\"0 0 26 26\"><defs><style>.path{fill:none;stroke:#333;stroke-miterlimit:10;stroke-width:1.5px;}<\/style><\/defs><g><path d=\"M10.17,8.76l2.12-2.12a5,5,0,0,1,7.07,0h0a5,5,0,0,1,0,7.07l-2.12,2.12\" class=\"path\"><\/path><path d=\"M15.83,17.24l-2.12,2.12a5,5,0,0,1-7.07,0h0a5,5,0,0,1,0-7.07l2.12-2.12\" class=\"path\"><\/path><line x1=\"10.17\" y1=\"15.83\" x2=\"15.83\" y2=\"10.17\" class=\"path\"><\/line><\/g><\/svg><\/a><\/div><\/div><\/div><div class=\"desc\"><div class=\"title_wrapper\"><h5 class=\"entry-title \" itemprop=\"headline\"><a class=\"link\" href=\"https:\/\/urlaub-in-waldkirchen.de\/cs\/gastro\/venkovsky-hostinec-eckerl-ve-dvore-frongahof\/\">Venkovsk\u00fd hostinec Eckerl ve dvo\u0159e Frongahof<\/a><\/h5><div class=\"button-love\"><\/div><\/div><div class=\"details-wrapper\"><dl><dt>Datum<\/dt><dd>5. 4. 2016<\/dd><\/dl><\/div><div class=\"desc-wrapper\">[vc_row][vc_column][vc_empty_space height=&#8220;20px&#8220;][vc_column_text] Landgasthaus Eckerl am Frongahof [\/vc_column_text][\/vc_column][\/vc_row][vc_row][vc_column][vc_column_text]Erschmecken und entdecken Sie die\u00a0Eigenst\u00e4ndigkeit des Bayerischen\u00a0Waldes am Frongahof in B\u00f6hmzwiesel.\u00a0Ein famili\u00e4r gef\u00fchrter Urlaubsbauernhof\u00a0mit Landgasthaus, wo Sie\u00a0sich rundherum wohlf\u00fchlen k\u00f6nnen!\u00a0Am<span class=\"excerpt-hellip\"> [\u2026]<\/span><\/div><\/div><\/div><\/li><li class=\"portfolio-item isotope-item category-catering-servis-pro-party category-domaci-strava category-restaurace  has-thumbnail\"><div class=\"portfolio-item-fw-bg\" style=\"\"><div class=\"portfolio-item-fill\"><\/div><div class=\"image_frame scale-with-grid\"><div class=\"image_wrapper\"><a href=\"https:\/\/urlaub-in-waldkirchen.de\/cs\/gastro\/reznictvi-restaurace-meindl\/\"><div class=\"mask\"><\/div><img loading=\"lazy\" decoding=\"async\" width=\"800\" height=\"500\" src=\"https:\/\/urlaub-in-waldkirchen.de\/wp-content\/uploads\/2016\/04\/meindl-5.jpg\" class=\"scale-with-grid wp-post-image\" alt=\"\" srcset=\"https:\/\/urlaub-in-waldkirchen.de\/wp-content\/uploads\/2016\/04\/meindl-5.jpg 800w, https:\/\/urlaub-in-waldkirchen.de\/wp-content\/uploads\/2016\/04\/meindl-5-300x188.jpg 300w, https:\/\/urlaub-in-waldkirchen.de\/wp-content\/uploads\/2016\/04\/meindl-5-768x480.jpg 768w, https:\/\/urlaub-in-waldkirchen.de\/wp-content\/uploads\/2016\/04\/meindl-5-234x146.jpg 234w, https:\/\/urlaub-in-waldkirchen.de\/wp-content\/uploads\/2016\/04\/meindl-5-50x31.jpg 50w, https:\/\/urlaub-in-waldkirchen.de\/wp-content\/uploads\/2016\/04\/meindl-5-120x75.jpg 120w\" sizes=\"auto, (max-width:767px) 480px, (max-width:800px) 100vw, 800px\" \/><\/a><div class=\"image_links\"><a class=\"zoom \"  rel=\"prettyphoto\" href=\"https:\/\/urlaub-in-waldkirchen.de\/wp-content\/uploads\/2016\/04\/meindl-5.jpg\"><svg viewBox=\"0 0 26 26\"><defs><style>.path{fill:none;stroke:#333;stroke-miterlimit:10;stroke-width:1.5px;}<\/style><\/defs><circle cx=\"11.35\" cy=\"11.35\" r=\"6\" class=\"path\"><\/circle><line x1=\"15.59\" y1=\"15.59\" x2=\"20.65\" y2=\"20.65\" class=\"path\"><\/line><\/svg><\/a><a class=\"link \"  href=\"https:\/\/urlaub-in-waldkirchen.de\/cs\/gastro\/reznictvi-restaurace-meindl\/\"><svg viewBox=\"0 0 26 26\"><defs><style>.path{fill:none;stroke:#333;stroke-miterlimit:10;stroke-width:1.5px;}<\/style><\/defs><g><path d=\"M10.17,8.76l2.12-2.12a5,5,0,0,1,7.07,0h0a5,5,0,0,1,0,7.07l-2.12,2.12\" class=\"path\"><\/path><path d=\"M15.83,17.24l-2.12,2.12a5,5,0,0,1-7.07,0h0a5,5,0,0,1,0-7.07l2.12-2.12\" class=\"path\"><\/path><line x1=\"10.17\" y1=\"15.83\" x2=\"15.83\" y2=\"10.17\" class=\"path\"><\/line><\/g><\/svg><\/a><\/div><\/div><\/div><div class=\"desc\"><div class=\"title_wrapper\"><h5 class=\"entry-title \" itemprop=\"headline\"><a class=\"link\" href=\"https:\/\/urlaub-in-waldkirchen.de\/cs\/gastro\/reznictvi-restaurace-meindl\/\">\u0158eznictv\u00ed &#8211; Restaurace Meindl<\/a><\/h5><div class=\"button-love\"><\/div><\/div><div class=\"details-wrapper\"><dl><dt>Datum<\/dt><dd>5. 4. 2016<\/dd><\/dl><\/div><div class=\"desc-wrapper\">[vc_row][vc_column][vc_empty_space height=&#8220;20px&#8220;][vc_column_text] Metzgerei-Gasthaus Meindl [\/vc_column_text][\/vc_column][\/vc_row][vc_row][vc_column][vc_column_text]Wenn eins sicher ist, dann das: alle\u00a0Fleisch- und Wurstwaren, die im\u00a0Gasthaus Meindl auf den Tisch kommen,\u00a0gen\u00fcgen h\u00f6chsten Qualit\u00e4tsanspr\u00fcchen.\u00a0Warum? Weil sie aus der\u00a0hauseigenen<span class=\"excerpt-hellip\"> [\u2026]<\/span><\/div><\/div><\/div><\/li><li class=\"portfolio-item isotope-item category-kavarna-cukrarna category-regionalni-kuchyne category-restaurace  has-thumbnail\"><div class=\"portfolio-item-fw-bg\" style=\"\"><div class=\"portfolio-item-fill\"><\/div><div class=\"image_frame scale-with-grid\"><div class=\"image_wrapper\"><a href=\"https:\/\/urlaub-in-waldkirchen.de\/cs\/gastro\/kavarna-restaurace-ringelnatz\/\"><div class=\"mask\"><\/div><img loading=\"lazy\" decoding=\"async\" width=\"800\" height=\"500\" src=\"https:\/\/urlaub-in-waldkirchen.de\/wp-content\/uploads\/2016\/04\/ringelnatz2.jpg\" class=\"scale-with-grid wp-post-image\" alt=\"Caf\u00e9-Restaurant Ringelnatz\" srcset=\"https:\/\/urlaub-in-waldkirchen.de\/wp-content\/uploads\/2016\/04\/ringelnatz2.jpg 800w, https:\/\/urlaub-in-waldkirchen.de\/wp-content\/uploads\/2016\/04\/ringelnatz2-300x188.jpg 300w, https:\/\/urlaub-in-waldkirchen.de\/wp-content\/uploads\/2016\/04\/ringelnatz2-768x480.jpg 768w, https:\/\/urlaub-in-waldkirchen.de\/wp-content\/uploads\/2016\/04\/ringelnatz2-234x146.jpg 234w, https:\/\/urlaub-in-waldkirchen.de\/wp-content\/uploads\/2016\/04\/ringelnatz2-50x31.jpg 50w, https:\/\/urlaub-in-waldkirchen.de\/wp-content\/uploads\/2016\/04\/ringelnatz2-120x75.jpg 120w\" sizes=\"auto, (max-width:767px) 480px, (max-width:800px) 100vw, 800px\" \/><\/a><div class=\"image_links\"><a class=\"zoom \"  rel=\"prettyphoto\" href=\"https:\/\/urlaub-in-waldkirchen.de\/wp-content\/uploads\/2016\/04\/ringelnatz2.jpg\"><svg viewBox=\"0 0 26 26\"><defs><style>.path{fill:none;stroke:#333;stroke-miterlimit:10;stroke-width:1.5px;}<\/style><\/defs><circle cx=\"11.35\" cy=\"11.35\" r=\"6\" class=\"path\"><\/circle><line x1=\"15.59\" y1=\"15.59\" x2=\"20.65\" y2=\"20.65\" class=\"path\"><\/line><\/svg><\/a><a class=\"link \"  href=\"https:\/\/urlaub-in-waldkirchen.de\/cs\/gastro\/kavarna-restaurace-ringelnatz\/\"><svg viewBox=\"0 0 26 26\"><defs><style>.path{fill:none;stroke:#333;stroke-miterlimit:10;stroke-width:1.5px;}<\/style><\/defs><g><path d=\"M10.17,8.76l2.12-2.12a5,5,0,0,1,7.07,0h0a5,5,0,0,1,0,7.07l-2.12,2.12\" class=\"path\"><\/path><path d=\"M15.83,17.24l-2.12,2.12a5,5,0,0,1-7.07,0h0a5,5,0,0,1,0-7.07l2.12-2.12\" class=\"path\"><\/path><line x1=\"10.17\" y1=\"15.83\" x2=\"15.83\" y2=\"10.17\" class=\"path\"><\/line><\/g><\/svg><\/a><\/div><\/div><\/div><div class=\"desc\"><div class=\"title_wrapper\"><h5 class=\"entry-title \" itemprop=\"headline\"><a class=\"link\" href=\"https:\/\/urlaub-in-waldkirchen.de\/cs\/gastro\/kavarna-restaurace-ringelnatz\/\">Kav\u00e1rna &#8211; Restaurace Ringelnatz<\/a><\/h5><div class=\"button-love\"><\/div><\/div><div class=\"details-wrapper\"><dl><dt>Datum<\/dt><dd>5. 4. 2016<\/dd><\/dl><\/div><div class=\"desc-wrapper\">[vc_row][vc_column][vc_empty_space height=&#8220;20px&#8220;][vc_column_text] Caf\u00e9-Restaurant Ringelnatz [\/vc_column_text][\/vc_column][\/vc_row][vc_row][vc_column][vc_column_text]Wenn Sie in gem\u00fctlicher Atmosph\u00e4re\u00a0leckere Speisen genie\u00dfen oder\u00a0sich Ihre Kaffeepause mit einem\u00a0St\u00fcck hausgemachten Kuchen vers\u00fc\u00dfen\u00a0wollen, dann sind Sie im Caf\u00e9-Restaurant Ringelnatz genau<span class=\"excerpt-hellip\"> [\u2026]<\/span><\/div><\/div><\/div><\/li><li class=\"portfolio-item isotope-item category-domaci-strava category-kavarna-cukrarna category-regionalni-kuchyne  has-thumbnail\"><div class=\"portfolio-item-fw-bg\" style=\"\"><div class=\"portfolio-item-fill\"><\/div><div class=\"image_frame scale-with-grid\"><div class=\"image_wrapper\"><a href=\"https:\/\/urlaub-in-waldkirchen.de\/cs\/gastro\/geniesserbaeckerei-pilger-2\/\"><div class=\"mask\"><\/div><img loading=\"lazy\" decoding=\"async\" width=\"800\" height=\"500\" src=\"https:\/\/urlaub-in-waldkirchen.de\/wp-content\/uploads\/2017\/01\/neuland1.jpg\" class=\"scale-with-grid wp-post-image\" alt=\"Restaurant Caf\u00e9 NEULAND\" srcset=\"https:\/\/urlaub-in-waldkirchen.de\/wp-content\/uploads\/2017\/01\/neuland1.jpg 800w, https:\/\/urlaub-in-waldkirchen.de\/wp-content\/uploads\/2017\/01\/neuland1-300x188.jpg 300w, https:\/\/urlaub-in-waldkirchen.de\/wp-content\/uploads\/2017\/01\/neuland1-768x480.jpg 768w, https:\/\/urlaub-in-waldkirchen.de\/wp-content\/uploads\/2017\/01\/neuland1-234x146.jpg 234w, https:\/\/urlaub-in-waldkirchen.de\/wp-content\/uploads\/2017\/01\/neuland1-50x31.jpg 50w, https:\/\/urlaub-in-waldkirchen.de\/wp-content\/uploads\/2017\/01\/neuland1-120x75.jpg 120w\" sizes=\"auto, (max-width:767px) 480px, (max-width:800px) 100vw, 800px\" \/><\/a><div class=\"image_links\"><a class=\"zoom \"  rel=\"prettyphoto\" href=\"https:\/\/urlaub-in-waldkirchen.de\/wp-content\/uploads\/2017\/01\/neuland1.jpg\"><svg viewBox=\"0 0 26 26\"><defs><style>.path{fill:none;stroke:#333;stroke-miterlimit:10;stroke-width:1.5px;}<\/style><\/defs><circle cx=\"11.35\" cy=\"11.35\" r=\"6\" class=\"path\"><\/circle><line x1=\"15.59\" y1=\"15.59\" x2=\"20.65\" y2=\"20.65\" class=\"path\"><\/line><\/svg><\/a><a class=\"link \"  href=\"https:\/\/urlaub-in-waldkirchen.de\/cs\/gastro\/geniesserbaeckerei-pilger-2\/\"><svg viewBox=\"0 0 26 26\"><defs><style>.path{fill:none;stroke:#333;stroke-miterlimit:10;stroke-width:1.5px;}<\/style><\/defs><g><path d=\"M10.17,8.76l2.12-2.12a5,5,0,0,1,7.07,0h0a5,5,0,0,1,0,7.07l-2.12,2.12\" class=\"path\"><\/path><path d=\"M15.83,17.24l-2.12,2.12a5,5,0,0,1-7.07,0h0a5,5,0,0,1,0-7.07l2.12-2.12\" class=\"path\"><\/path><line x1=\"10.17\" y1=\"15.83\" x2=\"15.83\" y2=\"10.17\" class=\"path\"><\/line><\/g><\/svg><\/a><\/div><\/div><\/div><div class=\"desc\"><div class=\"title_wrapper\"><h5 class=\"entry-title \" itemprop=\"headline\"><a class=\"link\" href=\"https:\/\/urlaub-in-waldkirchen.de\/cs\/gastro\/geniesserbaeckerei-pilger-2\/\">Peka\u0159stv\u00ed pro labu\u017en\u00edky Pilger<\/a><\/h5><div class=\"button-love\"><\/div><\/div><div class=\"details-wrapper\"><dl><dt>Datum<\/dt><dd>2. 3. 2018<\/dd><\/dl><\/div><div class=\"desc-wrapper\">[vc_row][vc_column][vc_empty_space height=&#8220;20px&#8220;][vc_column_text] Peka\u0159stv\u00ed pro labu\u017en\u00edky Pilger [\/vc_column_text][\/vc_column][\/vc_row][vc_row][vc_column][vc_column_text]V\u00a0na\u0161em specializovan\u00e9m peka\u0159stv\u00ed je pro V\u00e1s p\u0159ipravena vydatn\u00e1 a kvalitn\u00ed nab\u00eddka sn\u00edda\u0148ov\u00fdch menu z\u00a0region\u00e1ln\u00edch produkt\u016f \u2013 p\u0159ev\u00e1\u017en\u011b v\u00a0biokvalit\u011b. Vychutnejte si<span class=\"excerpt-hellip\"> [\u2026]<\/span><\/div><\/div><\/div><\/li><li class=\"portfolio-item isotope-item category-catering-servis-pro-party category-domaci-strava category-regionalni-kuchyne category-restaurace category-vegetarianska-kuchyne  has-thumbnail\"><div class=\"portfolio-item-fw-bg\" style=\"\"><div class=\"portfolio-item-fill\"><\/div><div class=\"image_frame scale-with-grid\"><div class=\"image_wrapper\"><a href=\"https:\/\/urlaub-in-waldkirchen.de\/cs\/gastro\/restaurace-u-jezera\/\"><div class=\"mask\"><\/div><img loading=\"lazy\" decoding=\"async\" width=\"800\" height=\"500\" src=\"https:\/\/urlaub-in-waldkirchen.de\/wp-content\/uploads\/2016\/04\/amsee-4.jpg\" class=\"scale-with-grid wp-post-image\" alt=\"Restaurant am See\" srcset=\"https:\/\/urlaub-in-waldkirchen.de\/wp-content\/uploads\/2016\/04\/amsee-4.jpg 800w, https:\/\/urlaub-in-waldkirchen.de\/wp-content\/uploads\/2016\/04\/amsee-4-300x188.jpg 300w, https:\/\/urlaub-in-waldkirchen.de\/wp-content\/uploads\/2016\/04\/amsee-4-768x480.jpg 768w, https:\/\/urlaub-in-waldkirchen.de\/wp-content\/uploads\/2016\/04\/amsee-4-234x146.jpg 234w, https:\/\/urlaub-in-waldkirchen.de\/wp-content\/uploads\/2016\/04\/amsee-4-50x31.jpg 50w, https:\/\/urlaub-in-waldkirchen.de\/wp-content\/uploads\/2016\/04\/amsee-4-120x75.jpg 120w\" sizes=\"auto, (max-width:767px) 480px, (max-width:800px) 100vw, 800px\" \/><\/a><div class=\"image_links\"><a class=\"zoom \"  rel=\"prettyphoto\" href=\"https:\/\/urlaub-in-waldkirchen.de\/wp-content\/uploads\/2016\/04\/amsee-4.jpg\"><svg viewBox=\"0 0 26 26\"><defs><style>.path{fill:none;stroke:#333;stroke-miterlimit:10;stroke-width:1.5px;}<\/style><\/defs><circle cx=\"11.35\" cy=\"11.35\" r=\"6\" class=\"path\"><\/circle><line x1=\"15.59\" y1=\"15.59\" x2=\"20.65\" y2=\"20.65\" class=\"path\"><\/line><\/svg><\/a><a class=\"link \"  href=\"https:\/\/urlaub-in-waldkirchen.de\/cs\/gastro\/restaurace-u-jezera\/\"><svg viewBox=\"0 0 26 26\"><defs><style>.path{fill:none;stroke:#333;stroke-miterlimit:10;stroke-width:1.5px;}<\/style><\/defs><g><path d=\"M10.17,8.76l2.12-2.12a5,5,0,0,1,7.07,0h0a5,5,0,0,1,0,7.07l-2.12,2.12\" class=\"path\"><\/path><path d=\"M15.83,17.24l-2.12,2.12a5,5,0,0,1-7.07,0h0a5,5,0,0,1,0-7.07l2.12-2.12\" class=\"path\"><\/path><line x1=\"10.17\" y1=\"15.83\" x2=\"15.83\" y2=\"10.17\" class=\"path\"><\/line><\/g><\/svg><\/a><\/div><\/div><\/div><div class=\"desc\"><div class=\"title_wrapper\"><h5 class=\"entry-title \" itemprop=\"headline\"><a class=\"link\" href=\"https:\/\/urlaub-in-waldkirchen.de\/cs\/gastro\/restaurace-u-jezera\/\">Restaurace u jezera<\/a><\/h5><div class=\"button-love\"><\/div><\/div><div class=\"details-wrapper\"><dl><dt>Datum<\/dt><dd>5. 4. 2016<\/dd><\/dl><\/div><div class=\"desc-wrapper\">[vc_row][vc_column][vc_empty_space height=&#8220;20px&#8220;][vc_column_text] Restaurant am See [\/vc_column_text][\/vc_column][\/vc_row][vc_row][vc_column][vc_column_text]Verbringen Sie gem\u00fctliche Stunden bei uns im Restaurant am See. Unsere\u00a0idyllische Sonnenterrasse, der\u00a0Biergarten mit Blick auf den See und\u00a0die urigen Gastr\u00e4ume<span class=\"excerpt-hellip\"> [\u2026]<\/span><\/div><\/div><\/div><\/li><li class=\"portfolio-item isotope-item category-bistro-rychle-obcerstveni category-recke-speciality category-restaurace  has-thumbnail\"><div class=\"portfolio-item-fw-bg\" style=\"\"><div class=\"portfolio-item-fill\"><\/div><div class=\"image_frame scale-with-grid\"><div class=\"image_wrapper\"><a href=\"https:\/\/urlaub-in-waldkirchen.de\/cs\/gastro\/restaurace-irodion-recke-speciality-kos\/\"><div class=\"mask\"><\/div><img loading=\"lazy\" decoding=\"async\" width=\"800\" height=\"500\" src=\"https:\/\/urlaub-in-waldkirchen.de\/wp-content\/uploads\/2017\/01\/irodion12.jpg\" class=\"scale-with-grid wp-post-image\" alt=\"\" srcset=\"https:\/\/urlaub-in-waldkirchen.de\/wp-content\/uploads\/2017\/01\/irodion12.jpg 800w, https:\/\/urlaub-in-waldkirchen.de\/wp-content\/uploads\/2017\/01\/irodion12-300x188.jpg 300w, https:\/\/urlaub-in-waldkirchen.de\/wp-content\/uploads\/2017\/01\/irodion12-768x480.jpg 768w, https:\/\/urlaub-in-waldkirchen.de\/wp-content\/uploads\/2017\/01\/irodion12-234x146.jpg 234w, https:\/\/urlaub-in-waldkirchen.de\/wp-content\/uploads\/2017\/01\/irodion12-50x31.jpg 50w, https:\/\/urlaub-in-waldkirchen.de\/wp-content\/uploads\/2017\/01\/irodion12-120x75.jpg 120w\" sizes=\"auto, (max-width:767px) 480px, (max-width:800px) 100vw, 800px\" \/><\/a><div class=\"image_links\"><a class=\"zoom \"  rel=\"prettyphoto\" href=\"https:\/\/urlaub-in-waldkirchen.de\/wp-content\/uploads\/2017\/01\/irodion12.jpg\"><svg viewBox=\"0 0 26 26\"><defs><style>.path{fill:none;stroke:#333;stroke-miterlimit:10;stroke-width:1.5px;}<\/style><\/defs><circle cx=\"11.35\" cy=\"11.35\" r=\"6\" class=\"path\"><\/circle><line x1=\"15.59\" y1=\"15.59\" x2=\"20.65\" y2=\"20.65\" class=\"path\"><\/line><\/svg><\/a><a class=\"link \"  href=\"https:\/\/urlaub-in-waldkirchen.de\/cs\/gastro\/restaurace-irodion-recke-speciality-kos\/\"><svg viewBox=\"0 0 26 26\"><defs><style>.path{fill:none;stroke:#333;stroke-miterlimit:10;stroke-width:1.5px;}<\/style><\/defs><g><path d=\"M10.17,8.76l2.12-2.12a5,5,0,0,1,7.07,0h0a5,5,0,0,1,0,7.07l-2.12,2.12\" class=\"path\"><\/path><path d=\"M15.83,17.24l-2.12,2.12a5,5,0,0,1-7.07,0h0a5,5,0,0,1,0-7.07l2.12-2.12\" class=\"path\"><\/path><line x1=\"10.17\" y1=\"15.83\" x2=\"15.83\" y2=\"10.17\" class=\"path\"><\/line><\/g><\/svg><\/a><\/div><\/div><\/div><div class=\"desc\"><div class=\"title_wrapper\"><h5 class=\"entry-title \" itemprop=\"headline\"><a class=\"link\" href=\"https:\/\/urlaub-in-waldkirchen.de\/cs\/gastro\/restaurace-irodion-recke-speciality-kos\/\">Restaurace Irodion &#038; \u0158eck\u00e9 speciality KOS<\/a><\/h5><div class=\"button-love\"><\/div><\/div><div class=\"details-wrapper\"><dl><dt>Datum<\/dt><dd>10. 1. 2017<\/dd><\/dl><\/div><div class=\"desc-wrapper\">[vc_row][vc_column][vc_empty_space height=&#8220;20px&#8220;][vc_column_text] Restaurant Irodion [\/vc_column_text][\/vc_column][\/vc_row][vc_row][vc_column][vc_column_text]Tauchen Sie ein in die Mentalit\u00e4t Griechenlands und lassen Sie sich von unserem vielseitigen Angebot an griechischen Spezialit\u00e4ten verw\u00f6hnen \u2013 in unserem<span class=\"excerpt-hellip\"> [\u2026]<\/span><\/div><\/div><\/div><\/li><li class=\"portfolio-item isotope-item category-regionalni-kuchyne category-restaurace  has-thumbnail\"><div class=\"portfolio-item-fw-bg\" style=\"\"><div class=\"portfolio-item-fill\"><\/div><div class=\"image_frame scale-with-grid\"><div class=\"image_wrapper\"><a href=\"https:\/\/urlaub-in-waldkirchen.de\/cs\/gastro\/hotel-restaurace-gottinger\/\"><div class=\"mask\"><\/div><img loading=\"lazy\" decoding=\"async\" width=\"800\" height=\"500\" src=\"https:\/\/urlaub-in-waldkirchen.de\/wp-content\/uploads\/2016\/04\/gottinger1.jpg\" class=\"scale-with-grid wp-post-image\" alt=\"Hotel Gottinger\" srcset=\"https:\/\/urlaub-in-waldkirchen.de\/wp-content\/uploads\/2016\/04\/gottinger1.jpg 800w, https:\/\/urlaub-in-waldkirchen.de\/wp-content\/uploads\/2016\/04\/gottinger1-300x188.jpg 300w, https:\/\/urlaub-in-waldkirchen.de\/wp-content\/uploads\/2016\/04\/gottinger1-768x480.jpg 768w, https:\/\/urlaub-in-waldkirchen.de\/wp-content\/uploads\/2016\/04\/gottinger1-234x146.jpg 234w, https:\/\/urlaub-in-waldkirchen.de\/wp-content\/uploads\/2016\/04\/gottinger1-50x31.jpg 50w, https:\/\/urlaub-in-waldkirchen.de\/wp-content\/uploads\/2016\/04\/gottinger1-120x75.jpg 120w\" sizes=\"auto, (max-width:767px) 480px, (max-width:800px) 100vw, 800px\" \/><\/a><div class=\"image_links\"><a class=\"zoom \"  rel=\"prettyphoto\" href=\"https:\/\/urlaub-in-waldkirchen.de\/wp-content\/uploads\/2016\/04\/gottinger1.jpg\"><svg viewBox=\"0 0 26 26\"><defs><style>.path{fill:none;stroke:#333;stroke-miterlimit:10;stroke-width:1.5px;}<\/style><\/defs><circle cx=\"11.35\" cy=\"11.35\" r=\"6\" class=\"path\"><\/circle><line x1=\"15.59\" y1=\"15.59\" x2=\"20.65\" y2=\"20.65\" class=\"path\"><\/line><\/svg><\/a><a class=\"link \"  href=\"https:\/\/urlaub-in-waldkirchen.de\/cs\/gastro\/hotel-restaurace-gottinger\/\"><svg viewBox=\"0 0 26 26\"><defs><style>.path{fill:none;stroke:#333;stroke-miterlimit:10;stroke-width:1.5px;}<\/style><\/defs><g><path d=\"M10.17,8.76l2.12-2.12a5,5,0,0,1,7.07,0h0a5,5,0,0,1,0,7.07l-2.12,2.12\" class=\"path\"><\/path><path d=\"M15.83,17.24l-2.12,2.12a5,5,0,0,1-7.07,0h0a5,5,0,0,1,0-7.07l2.12-2.12\" class=\"path\"><\/path><line x1=\"10.17\" y1=\"15.83\" x2=\"15.83\" y2=\"10.17\" class=\"path\"><\/line><\/g><\/svg><\/a><\/div><\/div><\/div><div class=\"desc\"><div class=\"title_wrapper\"><h5 class=\"entry-title \" itemprop=\"headline\"><a class=\"link\" href=\"https:\/\/urlaub-in-waldkirchen.de\/cs\/gastro\/hotel-restaurace-gottinger\/\">Hotel &#8211; Restaurace Gottinger<\/a><\/h5><div class=\"button-love\"><\/div><\/div><div class=\"details-wrapper\"><dl><dt>Datum<\/dt><dd>5. 4. 2016<\/dd><\/dl><\/div><div class=\"desc-wrapper\">[vc_row][vc_column][vc_empty_space height=&#8220;20px&#8220;][vc_column_text] Hotel-Restaurant Gottinger [\/vc_column_text][\/vc_column][\/vc_row][vc_row][vc_column][vc_column_text]Das Hotel-Restaurant Gottinger ist\u00a0ein Haus mit Geschichte. Seit \u00fcber\u00a0100 Jahren ist das Hotel eine feste\u00a0Gr\u00f6\u00dfe in Waldkirchens Gastronomie.\u00a0Gem\u00fctlichkeit und Gastfreundlichkeit\u00a0wird hier gro\u00df<span class=\"excerpt-hellip\"> [\u2026]<\/span><\/div><\/div><\/div><\/li><li class=\"portfolio-item isotope-item category-diskoteka-tanecni-kavarna  has-thumbnail\"><div class=\"portfolio-item-fw-bg\" style=\"\"><div class=\"portfolio-item-fill\"><\/div><div class=\"image_frame scale-with-grid\"><div class=\"image_wrapper\"><a href=\"https:\/\/urlaub-in-waldkirchen.de\/cs\/gastro\/diskopark-lobo-waldkirchen\/\"><div class=\"mask\"><\/div><img loading=\"lazy\" decoding=\"async\" width=\"800\" height=\"500\" src=\"https:\/\/urlaub-in-waldkirchen.de\/wp-content\/uploads\/2016\/04\/lobo-3.jpg\" class=\"scale-with-grid wp-post-image\" alt=\"Diskopark Lobo\" srcset=\"https:\/\/urlaub-in-waldkirchen.de\/wp-content\/uploads\/2016\/04\/lobo-3.jpg 800w, https:\/\/urlaub-in-waldkirchen.de\/wp-content\/uploads\/2016\/04\/lobo-3-300x188.jpg 300w, https:\/\/urlaub-in-waldkirchen.de\/wp-content\/uploads\/2016\/04\/lobo-3-768x480.jpg 768w, https:\/\/urlaub-in-waldkirchen.de\/wp-content\/uploads\/2016\/04\/lobo-3-234x146.jpg 234w, https:\/\/urlaub-in-waldkirchen.de\/wp-content\/uploads\/2016\/04\/lobo-3-50x31.jpg 50w, https:\/\/urlaub-in-waldkirchen.de\/wp-content\/uploads\/2016\/04\/lobo-3-120x75.jpg 120w\" sizes=\"auto, (max-width:767px) 480px, (max-width:800px) 100vw, 800px\" \/><\/a><div class=\"image_links\"><a class=\"zoom \"  rel=\"prettyphoto\" href=\"https:\/\/urlaub-in-waldkirchen.de\/wp-content\/uploads\/2016\/04\/lobo-3.jpg\"><svg viewBox=\"0 0 26 26\"><defs><style>.path{fill:none;stroke:#333;stroke-miterlimit:10;stroke-width:1.5px;}<\/style><\/defs><circle cx=\"11.35\" cy=\"11.35\" r=\"6\" class=\"path\"><\/circle><line x1=\"15.59\" y1=\"15.59\" x2=\"20.65\" y2=\"20.65\" class=\"path\"><\/line><\/svg><\/a><a class=\"link \"  href=\"https:\/\/urlaub-in-waldkirchen.de\/cs\/gastro\/diskopark-lobo-waldkirchen\/\"><svg viewBox=\"0 0 26 26\"><defs><style>.path{fill:none;stroke:#333;stroke-miterlimit:10;stroke-width:1.5px;}<\/style><\/defs><g><path d=\"M10.17,8.76l2.12-2.12a5,5,0,0,1,7.07,0h0a5,5,0,0,1,0,7.07l-2.12,2.12\" class=\"path\"><\/path><path d=\"M15.83,17.24l-2.12,2.12a5,5,0,0,1-7.07,0h0a5,5,0,0,1,0-7.07l2.12-2.12\" class=\"path\"><\/path><line x1=\"10.17\" y1=\"15.83\" x2=\"15.83\" y2=\"10.17\" class=\"path\"><\/line><\/g><\/svg><\/a><\/div><\/div><\/div><div class=\"desc\"><div class=\"title_wrapper\"><h5 class=\"entry-title \" itemprop=\"headline\"><a class=\"link\" href=\"https:\/\/urlaub-in-waldkirchen.de\/cs\/gastro\/diskopark-lobo-waldkirchen\/\">Diskopark Lobo<\/a><\/h5><div class=\"button-love\"><\/div><\/div><div class=\"details-wrapper\"><dl><dt>Datum<\/dt><dd>5. 4. 2016<\/dd><\/dl><\/div><div class=\"desc-wrapper\">[vc_row][vc_column][vc_empty_space height=&#8220;20px&#8220;][vc_column_text] Diskopark Lobo [\/vc_column_text][\/vc_column][\/vc_row][vc_row][vc_column][vc_column_text]Wer im Bayerischen Wald ausgelassen\u00a0feiern und tanzen will, der ist\u00a0im Diskopark Lobo \u2013 eine der gr\u00f6\u00dften\u00a0Diskolandschaften der Region\u00a0&#8211; bestens aufgehoben! Hier ist<span class=\"excerpt-hellip\"> [\u2026]<\/span><\/div><\/div><\/div><\/li><li class=\"portfolio-item isotope-item category-kavarna-cukrarna  has-thumbnail\"><div class=\"portfolio-item-fw-bg\" style=\"\"><div class=\"portfolio-item-fill\"><\/div><div class=\"image_frame scale-with-grid\"><div class=\"image_wrapper\"><a href=\"https:\/\/urlaub-in-waldkirchen.de\/cs\/gastro\/cafe-mocca\/\"><div class=\"mask\"><\/div><img loading=\"lazy\" decoding=\"async\" width=\"800\" height=\"500\" src=\"https:\/\/urlaub-in-waldkirchen.de\/wp-content\/uploads\/2016\/04\/mocca-3.jpg\" class=\"scale-with-grid wp-post-image\" alt=\"Cafe Mocca\" srcset=\"https:\/\/urlaub-in-waldkirchen.de\/wp-content\/uploads\/2016\/04\/mocca-3.jpg 800w, https:\/\/urlaub-in-waldkirchen.de\/wp-content\/uploads\/2016\/04\/mocca-3-300x188.jpg 300w, https:\/\/urlaub-in-waldkirchen.de\/wp-content\/uploads\/2016\/04\/mocca-3-768x480.jpg 768w, https:\/\/urlaub-in-waldkirchen.de\/wp-content\/uploads\/2016\/04\/mocca-3-234x146.jpg 234w, https:\/\/urlaub-in-waldkirchen.de\/wp-content\/uploads\/2016\/04\/mocca-3-50x31.jpg 50w, https:\/\/urlaub-in-waldkirchen.de\/wp-content\/uploads\/2016\/04\/mocca-3-120x75.jpg 120w\" sizes=\"auto, (max-width:767px) 480px, (max-width:800px) 100vw, 800px\" \/><\/a><div class=\"image_links\"><a class=\"zoom \"  rel=\"prettyphoto\" href=\"https:\/\/urlaub-in-waldkirchen.de\/wp-content\/uploads\/2016\/04\/mocca-3.jpg\"><svg viewBox=\"0 0 26 26\"><defs><style>.path{fill:none;stroke:#333;stroke-miterlimit:10;stroke-width:1.5px;}<\/style><\/defs><circle cx=\"11.35\" cy=\"11.35\" r=\"6\" class=\"path\"><\/circle><line x1=\"15.59\" y1=\"15.59\" x2=\"20.65\" y2=\"20.65\" class=\"path\"><\/line><\/svg><\/a><a class=\"link \"  href=\"https:\/\/urlaub-in-waldkirchen.de\/cs\/gastro\/cafe-mocca\/\"><svg viewBox=\"0 0 26 26\"><defs><style>.path{fill:none;stroke:#333;stroke-miterlimit:10;stroke-width:1.5px;}<\/style><\/defs><g><path d=\"M10.17,8.76l2.12-2.12a5,5,0,0,1,7.07,0h0a5,5,0,0,1,0,7.07l-2.12,2.12\" class=\"path\"><\/path><path d=\"M15.83,17.24l-2.12,2.12a5,5,0,0,1-7.07,0h0a5,5,0,0,1,0-7.07l2.12-2.12\" class=\"path\"><\/path><line x1=\"10.17\" y1=\"15.83\" x2=\"15.83\" y2=\"10.17\" class=\"path\"><\/line><\/g><\/svg><\/a><\/div><\/div><\/div><div class=\"desc\"><div class=\"title_wrapper\"><h5 class=\"entry-title \" itemprop=\"headline\"><a class=\"link\" href=\"https:\/\/urlaub-in-waldkirchen.de\/cs\/gastro\/cafe-mocca\/\">Cafe Mocca<\/a><\/h5><div class=\"button-love\"><\/div><\/div><div class=\"details-wrapper\"><dl><dt>Datum<\/dt><dd>5. 4. 2016<\/dd><\/dl><\/div><div class=\"desc-wrapper\">[vc_row][vc_column][vc_empty_space height=&#8220;20px&#8220;][vc_column_text] Cafe Mocca [\/vc_column_text][\/vc_column][\/vc_row][vc_row][vc_column][vc_column_text]Im Herzen des Modehauses Garhammer\u00a0befindet sich das gem\u00fctliche\u00a0Cafe Mocca. Ein zentraler Treffpunkt,\u00a0an dem sich w\u00e4hrend oder nach einer\u00a0ausgiebigen Shoppingtour entspannt\u00a0werden kann. G\u00f6nnen<span class=\"excerpt-hellip\"> [\u2026]<\/span><\/div><\/div><\/div><\/li><li class=\"portfolio-item isotope-item category-rakouska-kuchyne category-regionalni-kuchyne category-ziva-hudba-koncerty  has-thumbnail\"><div class=\"portfolio-item-fw-bg\" style=\"\"><div class=\"portfolio-item-fill\"><\/div><div class=\"image_frame scale-with-grid\"><div class=\"image_wrapper\"><a href=\"https:\/\/urlaub-in-waldkirchen.de\/cs\/gastro\/restaurace-u-emerenz\/\"><div class=\"mask\"><\/div><img loading=\"lazy\" decoding=\"async\" width=\"800\" height=\"500\" src=\"https:\/\/urlaub-in-waldkirchen.de\/wp-content\/uploads\/2016\/04\/emerenz2.jpg\" class=\"scale-with-grid wp-post-image\" alt=\"Wirtshaus zur Emerenz\" srcset=\"https:\/\/urlaub-in-waldkirchen.de\/wp-content\/uploads\/2016\/04\/emerenz2.jpg 800w, https:\/\/urlaub-in-waldkirchen.de\/wp-content\/uploads\/2016\/04\/emerenz2-300x188.jpg 300w, https:\/\/urlaub-in-waldkirchen.de\/wp-content\/uploads\/2016\/04\/emerenz2-768x480.jpg 768w, https:\/\/urlaub-in-waldkirchen.de\/wp-content\/uploads\/2016\/04\/emerenz2-234x146.jpg 234w, https:\/\/urlaub-in-waldkirchen.de\/wp-content\/uploads\/2016\/04\/emerenz2-50x31.jpg 50w, https:\/\/urlaub-in-waldkirchen.de\/wp-content\/uploads\/2016\/04\/emerenz2-120x75.jpg 120w\" sizes=\"auto, (max-width:767px) 480px, (max-width:800px) 100vw, 800px\" \/><\/a><div class=\"image_links\"><a class=\"zoom \"  rel=\"prettyphoto\" href=\"https:\/\/urlaub-in-waldkirchen.de\/wp-content\/uploads\/2016\/04\/emerenz2.jpg\"><svg viewBox=\"0 0 26 26\"><defs><style>.path{fill:none;stroke:#333;stroke-miterlimit:10;stroke-width:1.5px;}<\/style><\/defs><circle cx=\"11.35\" cy=\"11.35\" r=\"6\" class=\"path\"><\/circle><line x1=\"15.59\" y1=\"15.59\" x2=\"20.65\" y2=\"20.65\" class=\"path\"><\/line><\/svg><\/a><a class=\"link \"  href=\"https:\/\/urlaub-in-waldkirchen.de\/cs\/gastro\/restaurace-u-emerenz\/\"><svg viewBox=\"0 0 26 26\"><defs><style>.path{fill:none;stroke:#333;stroke-miterlimit:10;stroke-width:1.5px;}<\/style><\/defs><g><path d=\"M10.17,8.76l2.12-2.12a5,5,0,0,1,7.07,0h0a5,5,0,0,1,0,7.07l-2.12,2.12\" class=\"path\"><\/path><path d=\"M15.83,17.24l-2.12,2.12a5,5,0,0,1-7.07,0h0a5,5,0,0,1,0-7.07l2.12-2.12\" class=\"path\"><\/path><line x1=\"10.17\" y1=\"15.83\" x2=\"15.83\" y2=\"10.17\" class=\"path\"><\/line><\/g><\/svg><\/a><\/div><\/div><\/div><div class=\"desc\"><div class=\"title_wrapper\"><h5 class=\"entry-title \" itemprop=\"headline\"><a class=\"link\" href=\"https:\/\/urlaub-in-waldkirchen.de\/cs\/gastro\/restaurace-u-emerenz\/\">Restaurace u Emerenz<\/a><\/h5><div class=\"button-love\"><\/div><\/div><div class=\"details-wrapper\"><dl><dt>Datum<\/dt><dd>5. 4. 2016<\/dd><\/dl><\/div><div class=\"desc-wrapper\">[vc_row][vc_column][vc_empty_space height=&#8220;20px&#8220;][vc_column_text] Wirtshaus zur Emerenz [\/vc_column_text][\/vc_column][\/vc_row][vc_row][vc_column][vc_column_text]Lassen Sie sich mit frischen, traditionellen\u00a0Gerichten, hausgemachten\u00a0Kuchen, s\u00fcffigen Bierspezialit\u00e4ten\u00a0und \u00f6sterreichischen Weinen direkt\u00a0vom Winzer verw\u00f6hnen. Das Wirtshaus\u00a0\u201eZur Emerenz\u201c bietet dazu das\u00a0passende Ambiente!<span class=\"excerpt-hellip\"> [\u2026]<\/span><\/div><\/div><\/div><\/li><li class=\"portfolio-item isotope-item category-hvezdickova-restaurace category-regionalni-kuchyne category-restaurace category-vegetarianska-kuchyne  has-thumbnail\"><div class=\"portfolio-item-fw-bg\" style=\"\"><div class=\"portfolio-item-fill\"><\/div><div class=\"image_frame scale-with-grid\"><div class=\"image_wrapper\"><a href=\"https:\/\/urlaub-in-waldkirchen.de\/cs\/gastro\/restaurace-johanns\/\"><div class=\"mask\"><\/div><img loading=\"lazy\" decoding=\"async\" width=\"800\" height=\"500\" src=\"https:\/\/urlaub-in-waldkirchen.de\/wp-content\/uploads\/2016\/04\/Johanns6.jpg\" class=\"scale-with-grid wp-post-image\" alt=\"Restaurant JOHANNS\" srcset=\"https:\/\/urlaub-in-waldkirchen.de\/wp-content\/uploads\/2016\/04\/Johanns6.jpg 800w, https:\/\/urlaub-in-waldkirchen.de\/wp-content\/uploads\/2016\/04\/Johanns6-300x188.jpg 300w, https:\/\/urlaub-in-waldkirchen.de\/wp-content\/uploads\/2016\/04\/Johanns6-768x480.jpg 768w, https:\/\/urlaub-in-waldkirchen.de\/wp-content\/uploads\/2016\/04\/Johanns6-234x146.jpg 234w, https:\/\/urlaub-in-waldkirchen.de\/wp-content\/uploads\/2016\/04\/Johanns6-50x31.jpg 50w, https:\/\/urlaub-in-waldkirchen.de\/wp-content\/uploads\/2016\/04\/Johanns6-120x75.jpg 120w\" sizes=\"auto, (max-width:767px) 480px, (max-width:800px) 100vw, 800px\" \/><\/a><div class=\"image_links\"><a class=\"zoom \"  rel=\"prettyphoto\" href=\"https:\/\/urlaub-in-waldkirchen.de\/wp-content\/uploads\/2016\/04\/Johanns6.jpg\"><svg viewBox=\"0 0 26 26\"><defs><style>.path{fill:none;stroke:#333;stroke-miterlimit:10;stroke-width:1.5px;}<\/style><\/defs><circle cx=\"11.35\" cy=\"11.35\" r=\"6\" class=\"path\"><\/circle><line x1=\"15.59\" y1=\"15.59\" x2=\"20.65\" y2=\"20.65\" class=\"path\"><\/line><\/svg><\/a><a class=\"link \"  href=\"https:\/\/urlaub-in-waldkirchen.de\/cs\/gastro\/restaurace-johanns\/\"><svg viewBox=\"0 0 26 26\"><defs><style>.path{fill:none;stroke:#333;stroke-miterlimit:10;stroke-width:1.5px;}<\/style><\/defs><g><path d=\"M10.17,8.76l2.12-2.12a5,5,0,0,1,7.07,0h0a5,5,0,0,1,0,7.07l-2.12,2.12\" class=\"path\"><\/path><path d=\"M15.83,17.24l-2.12,2.12a5,5,0,0,1-7.07,0h0a5,5,0,0,1,0-7.07l2.12-2.12\" class=\"path\"><\/path><line x1=\"10.17\" y1=\"15.83\" x2=\"15.83\" y2=\"10.17\" class=\"path\"><\/line><\/g><\/svg><\/a><\/div><\/div><\/div><div class=\"desc\"><div class=\"title_wrapper\"><h5 class=\"entry-title \" itemprop=\"headline\"><a class=\"link\" href=\"https:\/\/urlaub-in-waldkirchen.de\/cs\/gastro\/restaurace-johanns\/\">Restaurace JOHANNS<\/a><\/h5><div class=\"button-love\"><\/div><\/div><div class=\"details-wrapper\"><dl><dt>Datum<\/dt><dd>5. 4. 2016<\/dd><\/dl><\/div><div class=\"desc-wrapper\">[vc_row][vc_column][vc_empty_space height=&#8220;20px&#8220;][vc_column_text] Restaurant\u00a0JOHANNS Gutes ganz oben &#8211; 2015 &amp; 2016 ausgezeichnet mit einem Michelin-Stern [\/vc_column_text][\/vc_column][\/vc_row][vc_row][vc_column][vc_column_text]\u201eGutes ganz oben\u201c lautet das Motto\u00a0im Restaurant Johanns. Genie\u00dfen Sie\u00a0in entspannter, stilvoller<span class=\"excerpt-hellip\"> [\u2026]<\/span><\/div><\/div><\/div><\/li><li class=\"portfolio-item isotope-item category-italska-kuchyne category-zmrzlinarna  has-thumbnail\"><div class=\"portfolio-item-fw-bg\" style=\"\"><div class=\"portfolio-item-fill\"><\/div><div class=\"image_frame scale-with-grid\"><div class=\"image_wrapper\"><a href=\"https:\/\/urlaub-in-waldkirchen.de\/cs\/gastro\/zmrzlinarna-tiziano\/\"><div class=\"mask\"><\/div><img loading=\"lazy\" decoding=\"async\" width=\"800\" height=\"500\" src=\"https:\/\/urlaub-in-waldkirchen.de\/wp-content\/uploads\/2016\/04\/tiziano4.jpg\" class=\"scale-with-grid wp-post-image\" alt=\"Ambiente\" srcset=\"https:\/\/urlaub-in-waldkirchen.de\/wp-content\/uploads\/2016\/04\/tiziano4.jpg 800w, https:\/\/urlaub-in-waldkirchen.de\/wp-content\/uploads\/2016\/04\/tiziano4-300x188.jpg 300w, https:\/\/urlaub-in-waldkirchen.de\/wp-content\/uploads\/2016\/04\/tiziano4-768x480.jpg 768w, https:\/\/urlaub-in-waldkirchen.de\/wp-content\/uploads\/2016\/04\/tiziano4-234x146.jpg 234w, https:\/\/urlaub-in-waldkirchen.de\/wp-content\/uploads\/2016\/04\/tiziano4-50x31.jpg 50w, https:\/\/urlaub-in-waldkirchen.de\/wp-content\/uploads\/2016\/04\/tiziano4-120x75.jpg 120w\" sizes=\"auto, (max-width:767px) 480px, (max-width:800px) 100vw, 800px\" \/><\/a><div class=\"image_links\"><a class=\"zoom \"  rel=\"prettyphoto\" href=\"https:\/\/urlaub-in-waldkirchen.de\/wp-content\/uploads\/2016\/04\/tiziano4.jpg\"><svg viewBox=\"0 0 26 26\"><defs><style>.path{fill:none;stroke:#333;stroke-miterlimit:10;stroke-width:1.5px;}<\/style><\/defs><circle cx=\"11.35\" cy=\"11.35\" r=\"6\" class=\"path\"><\/circle><line x1=\"15.59\" y1=\"15.59\" x2=\"20.65\" y2=\"20.65\" class=\"path\"><\/line><\/svg><\/a><a class=\"link \"  href=\"https:\/\/urlaub-in-waldkirchen.de\/cs\/gastro\/zmrzlinarna-tiziano\/\"><svg viewBox=\"0 0 26 26\"><defs><style>.path{fill:none;stroke:#333;stroke-miterlimit:10;stroke-width:1.5px;}<\/style><\/defs><g><path d=\"M10.17,8.76l2.12-2.12a5,5,0,0,1,7.07,0h0a5,5,0,0,1,0,7.07l-2.12,2.12\" class=\"path\"><\/path><path d=\"M15.83,17.24l-2.12,2.12a5,5,0,0,1-7.07,0h0a5,5,0,0,1,0-7.07l2.12-2.12\" class=\"path\"><\/path><line x1=\"10.17\" y1=\"15.83\" x2=\"15.83\" y2=\"10.17\" class=\"path\"><\/line><\/g><\/svg><\/a><\/div><\/div><\/div><div class=\"desc\"><div class=\"title_wrapper\"><h5 class=\"entry-title \" itemprop=\"headline\"><a class=\"link\" href=\"https:\/\/urlaub-in-waldkirchen.de\/cs\/gastro\/zmrzlinarna-tiziano\/\">Zmrzlin\u00e1rna Tiziano<\/a><\/h5><div class=\"button-love\"><\/div><\/div><div class=\"details-wrapper\"><dl><dt>Datum<\/dt><dd>5. 4. 2016<\/dd><\/dl><\/div><div class=\"desc-wrapper\">[vc_row][vc_column][vc_empty_space height=&#8220;20px&#8220;][vc_column_text] Eiscaf\u00e9 Tiziano [\/vc_column_text][\/vc_column][\/vc_row][vc_row][vc_column][vc_column_text] TIZIANO DAMIANO &#8211; DER EISMACHER Tiziano macht kein Eis. Er lebt es. Er liebt es. \u201eMein Opa in Italien hatte ein<span class=\"excerpt-hellip\"> [\u2026]<\/span><\/div><\/div><\/div><\/li><\/ul><\/div>\n<\/div>\n[\/vc_column][\/vc_row]<\/p>\n<\/div>","protected":false},"excerpt":{"rendered":"<p>[vc_row][vc_column][vc_empty_space height=&#8220;20px&#8220;][vc_column_text] Nejlep\u0161\u00ed hostitel\u00e9 Waldkirchenu Tak dob\u0159e u n\u00e1s chutn\u00e1 Po kulin\u00e1\u0159sk\u00e9 str\u00e1nce m\u00e1 Waldkirchen co nab\u00eddnout. Od mal\u00e9 pizzerie a\u017e po restauraci s\u00a0hv\u011bzdi\u010dkami si ka\u017ed\u00fd<span class=\"excerpt-hellip\"> [\u2026]<\/span><\/p>\n","protected":false},"author":2,"featured_media":0,"parent":0,"menu_order":0,"comment_status":"closed","ping_status":"open","template":"","meta":{"footnotes":""},"class_list":["post-1803","page","type-page","status-publish","hentry"],"yoast_head":"<!-- This site is optimized with the Yoast SEO plugin v27.3 - https:\/\/yoast.com\/product\/yoast-seo-wordpress\/ -->\n<title>Nejlep\u0161\u00ed hostitel\u00e9 Waldkirchenu<\/title>\n<meta name=\"description\" content=\"Po kulin\u00e1\u0159sk\u00e9 str\u00e1nce m\u00e1 Waldkirchen co nab\u00eddnout. Od mal\u00e9 pizzerie a\u017e po restauraci s hv\u011bzdi\u010dkami si ka\u017ed\u00fd gurm\u00e1n p\u0159ijde na sv\u00e9.\" \/>\n<meta name=\"robots\" content=\"index, follow, max-snippet:-1, max-image-preview:large, max-video-preview:-1\" \/>\n<link rel=\"canonical\" href=\"https:\/\/urlaub-in-waldkirchen.de\/cs\/gastronomickeho\/\" \/>\n<meta property=\"og:locale\" content=\"cs_CZ\" \/>\n<meta property=\"og:type\" content=\"article\" \/>\n<meta property=\"og:title\" content=\"Nejlep\u0161\u00ed hostitel\u00e9 Waldkirchenu\" \/>\n<meta property=\"og:description\" content=\"Po kulin\u00e1\u0159sk\u00e9 str\u00e1nce m\u00e1 Waldkirchen co nab\u00eddnout. Od mal\u00e9 pizzerie a\u017e po restauraci s hv\u011bzdi\u010dkami si ka\u017ed\u00fd gurm\u00e1n p\u0159ijde na sv\u00e9.\" \/>\n<meta property=\"og:url\" content=\"https:\/\/urlaub-in-waldkirchen.de\/cs\/gastronomickeho\/\" \/>\n<meta property=\"og:site_name\" content=\"urlaub-in-waldkirchen.de\" \/>\n<meta property=\"article:modified_time\" content=\"2018-01-26T07:57:04+00:00\" \/>\n<meta name=\"twitter:card\" content=\"summary_large_image\" \/>\n<meta name=\"twitter:label1\" content=\"Odhadovan\u00e1 doba \u010dten\u00ed\" \/>\n\t<meta name=\"twitter:data1\" content=\"1 minuta\" \/>\n<script type=\"application\/ld+json\" class=\"yoast-schema-graph\">{\"@context\":\"https:\\\/\\\/schema.org\",\"@graph\":[{\"@type\":\"WebPage\",\"@id\":\"https:\\\/\\\/urlaub-in-waldkirchen.de\\\/cs\\\/gastronomickeho\\\/\",\"url\":\"https:\\\/\\\/urlaub-in-waldkirchen.de\\\/cs\\\/gastronomickeho\\\/\",\"name\":\"Nejlep\u0161\u00ed hostitel\u00e9 Waldkirchenu\",\"isPartOf\":{\"@id\":\"https:\\\/\\\/urlaub-in-waldkirchen.de\\\/#website\"},\"datePublished\":\"2016-04-05T15:30:37+00:00\",\"dateModified\":\"2018-01-26T07:57:04+00:00\",\"description\":\"Po kulin\u00e1\u0159sk\u00e9 str\u00e1nce m\u00e1 Waldkirchen co nab\u00eddnout. Od mal\u00e9 pizzerie a\u017e po restauraci s hv\u011bzdi\u010dkami si ka\u017ed\u00fd gurm\u00e1n p\u0159ijde na sv\u00e9.\",\"breadcrumb\":{\"@id\":\"https:\\\/\\\/urlaub-in-waldkirchen.de\\\/cs\\\/gastronomickeho\\\/#breadcrumb\"},\"inLanguage\":\"cs\",\"potentialAction\":[{\"@type\":\"ReadAction\",\"target\":[\"https:\\\/\\\/urlaub-in-waldkirchen.de\\\/cs\\\/gastronomickeho\\\/\"]}]},{\"@type\":\"BreadcrumbList\",\"@id\":\"https:\\\/\\\/urlaub-in-waldkirchen.de\\\/cs\\\/gastronomickeho\\\/#breadcrumb\",\"itemListElement\":[{\"@type\":\"ListItem\",\"position\":1,\"name\":\"Startseite\",\"item\":\"https:\\\/\\\/urlaub-in-waldkirchen.de\\\/cs\\\/\"},{\"@type\":\"ListItem\",\"position\":2,\"name\":\"Gastronomick\u00e9ho\"}]},{\"@type\":\"WebSite\",\"@id\":\"https:\\\/\\\/urlaub-in-waldkirchen.de\\\/#website\",\"url\":\"https:\\\/\\\/urlaub-in-waldkirchen.de\\\/\",\"name\":\"urlaub-in-waldkirchen.de\",\"description\":\"\",\"potentialAction\":[{\"@type\":\"SearchAction\",\"target\":{\"@type\":\"EntryPoint\",\"urlTemplate\":\"https:\\\/\\\/urlaub-in-waldkirchen.de\\\/?s={search_term_string}\"},\"query-input\":{\"@type\":\"PropertyValueSpecification\",\"valueRequired\":true,\"valueName\":\"search_term_string\"}}],\"inLanguage\":\"cs\"}]}<\/script>\n<!-- \/ Yoast SEO plugin. -->","yoast_head_json":{"title":"Nejlep\u0161\u00ed hostitel\u00e9 Waldkirchenu","description":"Po kulin\u00e1\u0159sk\u00e9 str\u00e1nce m\u00e1 Waldkirchen co nab\u00eddnout. Od mal\u00e9 pizzerie a\u017e po restauraci s hv\u011bzdi\u010dkami si ka\u017ed\u00fd gurm\u00e1n p\u0159ijde na sv\u00e9.","robots":{"index":"index","follow":"follow","max-snippet":"max-snippet:-1","max-image-preview":"max-image-preview:large","max-video-preview":"max-video-preview:-1"},"canonical":"https:\/\/urlaub-in-waldkirchen.de\/cs\/gastronomickeho\/","og_locale":"cs_CZ","og_type":"article","og_title":"Nejlep\u0161\u00ed hostitel\u00e9 Waldkirchenu","og_description":"Po kulin\u00e1\u0159sk\u00e9 str\u00e1nce m\u00e1 Waldkirchen co nab\u00eddnout. Od mal\u00e9 pizzerie a\u017e po restauraci s hv\u011bzdi\u010dkami si ka\u017ed\u00fd gurm\u00e1n p\u0159ijde na sv\u00e9.","og_url":"https:\/\/urlaub-in-waldkirchen.de\/cs\/gastronomickeho\/","og_site_name":"urlaub-in-waldkirchen.de","article_modified_time":"2018-01-26T07:57:04+00:00","twitter_card":"summary_large_image","twitter_misc":{"Odhadovan\u00e1 doba \u010dten\u00ed":"1 minuta"},"schema":{"@context":"https:\/\/schema.org","@graph":[{"@type":"WebPage","@id":"https:\/\/urlaub-in-waldkirchen.de\/cs\/gastronomickeho\/","url":"https:\/\/urlaub-in-waldkirchen.de\/cs\/gastronomickeho\/","name":"Nejlep\u0161\u00ed hostitel\u00e9 Waldkirchenu","isPartOf":{"@id":"https:\/\/urlaub-in-waldkirchen.de\/#website"},"datePublished":"2016-04-05T15:30:37+00:00","dateModified":"2018-01-26T07:57:04+00:00","description":"Po kulin\u00e1\u0159sk\u00e9 str\u00e1nce m\u00e1 Waldkirchen co nab\u00eddnout. Od mal\u00e9 pizzerie a\u017e po restauraci s hv\u011bzdi\u010dkami si ka\u017ed\u00fd gurm\u00e1n p\u0159ijde na sv\u00e9.","breadcrumb":{"@id":"https:\/\/urlaub-in-waldkirchen.de\/cs\/gastronomickeho\/#breadcrumb"},"inLanguage":"cs","potentialAction":[{"@type":"ReadAction","target":["https:\/\/urlaub-in-waldkirchen.de\/cs\/gastronomickeho\/"]}]},{"@type":"BreadcrumbList","@id":"https:\/\/urlaub-in-waldkirchen.de\/cs\/gastronomickeho\/#breadcrumb","itemListElement":[{"@type":"ListItem","position":1,"name":"Startseite","item":"https:\/\/urlaub-in-waldkirchen.de\/cs\/"},{"@type":"ListItem","position":2,"name":"Gastronomick\u00e9ho"}]},{"@type":"WebSite","@id":"https:\/\/urlaub-in-waldkirchen.de\/#website","url":"https:\/\/urlaub-in-waldkirchen.de\/","name":"urlaub-in-waldkirchen.de","description":"","potentialAction":[{"@type":"SearchAction","target":{"@type":"EntryPoint","urlTemplate":"https:\/\/urlaub-in-waldkirchen.de\/?s={search_term_string}"},"query-input":{"@type":"PropertyValueSpecification","valueRequired":true,"valueName":"search_term_string"}}],"inLanguage":"cs"}]}},"_links":{"self":[{"href":"https:\/\/urlaub-in-waldkirchen.de\/cs\/wp-json\/wp\/v2\/pages\/1803","targetHints":{"allow":["GET"]}}],"collection":[{"href":"https:\/\/urlaub-in-waldkirchen.de\/cs\/wp-json\/wp\/v2\/pages"}],"about":[{"href":"https:\/\/urlaub-in-waldkirchen.de\/cs\/wp-json\/wp\/v2\/types\/page"}],"author":[{"embeddable":true,"href":"https:\/\/urlaub-in-waldkirchen.de\/cs\/wp-json\/wp\/v2\/users\/2"}],"replies":[{"embeddable":true,"href":"https:\/\/urlaub-in-waldkirchen.de\/cs\/wp-json\/wp\/v2\/comments?post=1803"}],"version-history":[{"count":2,"href":"https:\/\/urlaub-in-waldkirchen.de\/cs\/wp-json\/wp\/v2\/pages\/1803\/revisions"}],"predecessor-version":[{"id":4605,"href":"https:\/\/urlaub-in-waldkirchen.de\/cs\/wp-json\/wp\/v2\/pages\/1803\/revisions\/4605"}],"wp:attachment":[{"href":"https:\/\/urlaub-in-waldkirchen.de\/cs\/wp-json\/wp\/v2\/media?parent=1803"}],"curies":[{"name":"wp","href":"https:\/\/api.w.org\/{rel}","templated":true}]}}