{"id":2805,"date":"2016-05-10T10:35:33","date_gmt":"2016-05-10T08:35:33","guid":{"rendered":"https:\/\/urlaub-in-waldkirchen.de\/cs\/volny-cas\/dreilaendereck-dreisessel\/"},"modified":"2023-08-14T16:46:25","modified_gmt":"2023-08-14T14:46:25","slug":"trojmezi-tristolicnik","status":"publish","type":"page","link":"https:\/\/urlaub-in-waldkirchen.de\/cs\/volny-cas\/trojmezi-tristolicnik\/","title":{"rendered":"Trojmez\u00ed &#8211; T\u0159\u00edstoli\u010dn\u00edk"},"content":{"rendered":"<div class=\"wpb-content-wrapper\"><p>[vc_row][vc_column][vc_empty_space height=&#8220;20px&#8220;][vc_column_text]<\/p>\n<h1>Dreil\u00e4ndereck &#8211; Dreisessel<\/h1>\n<p>[\/vc_column_text][\/vc_column][\/vc_row][vc_row][vc_column][vc_column_text]Wie w\u00e4re es mit einer Wanderung zum <a href=\"http:\/\/www.dreisessel.com\/\" target=\"_blank\" rel=\"noopener noreferrer\">Dreil\u00e4ndereck<\/a>, wo Bayern &#8211; B\u00f6hmen &#8211; \u00d6sterreich zusammentreffen oder einem Besuch unseres zweiten Hausberges, dem <a href=\"http:\/\/www.dreisessel.com\/\" target=\"_blank\" rel=\"noopener noreferrer\">Dreisessel<\/a>?<\/p>\n<p>Der <strong>Dreisessel<\/strong> erhebt sich s\u00fcd\u00f6stlich der Gemeinde Haidm\u00fchle und nord\u00f6stlich der Gemeinde Neureichenau und\u00a0geh\u00f6rt zu den markantesten Bergen des Bayerischen Waldes bzw. des\u00a0B\u00f6hmerwaldes. An seinem nord\u00f6stlichen Fu\u00dfe beginnt an der Sv\u011btl\u00e1 der Schwarzenbergsche Schwemmkanal.\u00a0Die Grenze zu Tschechien verl\u00e4uft rund 370 m s\u00fcd\u00f6stlich am Gipfel des Dreisesselbergs vorbei. Das nahe dem Berg Pl\u00f6ckenstein gelegene <strong>Dreil\u00e4ndereck Deutschland\u2212\u00d6sterreich\u2212Tschechien<\/strong> befindet sich rund 3 km s\u00fcd\u00f6stlich des Dreisesselbergs (Entfernungen jeweils Luftlinie).<\/p>\n<p>Der Berggasthof Dreisessel l\u00e4dt Besucher und Wanderer zu Pausen ein und bietet neben einer gutb\u00fcrgerlichen K\u00fcche auch eine gro\u00dfe Auswahl an Kaffee-, Kuchen- und Eisspezialit\u00e4ten.<\/p>\n<p>Lassen Sie doch einfach Mal das Auto stehen und nutzen die \u00f6ffentlichen Verkehrsmittel! In Waldkirchen steigen sie am Busbahnhof ZOB entweder in die Linie 501 Richtung Haidm\u00fchle oder in die Linie 606. Die Linie 606 ist unser Wander- und Radlbus und erm\u00f6glicht auch Fahrradmitnahme auf der Strecke Waldkirchen &#8211; Jandelsbrunn &#8211; Neureichenau &#8211; Altreichenau &#8211; Dreisessel &#8211; Haidm\u00fchle &#8211; Phillipsreut und zur\u00fcck.<\/p>\n<p>F\u00fcr alle Buslinien sowie Rufbus-Buchungen einfach hier reinschaun: <a href=\"http:\/\/www.frgmobil.de\">www.frgmobil.de<\/a><\/p>\n<p>Weitere Infos unter\u00a0<a href=\"http:\/\/www.dreisessel.com\/\" target=\"_blank\" rel=\"noopener noreferrer\">www.dreisessel.com<\/a><\/p>\n<p>&nbsp;<\/p>\n<p><a href=\"https:\/\/urlaub-in-waldkirchen.de\/wp-content\/uploads\/2023\/08\/Dreisesselbus-und-CO-scaled.jpg\"><img loading=\"lazy\" decoding=\"async\" class=\"alignnone size-medium wp-image-6752\" src=\"https:\/\/urlaub-in-waldkirchen.de\/wp-content\/uploads\/2023\/08\/Dreisesselbus-und-CO-300x212.jpg\" alt=\"\" width=\"300\" height=\"212\" srcset=\"https:\/\/urlaub-in-waldkirchen.de\/wp-content\/uploads\/2023\/08\/Dreisesselbus-und-CO-300x212.jpg 300w, https:\/\/urlaub-in-waldkirchen.de\/wp-content\/uploads\/2023\/08\/Dreisesselbus-und-CO-1024x724.jpg 1024w, https:\/\/urlaub-in-waldkirchen.de\/wp-content\/uploads\/2023\/08\/Dreisesselbus-und-CO-768x543.jpg 768w, https:\/\/urlaub-in-waldkirchen.de\/wp-content\/uploads\/2023\/08\/Dreisesselbus-und-CO-1536x1086.jpg 1536w, https:\/\/urlaub-in-waldkirchen.de\/wp-content\/uploads\/2023\/08\/Dreisesselbus-und-CO-2048x1448.jpg 2048w, https:\/\/urlaub-in-waldkirchen.de\/wp-content\/uploads\/2023\/08\/Dreisesselbus-und-CO-106x75.jpg 106w, https:\/\/urlaub-in-waldkirchen.de\/wp-content\/uploads\/2023\/08\/Dreisesselbus-und-CO-480x339.jpg 480w\" sizes=\"auto, (max-width:767px) 300px, 300px\" \/><\/a>[\/vc_column_text][\/vc_column][\/vc_row][vc_row][vc_column][vc_masonry_media_grid element_width=&#8220;3&#8243; grid_id=&#8220;vc_gid:1692022978066-0e34f6c6-dd04-3&#8243; include=&#8220;1934,1933,1932,1930&#8243;][\/vc_column][\/vc_row][vc_row][vc_column][vc_separator color=&#8220;custom&#8220; accent_color=&#8220;#95c11f&#8220;][vc_btn title=&#8220;zur\u00fcck zur \u00dcbersicht&#8220; shape=&#8220;square&#8220; color=&#8220;green&#8220; size=&#8220;sm&#8220; align=&#8220;right&#8220; link=&#8220;url:http%3A%2F%2Furlaub-in-waldkirchen.de%2Ffreizeit-uebersicht%2F|&#8220;][\/vc_column][\/vc_row]<\/p>\n<\/div>","protected":false},"excerpt":{"rendered":"<p>[vc_row][vc_column][vc_empty_space height=&#8220;20px&#8220;][vc_column_text] Dreil\u00e4ndereck &#8211; Dreisessel [\/vc_column_text][\/vc_column][\/vc_row][vc_row][vc_column][vc_column_text]Wie w\u00e4re es mit einer Wanderung zum Dreil\u00e4ndereck, wo Bayern &#8211; B\u00f6hmen &#8211; \u00d6sterreich zusammentreffen oder einem Besuch unseres zweiten Hausberges,<span class=\"excerpt-hellip\"> [\u2026]<\/span><\/p>\n","protected":false},"author":2,"featured_media":0,"parent":2703,"menu_order":0,"comment_status":"closed","ping_status":"closed","template":"","meta":{"footnotes":""},"class_list":["post-2805","page","type-page","status-publish","hentry"],"yoast_head":"<!-- This site is optimized with the Yoast SEO plugin v27.3 - https:\/\/yoast.com\/product\/yoast-seo-wordpress\/ -->\n<title>Trojmez\u00ed - T\u0159\u00edstoli\u010dn\u00edk - urlaub-in-waldkirchen.de<\/title>\n<meta name=\"description\" content=\"Co byste \u0159ekli na p\u011b\u0161\u00ed v\u00fdlet na Trojmez\u00ed, kde se setk\u00e1vaj\u00ed hranice Bavorska \u2013 \u010ceska \u2013 Rakouska, nebo na n\u00e1v\u0161t\u011bvu hory T\u0159\u00edstoli\u010dn\u00edk?\" \/>\n<meta name=\"robots\" content=\"index, follow, max-snippet:-1, max-image-preview:large, max-video-preview:-1\" \/>\n<link rel=\"canonical\" href=\"https:\/\/urlaub-in-waldkirchen.de\/cs\/volny-cas\/trojmezi-tristolicnik\/\" \/>\n<meta property=\"og:locale\" content=\"cs_CZ\" \/>\n<meta property=\"og:type\" content=\"article\" \/>\n<meta property=\"og:title\" content=\"Trojmez\u00ed - T\u0159\u00edstoli\u010dn\u00edk - urlaub-in-waldkirchen.de\" \/>\n<meta property=\"og:description\" content=\"Co byste \u0159ekli na p\u011b\u0161\u00ed v\u00fdlet na Trojmez\u00ed, kde se setk\u00e1vaj\u00ed hranice Bavorska \u2013 \u010ceska \u2013 Rakouska, nebo na n\u00e1v\u0161t\u011bvu hory T\u0159\u00edstoli\u010dn\u00edk?\" \/>\n<meta property=\"og:url\" content=\"https:\/\/urlaub-in-waldkirchen.de\/cs\/volny-cas\/trojmezi-tristolicnik\/\" \/>\n<meta property=\"og:site_name\" content=\"urlaub-in-waldkirchen.de\" \/>\n<meta property=\"article:modified_time\" content=\"2023-08-14T14:46:25+00:00\" \/>\n<meta property=\"og:image\" content=\"https:\/\/urlaub-in-waldkirchen.de\/wp-content\/uploads\/2023\/08\/Dreisesselbus-und-CO-300x212.jpg\" \/>\n<meta name=\"twitter:card\" content=\"summary_large_image\" \/>\n<meta name=\"twitter:label1\" content=\"Odhadovan\u00e1 doba \u010dten\u00ed\" \/>\n\t<meta name=\"twitter:data1\" content=\"2 minuty\" \/>\n<script type=\"application\/ld+json\" class=\"yoast-schema-graph\">{\"@context\":\"https:\\\/\\\/schema.org\",\"@graph\":[{\"@type\":\"WebPage\",\"@id\":\"https:\\\/\\\/urlaub-in-waldkirchen.de\\\/cs\\\/volny-cas\\\/trojmezi-tristolicnik\\\/\",\"url\":\"https:\\\/\\\/urlaub-in-waldkirchen.de\\\/cs\\\/volny-cas\\\/trojmezi-tristolicnik\\\/\",\"name\":\"Trojmez\u00ed - T\u0159\u00edstoli\u010dn\u00edk - urlaub-in-waldkirchen.de\",\"isPartOf\":{\"@id\":\"https:\\\/\\\/urlaub-in-waldkirchen.de\\\/#website\"},\"primaryImageOfPage\":{\"@id\":\"https:\\\/\\\/urlaub-in-waldkirchen.de\\\/cs\\\/volny-cas\\\/trojmezi-tristolicnik\\\/#primaryimage\"},\"image\":{\"@id\":\"https:\\\/\\\/urlaub-in-waldkirchen.de\\\/cs\\\/volny-cas\\\/trojmezi-tristolicnik\\\/#primaryimage\"},\"thumbnailUrl\":\"https:\\\/\\\/urlaub-in-waldkirchen.de\\\/wp-content\\\/uploads\\\/2023\\\/08\\\/Dreisesselbus-und-CO-300x212.jpg\",\"datePublished\":\"2016-05-10T08:35:33+00:00\",\"dateModified\":\"2023-08-14T14:46:25+00:00\",\"description\":\"Co byste \u0159ekli na p\u011b\u0161\u00ed v\u00fdlet na Trojmez\u00ed, kde se setk\u00e1vaj\u00ed hranice Bavorska \u2013 \u010ceska \u2013 Rakouska, nebo na n\u00e1v\u0161t\u011bvu hory T\u0159\u00edstoli\u010dn\u00edk?\",\"breadcrumb\":{\"@id\":\"https:\\\/\\\/urlaub-in-waldkirchen.de\\\/cs\\\/volny-cas\\\/trojmezi-tristolicnik\\\/#breadcrumb\"},\"inLanguage\":\"cs\",\"potentialAction\":[{\"@type\":\"ReadAction\",\"target\":[\"https:\\\/\\\/urlaub-in-waldkirchen.de\\\/cs\\\/volny-cas\\\/trojmezi-tristolicnik\\\/\"]}]},{\"@type\":\"ImageObject\",\"inLanguage\":\"cs\",\"@id\":\"https:\\\/\\\/urlaub-in-waldkirchen.de\\\/cs\\\/volny-cas\\\/trojmezi-tristolicnik\\\/#primaryimage\",\"url\":\"https:\\\/\\\/urlaub-in-waldkirchen.de\\\/wp-content\\\/uploads\\\/2023\\\/08\\\/Dreisesselbus-und-CO-300x212.jpg\",\"contentUrl\":\"https:\\\/\\\/urlaub-in-waldkirchen.de\\\/wp-content\\\/uploads\\\/2023\\\/08\\\/Dreisesselbus-und-CO-300x212.jpg\"},{\"@type\":\"BreadcrumbList\",\"@id\":\"https:\\\/\\\/urlaub-in-waldkirchen.de\\\/cs\\\/volny-cas\\\/trojmezi-tristolicnik\\\/#breadcrumb\",\"itemListElement\":[{\"@type\":\"ListItem\",\"position\":1,\"name\":\"Startseite\",\"item\":\"https:\\\/\\\/urlaub-in-waldkirchen.de\\\/cs\\\/\"},{\"@type\":\"ListItem\",\"position\":2,\"name\":\"Voln\u00fd \u010das\",\"item\":\"https:\\\/\\\/urlaub-in-waldkirchen.de\\\/cs\\\/volny-cas\\\/\"},{\"@type\":\"ListItem\",\"position\":3,\"name\":\"Trojmez\u00ed &#8211; T\u0159\u00edstoli\u010dn\u00edk\"}]},{\"@type\":\"WebSite\",\"@id\":\"https:\\\/\\\/urlaub-in-waldkirchen.de\\\/#website\",\"url\":\"https:\\\/\\\/urlaub-in-waldkirchen.de\\\/\",\"name\":\"urlaub-in-waldkirchen.de\",\"description\":\"\",\"potentialAction\":[{\"@type\":\"SearchAction\",\"target\":{\"@type\":\"EntryPoint\",\"urlTemplate\":\"https:\\\/\\\/urlaub-in-waldkirchen.de\\\/?s={search_term_string}\"},\"query-input\":{\"@type\":\"PropertyValueSpecification\",\"valueRequired\":true,\"valueName\":\"search_term_string\"}}],\"inLanguage\":\"cs\"}]}<\/script>\n<!-- \/ Yoast SEO plugin. -->","yoast_head_json":{"title":"Trojmez\u00ed - T\u0159\u00edstoli\u010dn\u00edk - urlaub-in-waldkirchen.de","description":"Co byste \u0159ekli na p\u011b\u0161\u00ed v\u00fdlet na Trojmez\u00ed, kde se setk\u00e1vaj\u00ed hranice Bavorska \u2013 \u010ceska \u2013 Rakouska, nebo na n\u00e1v\u0161t\u011bvu hory T\u0159\u00edstoli\u010dn\u00edk?","robots":{"index":"index","follow":"follow","max-snippet":"max-snippet:-1","max-image-preview":"max-image-preview:large","max-video-preview":"max-video-preview:-1"},"canonical":"https:\/\/urlaub-in-waldkirchen.de\/cs\/volny-cas\/trojmezi-tristolicnik\/","og_locale":"cs_CZ","og_type":"article","og_title":"Trojmez\u00ed - T\u0159\u00edstoli\u010dn\u00edk - urlaub-in-waldkirchen.de","og_description":"Co byste \u0159ekli na p\u011b\u0161\u00ed v\u00fdlet na Trojmez\u00ed, kde se setk\u00e1vaj\u00ed hranice Bavorska \u2013 \u010ceska \u2013 Rakouska, nebo na n\u00e1v\u0161t\u011bvu hory T\u0159\u00edstoli\u010dn\u00edk?","og_url":"https:\/\/urlaub-in-waldkirchen.de\/cs\/volny-cas\/trojmezi-tristolicnik\/","og_site_name":"urlaub-in-waldkirchen.de","article_modified_time":"2023-08-14T14:46:25+00:00","og_image":[{"url":"https:\/\/urlaub-in-waldkirchen.de\/wp-content\/uploads\/2023\/08\/Dreisesselbus-und-CO-300x212.jpg","type":"","width":"","height":""}],"twitter_card":"summary_large_image","twitter_misc":{"Odhadovan\u00e1 doba \u010dten\u00ed":"2 minuty"},"schema":{"@context":"https:\/\/schema.org","@graph":[{"@type":"WebPage","@id":"https:\/\/urlaub-in-waldkirchen.de\/cs\/volny-cas\/trojmezi-tristolicnik\/","url":"https:\/\/urlaub-in-waldkirchen.de\/cs\/volny-cas\/trojmezi-tristolicnik\/","name":"Trojmez\u00ed - T\u0159\u00edstoli\u010dn\u00edk - urlaub-in-waldkirchen.de","isPartOf":{"@id":"https:\/\/urlaub-in-waldkirchen.de\/#website"},"primaryImageOfPage":{"@id":"https:\/\/urlaub-in-waldkirchen.de\/cs\/volny-cas\/trojmezi-tristolicnik\/#primaryimage"},"image":{"@id":"https:\/\/urlaub-in-waldkirchen.de\/cs\/volny-cas\/trojmezi-tristolicnik\/#primaryimage"},"thumbnailUrl":"https:\/\/urlaub-in-waldkirchen.de\/wp-content\/uploads\/2023\/08\/Dreisesselbus-und-CO-300x212.jpg","datePublished":"2016-05-10T08:35:33+00:00","dateModified":"2023-08-14T14:46:25+00:00","description":"Co byste \u0159ekli na p\u011b\u0161\u00ed v\u00fdlet na Trojmez\u00ed, kde se setk\u00e1vaj\u00ed hranice Bavorska \u2013 \u010ceska \u2013 Rakouska, nebo na n\u00e1v\u0161t\u011bvu hory T\u0159\u00edstoli\u010dn\u00edk?","breadcrumb":{"@id":"https:\/\/urlaub-in-waldkirchen.de\/cs\/volny-cas\/trojmezi-tristolicnik\/#breadcrumb"},"inLanguage":"cs","potentialAction":[{"@type":"ReadAction","target":["https:\/\/urlaub-in-waldkirchen.de\/cs\/volny-cas\/trojmezi-tristolicnik\/"]}]},{"@type":"ImageObject","inLanguage":"cs","@id":"https:\/\/urlaub-in-waldkirchen.de\/cs\/volny-cas\/trojmezi-tristolicnik\/#primaryimage","url":"https:\/\/urlaub-in-waldkirchen.de\/wp-content\/uploads\/2023\/08\/Dreisesselbus-und-CO-300x212.jpg","contentUrl":"https:\/\/urlaub-in-waldkirchen.de\/wp-content\/uploads\/2023\/08\/Dreisesselbus-und-CO-300x212.jpg"},{"@type":"BreadcrumbList","@id":"https:\/\/urlaub-in-waldkirchen.de\/cs\/volny-cas\/trojmezi-tristolicnik\/#breadcrumb","itemListElement":[{"@type":"ListItem","position":1,"name":"Startseite","item":"https:\/\/urlaub-in-waldkirchen.de\/cs\/"},{"@type":"ListItem","position":2,"name":"Voln\u00fd \u010das","item":"https:\/\/urlaub-in-waldkirchen.de\/cs\/volny-cas\/"},{"@type":"ListItem","position":3,"name":"Trojmez\u00ed &#8211; T\u0159\u00edstoli\u010dn\u00edk"}]},{"@type":"WebSite","@id":"https:\/\/urlaub-in-waldkirchen.de\/#website","url":"https:\/\/urlaub-in-waldkirchen.de\/","name":"urlaub-in-waldkirchen.de","description":"","potentialAction":[{"@type":"SearchAction","target":{"@type":"EntryPoint","urlTemplate":"https:\/\/urlaub-in-waldkirchen.de\/?s={search_term_string}"},"query-input":{"@type":"PropertyValueSpecification","valueRequired":true,"valueName":"search_term_string"}}],"inLanguage":"cs"}]}},"_links":{"self":[{"href":"https:\/\/urlaub-in-waldkirchen.de\/cs\/wp-json\/wp\/v2\/pages\/2805","targetHints":{"allow":["GET"]}}],"collection":[{"href":"https:\/\/urlaub-in-waldkirchen.de\/cs\/wp-json\/wp\/v2\/pages"}],"about":[{"href":"https:\/\/urlaub-in-waldkirchen.de\/cs\/wp-json\/wp\/v2\/types\/page"}],"author":[{"embeddable":true,"href":"https:\/\/urlaub-in-waldkirchen.de\/cs\/wp-json\/wp\/v2\/users\/2"}],"replies":[{"embeddable":true,"href":"https:\/\/urlaub-in-waldkirchen.de\/cs\/wp-json\/wp\/v2\/comments?post=2805"}],"version-history":[{"count":1,"href":"https:\/\/urlaub-in-waldkirchen.de\/cs\/wp-json\/wp\/v2\/pages\/2805\/revisions"}],"predecessor-version":[{"id":6755,"href":"https:\/\/urlaub-in-waldkirchen.de\/cs\/wp-json\/wp\/v2\/pages\/2805\/revisions\/6755"}],"up":[{"embeddable":true,"href":"https:\/\/urlaub-in-waldkirchen.de\/cs\/wp-json\/wp\/v2\/pages\/2703"}],"wp:attachment":[{"href":"https:\/\/urlaub-in-waldkirchen.de\/cs\/wp-json\/wp\/v2\/media?parent=2805"}],"curies":[{"name":"wp","href":"https:\/\/api.w.org\/{rel}","templated":true}]}}