{"id":2898,"date":"2016-04-26T16:05:40","date_gmt":"2016-04-26T14:05:40","guid":{"rendered":"https:\/\/urlaub-in-waldkirchen.de\/cs\/volny-cas\/der-stadtpark\/"},"modified":"2017-05-02T16:59:13","modified_gmt":"2017-05-02T14:59:13","slug":"mestsky-park","status":"publish","type":"page","link":"https:\/\/urlaub-in-waldkirchen.de\/cs\/volny-cas\/mestsky-park\/","title":{"rendered":"M\u011bstsk\u00fd park"},"content":{"rendered":"<div class=\"wpb-content-wrapper\"><p>[vc_row][vc_column][vc_empty_space height=&#8220;20px&#8220;][vc_column_text]<\/p>\n<h1>M\u011bstsk\u00fd park \u2013 v srdci Waldkirchenu<\/h1>\n<p>[\/vc_column_text][\/vc_column][\/vc_row][vc_row][vc_column][vc_column_text]V\u00fdchodn\u011b od centra m\u011bsta pod gymn\u00e1ziem a z\u00e1kladn\u00ed \u0161kolou, jen p\u00e1r minut p\u011b\u0161ky od n\u00e1m\u011bst\u00ed, se rozkl\u00e1d\u00e1 n\u00e1dhern\u011b upraven\u00fd m\u011bstsk\u00fd park, zelen\u00e9 pl\u00edce m\u011bsta Waldkirchen. Tento park byl obnoven v\u00a0r\u00e1mci Zahradnick\u00e9 v\u00fdstavy 2007.<\/p>\n<p>Po <strong>Vodn\u00edch schodech<\/strong> dojdete do centra parku, k\u00a0mal\u00e9mu rybn\u00ed\u010dku se zvukov\u00fdmi ostr\u016fvky. Po <strong>d\u0159ev\u011bn\u00e9 l\u00e1vce<\/strong> m\u016f\u017eete rybn\u00ed\u010dek obej\u00edt. Nad n\u00edm naleznete slune\u010dn\u00e9 m\u00edsto, u kter\u00e9ho p\u0159ist\u00e1v\u00e1 <strong>\u017dulov\u00e1 lo\u010f <\/strong>z\u00a0Ischie, p\u0159ipom\u00ednaj\u00edc\u00ed partnerstv\u00ed m\u011bsta Waldkirchen s\u00a0italsk\u00fdm m\u011bstem Serrara\u00a0Fontana.<\/p>\n<p>Ob\u0159\u00ed <strong>sklen\u011bn\u00e9 kv\u011btiny<\/strong> v\u00e1m uk\u00e1\u017e\u00ed cestu ke kouzeln\u00e9mu koberci bioniky, ze zak\u0159iven\u00e9 d\u0159ev\u011bn\u00e9 plo\u0161iny zakryt\u00e9 \u201ek\u0159\u00eddly\u201c se nab\u00edz\u00ed pohled na sv\u00e9r\u00e1znou p\u0159\u00edrodn\u00ed oblast \u201eGsteinet\u201c. Okolo <strong>vodn\u00edho h\u0159i\u0161t\u011b\u00a0\u201eZlat\u00fd b\u0159eh\u201c<\/strong>\u00a0dojdete k\u00a0<strong>M\u00f3dn\u00edm zahrad\u00e1m<\/strong>, kter\u00e9 vn\u00e1\u0161ej\u00ed do Waldkirchenu atmosf\u00e9ru velkom\u011bsta. <strong>H\u0159i\u0161t\u011b \u201eBeze dna\u201c<\/strong>\u00a0nadchne p\u0159edev\u0161\u00edm va\u0161e d\u011bti, zat\u00edmco <strong>Obla\u010dn\u00e1 l\u00e1vka<\/strong>\u00a0s\u00a0nejdel\u0161\u00ed lavi\u010dkou v Bavorsku l\u00e1k\u00e1 kolemjdouc\u00ed k\u00a0odpo\u010dinku. M\u016f\u017eete si odtud vychutnat v\u00fdhledy na <strong>zahrady os\u00e1zen\u00e9 ke\u0159i a letni\u010dkami<\/strong>\u00a0i na \u0159et\u011bz vrcholk\u016f Bavorsk\u00e9ho lesa.<\/p>\n<p>M\u011bstsk\u00fd park je tak\u00e9 v\u00fdchoz\u00edm bodem pro ca.\u00a0<a href=\"https:\/\/urlaub-in-waldkirchen.de\/wp-content\/uploads\/2016\/05\/saussbach_gs-1.pdf\" target=\"_blank\" rel=\"noopener noreferrer\">4 km dlouh\u00fd okruh Waldkirchen<\/a><u>em<\/u>, kter\u00fd v\u00e1s zavede na v\u0161echna zaj\u00edmav\u00e1 m\u00edsta prob\u011bhl\u00e9 zahradnick\u00e9 v\u00fdstavy.[\/vc_column_text][vc_masonry_media_grid element_width=&#8220;3&#8243; grid_id=&#8220;vc_gid:1493737176080-6b174fec-6577-1&#8243; include=&#8220;1392,1391,1390,1389&#8243;][\/vc_column][\/vc_row][vc_row][vc_column][vc_separator color=&#8220;custom&#8220; accent_color=&#8220;#95c11f&#8220;][vc_btn title=&#8220;zp\u011bt na p\u0159ehled&#8220; shape=&#8220;square&#8220; color=&#8220;green&#8220; size=&#8220;sm&#8220; align=&#8220;right&#8220; link=&#8220;url:http%3A%2F%2Furlaub-in-waldkirchen.de%2Fcs%2Fvolny-cas%2F|||&#8220;][\/vc_column][\/vc_row]<\/p>\n<\/div>","protected":false},"excerpt":{"rendered":"<p>[vc_row][vc_column][vc_empty_space height=&#8220;20px&#8220;][vc_column_text] M\u011bstsk\u00fd park \u2013 v srdci Waldkirchenu [\/vc_column_text][\/vc_column][\/vc_row][vc_row][vc_column][vc_column_text]V\u00fdchodn\u011b od centra m\u011bsta pod gymn\u00e1ziem a z\u00e1kladn\u00ed \u0161kolou, jen p\u00e1r minut p\u011b\u0161ky od n\u00e1m\u011bst\u00ed, se rozkl\u00e1d\u00e1 n\u00e1dhern\u011b<span class=\"excerpt-hellip\"> [\u2026]<\/span><\/p>\n","protected":false},"author":2,"featured_media":0,"parent":2703,"menu_order":0,"comment_status":"closed","ping_status":"closed","template":"","meta":{"footnotes":""},"class_list":["post-2898","page","type-page","status-publish","hentry"],"yoast_head":"<!-- This site is optimized with the Yoast SEO plugin v27.3 - https:\/\/yoast.com\/product\/yoast-seo-wordpress\/ -->\n<title>M\u011bstsk\u00fd park - urlaub-in-waldkirchen.de<\/title>\n<meta name=\"description\" content=\"V\u00fdchodn\u011b od centra m\u011bsta pod gymn\u00e1ziem a z\u00e1kladn\u00ed \u0161kolou, jen p\u00e1r minut p\u011b\u0161ky od n\u00e1m\u011bst\u00ed, se rozkl\u00e1d\u00e1 n\u00e1dhern\u011b upraven\u00fd m\u011bstsk\u00fd park, zelen\u00e9 pl\u00edce m\u011bsta Waldkirchen. Tento park byl obnoven v r\u00e1mci Zahradnick\u00e9 v\u00fdstavy 2007.\" \/>\n<meta name=\"robots\" content=\"index, follow, max-snippet:-1, max-image-preview:large, max-video-preview:-1\" \/>\n<link rel=\"canonical\" href=\"https:\/\/urlaub-in-waldkirchen.de\/cs\/volny-cas\/mestsky-park\/\" \/>\n<meta property=\"og:locale\" content=\"cs_CZ\" \/>\n<meta property=\"og:type\" content=\"article\" \/>\n<meta property=\"og:title\" content=\"M\u011bstsk\u00fd park - urlaub-in-waldkirchen.de\" \/>\n<meta property=\"og:description\" content=\"V\u00fdchodn\u011b od centra m\u011bsta pod gymn\u00e1ziem a z\u00e1kladn\u00ed \u0161kolou, jen p\u00e1r minut p\u011b\u0161ky od n\u00e1m\u011bst\u00ed, se rozkl\u00e1d\u00e1 n\u00e1dhern\u011b upraven\u00fd m\u011bstsk\u00fd park, zelen\u00e9 pl\u00edce m\u011bsta Waldkirchen. Tento park byl obnoven v r\u00e1mci Zahradnick\u00e9 v\u00fdstavy 2007.\" \/>\n<meta property=\"og:url\" content=\"https:\/\/urlaub-in-waldkirchen.de\/cs\/volny-cas\/mestsky-park\/\" \/>\n<meta property=\"og:site_name\" content=\"urlaub-in-waldkirchen.de\" \/>\n<meta property=\"article:modified_time\" content=\"2017-05-02T14:59:13+00:00\" \/>\n<meta name=\"twitter:card\" content=\"summary_large_image\" \/>\n<meta name=\"twitter:label1\" content=\"Odhadovan\u00e1 doba \u010dten\u00ed\" \/>\n\t<meta name=\"twitter:data1\" content=\"2 minuty\" \/>\n<script type=\"application\/ld+json\" class=\"yoast-schema-graph\">{\"@context\":\"https:\\\/\\\/schema.org\",\"@graph\":[{\"@type\":\"WebPage\",\"@id\":\"https:\\\/\\\/urlaub-in-waldkirchen.de\\\/cs\\\/volny-cas\\\/mestsky-park\\\/\",\"url\":\"https:\\\/\\\/urlaub-in-waldkirchen.de\\\/cs\\\/volny-cas\\\/mestsky-park\\\/\",\"name\":\"M\u011bstsk\u00fd park - urlaub-in-waldkirchen.de\",\"isPartOf\":{\"@id\":\"https:\\\/\\\/urlaub-in-waldkirchen.de\\\/#website\"},\"datePublished\":\"2016-04-26T14:05:40+00:00\",\"dateModified\":\"2017-05-02T14:59:13+00:00\",\"description\":\"V\u00fdchodn\u011b od centra m\u011bsta pod gymn\u00e1ziem a z\u00e1kladn\u00ed \u0161kolou, jen p\u00e1r minut p\u011b\u0161ky od n\u00e1m\u011bst\u00ed, se rozkl\u00e1d\u00e1 n\u00e1dhern\u011b upraven\u00fd m\u011bstsk\u00fd park, zelen\u00e9 pl\u00edce m\u011bsta Waldkirchen. Tento park byl obnoven v r\u00e1mci Zahradnick\u00e9 v\u00fdstavy 2007.\",\"breadcrumb\":{\"@id\":\"https:\\\/\\\/urlaub-in-waldkirchen.de\\\/cs\\\/volny-cas\\\/mestsky-park\\\/#breadcrumb\"},\"inLanguage\":\"cs\",\"potentialAction\":[{\"@type\":\"ReadAction\",\"target\":[\"https:\\\/\\\/urlaub-in-waldkirchen.de\\\/cs\\\/volny-cas\\\/mestsky-park\\\/\"]}]},{\"@type\":\"BreadcrumbList\",\"@id\":\"https:\\\/\\\/urlaub-in-waldkirchen.de\\\/cs\\\/volny-cas\\\/mestsky-park\\\/#breadcrumb\",\"itemListElement\":[{\"@type\":\"ListItem\",\"position\":1,\"name\":\"Startseite\",\"item\":\"https:\\\/\\\/urlaub-in-waldkirchen.de\\\/cs\\\/\"},{\"@type\":\"ListItem\",\"position\":2,\"name\":\"Voln\u00fd \u010das\",\"item\":\"https:\\\/\\\/urlaub-in-waldkirchen.de\\\/cs\\\/volny-cas\\\/\"},{\"@type\":\"ListItem\",\"position\":3,\"name\":\"M\u011bstsk\u00fd park\"}]},{\"@type\":\"WebSite\",\"@id\":\"https:\\\/\\\/urlaub-in-waldkirchen.de\\\/#website\",\"url\":\"https:\\\/\\\/urlaub-in-waldkirchen.de\\\/\",\"name\":\"urlaub-in-waldkirchen.de\",\"description\":\"\",\"potentialAction\":[{\"@type\":\"SearchAction\",\"target\":{\"@type\":\"EntryPoint\",\"urlTemplate\":\"https:\\\/\\\/urlaub-in-waldkirchen.de\\\/?s={search_term_string}\"},\"query-input\":{\"@type\":\"PropertyValueSpecification\",\"valueRequired\":true,\"valueName\":\"search_term_string\"}}],\"inLanguage\":\"cs\"}]}<\/script>\n<!-- \/ Yoast SEO plugin. -->","yoast_head_json":{"title":"M\u011bstsk\u00fd park - urlaub-in-waldkirchen.de","description":"V\u00fdchodn\u011b od centra m\u011bsta pod gymn\u00e1ziem a z\u00e1kladn\u00ed \u0161kolou, jen p\u00e1r minut p\u011b\u0161ky od n\u00e1m\u011bst\u00ed, se rozkl\u00e1d\u00e1 n\u00e1dhern\u011b upraven\u00fd m\u011bstsk\u00fd park, zelen\u00e9 pl\u00edce m\u011bsta Waldkirchen. Tento park byl obnoven v r\u00e1mci Zahradnick\u00e9 v\u00fdstavy 2007.","robots":{"index":"index","follow":"follow","max-snippet":"max-snippet:-1","max-image-preview":"max-image-preview:large","max-video-preview":"max-video-preview:-1"},"canonical":"https:\/\/urlaub-in-waldkirchen.de\/cs\/volny-cas\/mestsky-park\/","og_locale":"cs_CZ","og_type":"article","og_title":"M\u011bstsk\u00fd park - urlaub-in-waldkirchen.de","og_description":"V\u00fdchodn\u011b od centra m\u011bsta pod gymn\u00e1ziem a z\u00e1kladn\u00ed \u0161kolou, jen p\u00e1r minut p\u011b\u0161ky od n\u00e1m\u011bst\u00ed, se rozkl\u00e1d\u00e1 n\u00e1dhern\u011b upraven\u00fd m\u011bstsk\u00fd park, zelen\u00e9 pl\u00edce m\u011bsta Waldkirchen. Tento park byl obnoven v r\u00e1mci Zahradnick\u00e9 v\u00fdstavy 2007.","og_url":"https:\/\/urlaub-in-waldkirchen.de\/cs\/volny-cas\/mestsky-park\/","og_site_name":"urlaub-in-waldkirchen.de","article_modified_time":"2017-05-02T14:59:13+00:00","twitter_card":"summary_large_image","twitter_misc":{"Odhadovan\u00e1 doba \u010dten\u00ed":"2 minuty"},"schema":{"@context":"https:\/\/schema.org","@graph":[{"@type":"WebPage","@id":"https:\/\/urlaub-in-waldkirchen.de\/cs\/volny-cas\/mestsky-park\/","url":"https:\/\/urlaub-in-waldkirchen.de\/cs\/volny-cas\/mestsky-park\/","name":"M\u011bstsk\u00fd park - urlaub-in-waldkirchen.de","isPartOf":{"@id":"https:\/\/urlaub-in-waldkirchen.de\/#website"},"datePublished":"2016-04-26T14:05:40+00:00","dateModified":"2017-05-02T14:59:13+00:00","description":"V\u00fdchodn\u011b od centra m\u011bsta pod gymn\u00e1ziem a z\u00e1kladn\u00ed \u0161kolou, jen p\u00e1r minut p\u011b\u0161ky od n\u00e1m\u011bst\u00ed, se rozkl\u00e1d\u00e1 n\u00e1dhern\u011b upraven\u00fd m\u011bstsk\u00fd park, zelen\u00e9 pl\u00edce m\u011bsta Waldkirchen. Tento park byl obnoven v r\u00e1mci Zahradnick\u00e9 v\u00fdstavy 2007.","breadcrumb":{"@id":"https:\/\/urlaub-in-waldkirchen.de\/cs\/volny-cas\/mestsky-park\/#breadcrumb"},"inLanguage":"cs","potentialAction":[{"@type":"ReadAction","target":["https:\/\/urlaub-in-waldkirchen.de\/cs\/volny-cas\/mestsky-park\/"]}]},{"@type":"BreadcrumbList","@id":"https:\/\/urlaub-in-waldkirchen.de\/cs\/volny-cas\/mestsky-park\/#breadcrumb","itemListElement":[{"@type":"ListItem","position":1,"name":"Startseite","item":"https:\/\/urlaub-in-waldkirchen.de\/cs\/"},{"@type":"ListItem","position":2,"name":"Voln\u00fd \u010das","item":"https:\/\/urlaub-in-waldkirchen.de\/cs\/volny-cas\/"},{"@type":"ListItem","position":3,"name":"M\u011bstsk\u00fd park"}]},{"@type":"WebSite","@id":"https:\/\/urlaub-in-waldkirchen.de\/#website","url":"https:\/\/urlaub-in-waldkirchen.de\/","name":"urlaub-in-waldkirchen.de","description":"","potentialAction":[{"@type":"SearchAction","target":{"@type":"EntryPoint","urlTemplate":"https:\/\/urlaub-in-waldkirchen.de\/?s={search_term_string}"},"query-input":{"@type":"PropertyValueSpecification","valueRequired":true,"valueName":"search_term_string"}}],"inLanguage":"cs"}]}},"_links":{"self":[{"href":"https:\/\/urlaub-in-waldkirchen.de\/cs\/wp-json\/wp\/v2\/pages\/2898","targetHints":{"allow":["GET"]}}],"collection":[{"href":"https:\/\/urlaub-in-waldkirchen.de\/cs\/wp-json\/wp\/v2\/pages"}],"about":[{"href":"https:\/\/urlaub-in-waldkirchen.de\/cs\/wp-json\/wp\/v2\/types\/page"}],"author":[{"embeddable":true,"href":"https:\/\/urlaub-in-waldkirchen.de\/cs\/wp-json\/wp\/v2\/users\/2"}],"replies":[{"embeddable":true,"href":"https:\/\/urlaub-in-waldkirchen.de\/cs\/wp-json\/wp\/v2\/comments?post=2898"}],"version-history":[{"count":1,"href":"https:\/\/urlaub-in-waldkirchen.de\/cs\/wp-json\/wp\/v2\/pages\/2898\/revisions"}],"predecessor-version":[{"id":4315,"href":"https:\/\/urlaub-in-waldkirchen.de\/cs\/wp-json\/wp\/v2\/pages\/2898\/revisions\/4315"}],"up":[{"embeddable":true,"href":"https:\/\/urlaub-in-waldkirchen.de\/cs\/wp-json\/wp\/v2\/pages\/2703"}],"wp:attachment":[{"href":"https:\/\/urlaub-in-waldkirchen.de\/cs\/wp-json\/wp\/v2\/media?parent=2898"}],"curies":[{"name":"wp","href":"https:\/\/api.w.org\/{rel}","templated":true}]}}