{"id":3782,"date":"2016-04-26T15:16:48","date_gmt":"2016-04-26T13:16:48","guid":{"rendered":"https:\/\/urlaub-in-waldkirchen.de\/cs\/zimni-stadion\/oeffnungszeiten-und-preise\/"},"modified":"2025-12-10T14:49:25","modified_gmt":"2025-12-10T13:49:25","slug":"oteviraci-doba-ceny-a-harmonogram","status":"publish","type":"page","link":"https:\/\/urlaub-in-waldkirchen.de\/cs\/zimni-stadion\/oteviraci-doba-ceny-a-harmonogram\/","title":{"rendered":"Otev\u00edrac\u00ed doba, ceny a harmonogram"},"content":{"rendered":"<div class=\"wpb-content-wrapper\"><p>[vc_row][vc_column][vc_empty_space height=&#8220;20px&#8220;][vc_column_text]<\/p>\n<h1>Die Karoli-Eissporthalle &#8211;\u00a0\u00d6ffnungszeiten,\u00a0Eintrittspreise und Belegungsplan<\/h1>\n<p>[\/vc_column_text][\/vc_column][\/vc_row][vc_row][vc_column][vc_tta_tabs active_section=&#8220;1&#8243; no_fill_content_area=&#8220;true&#8220;][vc_tta_section title=&#8220;\u00d6ffnungszeiten&#8220; tab_id=&#8220;1470831554917-92302a37-d383&#8243;][vc_empty_space][vc_column_text css_animation=&#8220;bounceInDown&#8220; css=&#8220;&#8220;]<span style=\"color: #ff0000;\">\u00a0<\/span><\/p>\n<p>Die Halle ist zu den regul\u00e4ren Zeiten ge\u00f6ffnet.<\/p>\n<p>Bitte beachten Sie die <a href=\"https:\/\/urlaub-in-waldkirchen.de\/wp-content\/uploads\/2025\/12\/Sonderoeffnungszeiten-Karoli-Eissporthalle-2025.pdf\"><strong>gesonderten \u00d6ffnungszeiten<\/strong><\/a> zur Weihnachtszeit!!<\/p>\n<p>&nbsp;<\/p>\n<p><a href=\"https:\/\/urlaub-in-waldkirchen.de\/wp-content\/uploads\/2025\/12\/Sonderoeffnungszeiten-Karoli-Eissporthalle-2025.pdf\">Sonder\u00f6ffnungszeiten 2025\/2026<\/a><\/p>\n<p>&nbsp;<\/p>\n<p><strong><a href=\"https:\/\/urlaub-in-waldkirchen.de\/wp-content\/uploads\/2025\/10\/Allgem.-Wochenbelegung-neu-3.-Zeit-Jugend-Tausch-Eisdisco-1.pdf\">Wochenbelegungsplan<\/a><\/strong>[\/vc_column_text][vc_empty_space][vc_row_inner][vc_column_inner width=&#8220;1\/2&#8243;][\/vc_column_inner][vc_column_inner width=&#8220;1\/2&#8243;][\/vc_column_inner][\/vc_row_inner][vc_row_inner][vc_column_inner width=&#8220;1\/4&#8243;][vc_column_text css=&#8220;&#8220;]<\/p>\n<h4><span style=\"color: #95c11f;\">Schlittschuhlauf (Publikumslauf)<\/span><\/h4>\n<p>Dienstag: 15:30 &#8211; 17:00 Uhr<\/p>\n<p>Sonn- und Feiertage: 14:45 &#8211; 16:30 Uhr<\/p>\n<p>&nbsp;<\/p>\n<p><strong>\u00a0<\/strong>[\/vc_column_text][\/vc_column_inner][vc_column_inner width=&#8220;1\/4&#8243;][vc_column_text css=&#8220;&#8220;]<\/p>\n<h4><span style=\"color: #95c11f;\">Discolauf<\/span><\/h4>\n<p>Samstag 19:30 &#8211; 21:00 Uhr<\/p>\n<p><strong><span style=\"color: #ff0000;\">Kein Discolauf: 03.01. \/ 17.01. \/ 07.03.<\/span><\/strong><\/p>\n<p><a href=\"https:\/\/urlaub-in-waldkirchen.de\/wp-content\/uploads\/2025\/12\/Termine-Discolauf-2025-2026-Korrektur.pdf\">Termine Discolauf<\/a>[\/vc_column_text][\/vc_column_inner][vc_column_inner width=&#8220;1\/4&#8243;][vc_column_text css=&#8220;&#8220;]<\/p>\n<h4><span style=\"color: #95c11f;\">Eiskunstlauftraining<\/span><\/h4>\n<p>Montag :\u00a0 \u00a0 \u00a0 \u00a0 13:30 &#8211; 16:15 Uhr<\/p>\n<p>Dienstag :\u00a0 \u00a0 \u00a0 13:15 &#8211; 15:30 Uhr<\/p>\n<p>Mittwoch :\u00a0 \u00a0 \u00a013:30 &#8211; 16:30 Uhr<\/p>\n<p>Donnerstag:\u00a0 14:00 &#8211; 16:15 Uhr<\/p>\n<p>Freitag :\u00a0 \u00a0 \u00a0 \u00a0 \u00a013:15 &#8211; 17:45 Uhr<\/p>\n<p>&nbsp;<\/p>\n<p>Kontakt Eiskristalle:<\/p>\n<p>Stefanie Gei\u00dfler<\/p>\n<p>Tel.: 0160\/8439978<\/p>\n<p><a href=\"mailto:eiskristallewaldkirchen@gmail.com\">eiskristallewaldkirchen@gmail.com<\/a>[\/vc_column_text][\/vc_column_inner][vc_column_inner width=&#8220;1\/4&#8243;][vc_column_text css=&#8220;&#8220;]<\/p>\n<h4><span style=\"color: #95c11f;\">Eishockeytraining<\/span><\/h4>\n<p>Montag:\u00a0 \u00a0 \u00a0 \u00a0 \u00a0 \u00a016:30 &#8211; 23:15 Uhr<\/p>\n<p>Mittwoch:\u00a0 \u00a0 \u00a0 \u00a0 \u00a016:30 &#8211; 23:15 Uhr<\/p>\n<p>Donnerstag:\u00a0 \u00a0 \u00a0 16:30 &#8211; 18:30 Uhr<\/p>\n<p>Freitag:\u00a0 \u00a0 \u00a0 \u00a0 \u00a0 \u00a0 \u00a0 18:00 &#8211; 19:30 Uhr<\/p>\n<p>Sonntag:<\/p>\n<p>&#8211; an spielfreien Tagen: 19:00 &#8211; 20:30 Uhr<\/p>\n<p>&#8211; an Spieltagen: 20:30 &#8211; 22:00 Uhr[\/vc_column_text][\/vc_column_inner][\/vc_row_inner][vc_row_inner][vc_column_inner width=&#8220;1\/4&#8243;][vc_column_text css=&#8220;&#8220;]<\/p>\n<h4><span style=\"color: #95c11f;\">Eishockeyspiele<\/span><\/h4>\n<p>Sonntag: ab 17:30 Uhr<\/p>\n<p>Sonderspieltage: Freitag ab 19:30 Uhr[\/vc_column_text][\/vc_column_inner][vc_column_inner width=&#8220;1\/4&#8243;][vc_column_text css=&#8220;&#8220;]<\/p>\n<h4><span style=\"color: #95c11f;\">Eisstocktraining<\/span><\/h4>\n<p>Dienstag: 18:15 &#8211; 22:00 Uhr<br \/>\nDonnerstag: 19:00 &#8211; 22:30 Uhr<\/p>\n<p><strong><span style=\"color: #ff0000;\">Kein Training am 14. und 16.10.2025<\/span><\/strong>[\/vc_column_text][\/vc_column_inner][vc_column_inner width=&#8220;1\/4&#8243;][vc_column_text css=&#8220;&#8220;]<\/p>\n<h4><span style=\"color: #95c11f;\">Eisstockturniere<\/span><\/h4>\n<p>Freitag: 18:15 &#8211; 23:00 Uhr (nach Vereinbarung)<br \/>\nSamstag: 07:00 &#8211; 13:00 Uhr und 13:30 &#8211; 19:00 Uhr<br \/>\nSonntag: 07:00 &#8211; 13:00 Uhr[\/vc_column_text][\/vc_column_inner][vc_column_inner width=&#8220;1\/4&#8243;][vc_column_text css=&#8220;&#8220;]<\/p>\n<h4><span style=\"color: #95c11f;\">Hallenbelegung bei Anmeldung<\/span><\/h4>\n<p>Montag &#8211; Freitag: 08:00 &#8211; 12:45 Uhr<br \/>\nIn der Zeit vom 22.12.2025 bis 06.01.2026 gelten gesonderte \u00d6ffnungszeiten.<br \/>\nAm 01.11.2025, 24.12.2025, 25.12.2025, 31.12.2025 und 01.01.2026 ist die Eishalle geschlossen.[\/vc_column_text][\/vc_column_inner][\/vc_row_inner][\/vc_tta_section][vc_tta_section title=&#8220;Eintrittspreise&#8220; tab_id=&#8220;1470831554968-35a0abaf-8dc8&#8243;][vc_empty_space][vc_row_inner][vc_column_inner width=&#8220;1\/2&#8243;][vc_column_text css=&#8220;&#8220;]<\/p>\n<h4><span style=\"color: #95c11f;\">Schlittschuhlauf<\/span><\/h4>\n<p><strong>Erwachsene ab 18 Jahre<\/strong><br \/>\nEinzelkarte: 6,00 \u20ac<br \/>\n10er-Karte: 48,00 \u20ac<br \/>\nErm\u00e4\u00dfigung Kurkarte: 0,30 \u20ac<br \/>\nSaisonkarte: 160,00 \u20ac<\/p>\n<p><strong>Jugendliche\u00a0bis 18 Jahre<\/strong><br \/>\nEinzelkarte: 4,00 \u20ac<br \/>\n10er-Karte: 32,00 \u20ac<br \/>\nErm\u00e4\u00dfigung Kurkarte: 0,30 \u20ac<br \/>\nSaisonkarte: 108,00 \u20ac<\/p>\n<p><strong>Familien<\/strong><br \/>\nFamilienkarte: 12,00 \u20ac<\/p>\n<p><strong>Schwerbehinderte,\u00a0Sch\u00fcler, Studenten\u00a0und Wehrpflichtige\u00a0(jeweils mit Ausweis)<br \/>\n<\/strong>Einzelkarte: 4,00 \u20ac<br \/>\n10er-Karte: 32,00 \u20ac<br \/>\nErm\u00e4\u00dfigung Kurkarte: 0,30 \u20ac<br \/>\nSaisonkarte: 108,00 \u20ac<strong><br \/>\n<\/strong>[\/vc_column_text][\/vc_column_inner][vc_column_inner width=&#8220;1\/2&#8243;][vc_column_text css=&#8220;&#8220;]<\/p>\n<h4><span style=\"color: #95c11f;\">Discolauf<\/span><\/h4>\n<p><strong>Erwachsene ab 18 Jahre<\/strong><br \/>\nEinzelkarte: 6,50 \u20ac<br \/>\n10er-Karte: 52,00 \u20ac<br \/>\nErm\u00e4\u00dfigung Kurkarte: 0,30 \u20ac<br \/>\nSaisonkarte: 75,00 \u20ac<\/p>\n<p><strong>Jugendliche\u00a0bis 18 Jahre<\/strong><br \/>\nEinzelkarte: 4,50 \u20ac<br \/>\n10er-Karte: 36,00 \u20ac<br \/>\nErm\u00e4\u00dfigung Kurkarte: 0,30 \u20ac<br \/>\nSaisonkarte: 54,00 \u20ac<\/p>\n<p><strong>Familien<\/strong><br \/>\nFamilienkarte: 13,00 \u20ac<\/p>\n<p><strong>Schwerbehinderte,\u00a0Sch\u00fcler, Studenten\u00a0und Wehrpflichtige\u00a0(jeweils mit Ausweis)<br \/>\n<\/strong>Einzelkarte: 4,50 \u20ac<br \/>\n10er-Karte: 36,00 \u20ac<br \/>\nErm\u00e4\u00dfigung Kurkarte: 0,30 \u20ac<br \/>\nSaisonkarte: 54,00 \u20ac<strong><br \/>\n<\/strong>[\/vc_column_text][\/vc_column_inner][\/vc_row_inner][vc_column_text]Eintritt f\u00fcr Zuschauer und Begleitpersonen 1,- \u20ac &#8211;\u00a0<a href=\"https:\/\/urlaub-in-waldkirchen.de\/eishalle\/leihservice\/\">Schlittschuhverleih<\/a> in der Karoli-Eissporthalle![\/vc_column_text][\/vc_tta_section][vc_tta_section title=&#8220;Belegungsplan&#8220; tab_id=&#8220;1470834594934-a40059b7-4ffa&#8220;][vc_empty_space][vc_column_text css=&#8220;&#8220;]Den\u00a0Belegungsplan f\u00fcr die aktuelle Wintersaison\u00a0finden Sie bei den <a href=\"https:\/\/urlaub-in-waldkirchen.de\/info\/prospekte\/\">Prospekten<\/a> oder <a href=\"https:\/\/urlaub-in-waldkirchen.de\/wp-content\/uploads\/2025\/10\/Belegungsplan-2025_2026-alles-eingetragen.pdf\" target=\"_blank\" rel=\"noopener noreferrer\">hier &gt;&gt;<\/a><\/p>\n<p>Buchen Sie rechtzeitig die noch freien Termine!<\/p>\n<p>Mit Fragen und Terminw\u00fcnschen wenden Sie sich bitte an Herrn Tobias Schwarzmann, Tel.: 08581\/202-64<\/p>\n<p>Mail: <a href=\"mailto:tobias.schwarzmann@stadtwerke-waldkirchen.de\">tobias.schwarzmann@stadtwerke-waldkirchen.de<\/a>[\/vc_column_text][\/vc_tta_section][\/vc_tta_tabs][\/vc_column][\/vc_row][vc_row][vc_column][\/vc_column][\/vc_row][vc_row][vc_column][vc_separator color=&#8220;custom&#8220; accent_color=&#8220;#95c11f&#8220;][vc_btn title=&#8220;zur\u00fcck zur \u00dcbersicht&#8220; shape=&#8220;square&#8220; color=&#8220;green&#8220; size=&#8220;sm&#8220; align=&#8220;right&#8220; link=&#8220;url:http%3A%2F%2Furlaub-in-waldkirchen.de%2Feishalle%2F|&#8220;][\/vc_column][\/vc_row]<\/p>\n<\/div>","protected":false},"excerpt":{"rendered":"<p>[vc_row][vc_column][vc_empty_space height=&#8220;20px&#8220;][vc_column_text] Die Karoli-Eissporthalle &#8211;\u00a0\u00d6ffnungszeiten,\u00a0Eintrittspreise und Belegungsplan [\/vc_column_text][\/vc_column][\/vc_row][vc_row][vc_column][vc_tta_tabs active_section=&#8220;1&#8243; no_fill_content_area=&#8220;true&#8220;][vc_tta_section title=&#8220;\u00d6ffnungszeiten&#8220; tab_id=&#8220;1470831554917-92302a37-d383&#8243;][vc_empty_space][vc_column_text css_animation=&#8220;bounceInDown&#8220; css=&#8220;&#8220;]\u00a0 Die Halle ist zu den regul\u00e4ren Zeiten ge\u00f6ffnet. Bitte beachten Sie die<span class=\"excerpt-hellip\"> [\u2026]<\/span><\/p>\n","protected":false},"author":2,"featured_media":-1,"parent":3669,"menu_order":0,"comment_status":"closed","ping_status":"closed","template":"","meta":{"footnotes":""},"class_list":["post-3782","page","type-page","status-publish","has-post-thumbnail","hentry"],"yoast_head":"<!-- This site is optimized with the Yoast SEO plugin v27.3 - https:\/\/yoast.com\/product\/yoast-seo-wordpress\/ -->\n<title>Otev\u00edrac\u00ed doba, ceny a harmonogram - urlaub-in-waldkirchen.de<\/title>\n<meta name=\"description\" content=\"Zimn\u00ed stadion Karoli \u2013 otev\u00edrac\u00ed doba, ceny vstupn\u00e9ho a harmonogram\" \/>\n<meta name=\"robots\" content=\"index, follow, max-snippet:-1, max-image-preview:large, max-video-preview:-1\" \/>\n<link rel=\"canonical\" href=\"https:\/\/urlaub-in-waldkirchen.de\/cs\/zimni-stadion\/oteviraci-doba-ceny-a-harmonogram\/\" \/>\n<meta property=\"og:locale\" content=\"cs_CZ\" \/>\n<meta property=\"og:type\" content=\"article\" \/>\n<meta property=\"og:title\" content=\"Otev\u00edrac\u00ed doba, ceny a harmonogram - urlaub-in-waldkirchen.de\" \/>\n<meta property=\"og:description\" content=\"Zimn\u00ed stadion Karoli \u2013 otev\u00edrac\u00ed doba, ceny vstupn\u00e9ho a harmonogram\" \/>\n<meta property=\"og:url\" content=\"https:\/\/urlaub-in-waldkirchen.de\/cs\/zimni-stadion\/oteviraci-doba-ceny-a-harmonogram\/\" \/>\n<meta property=\"og:site_name\" content=\"urlaub-in-waldkirchen.de\" \/>\n<meta property=\"article:modified_time\" content=\"2025-12-10T13:49:25+00:00\" \/>\n<meta name=\"twitter:card\" content=\"summary_large_image\" \/>\n<meta name=\"twitter:label1\" content=\"Odhadovan\u00e1 doba \u010dten\u00ed\" \/>\n\t<meta name=\"twitter:data1\" content=\"3 minuty\" \/>\n<script type=\"application\/ld+json\" class=\"yoast-schema-graph\">{\"@context\":\"https:\\\/\\\/schema.org\",\"@graph\":[{\"@type\":\"WebPage\",\"@id\":\"https:\\\/\\\/urlaub-in-waldkirchen.de\\\/cs\\\/zimni-stadion\\\/oteviraci-doba-ceny-a-harmonogram\\\/\",\"url\":\"https:\\\/\\\/urlaub-in-waldkirchen.de\\\/cs\\\/zimni-stadion\\\/oteviraci-doba-ceny-a-harmonogram\\\/\",\"name\":\"Otev\u00edrac\u00ed doba, ceny a harmonogram - urlaub-in-waldkirchen.de\",\"isPartOf\":{\"@id\":\"https:\\\/\\\/urlaub-in-waldkirchen.de\\\/#website\"},\"datePublished\":\"2016-04-26T13:16:48+00:00\",\"dateModified\":\"2025-12-10T13:49:25+00:00\",\"description\":\"Zimn\u00ed stadion Karoli \u2013 otev\u00edrac\u00ed doba, ceny vstupn\u00e9ho a harmonogram\",\"breadcrumb\":{\"@id\":\"https:\\\/\\\/urlaub-in-waldkirchen.de\\\/cs\\\/zimni-stadion\\\/oteviraci-doba-ceny-a-harmonogram\\\/#breadcrumb\"},\"inLanguage\":\"cs\",\"potentialAction\":[{\"@type\":\"ReadAction\",\"target\":[\"https:\\\/\\\/urlaub-in-waldkirchen.de\\\/cs\\\/zimni-stadion\\\/oteviraci-doba-ceny-a-harmonogram\\\/\"]}]},{\"@type\":\"BreadcrumbList\",\"@id\":\"https:\\\/\\\/urlaub-in-waldkirchen.de\\\/cs\\\/zimni-stadion\\\/oteviraci-doba-ceny-a-harmonogram\\\/#breadcrumb\",\"itemListElement\":[{\"@type\":\"ListItem\",\"position\":1,\"name\":\"Startseite\",\"item\":\"https:\\\/\\\/urlaub-in-waldkirchen.de\\\/cs\\\/\"},{\"@type\":\"ListItem\",\"position\":2,\"name\":\"ZIMN\u00cd STADION\",\"item\":\"https:\\\/\\\/urlaub-in-waldkirchen.de\\\/cs\\\/zimni-stadion\\\/\"},{\"@type\":\"ListItem\",\"position\":3,\"name\":\"Otev\u00edrac\u00ed doba, ceny a harmonogram\"}]},{\"@type\":\"WebSite\",\"@id\":\"https:\\\/\\\/urlaub-in-waldkirchen.de\\\/#website\",\"url\":\"https:\\\/\\\/urlaub-in-waldkirchen.de\\\/\",\"name\":\"urlaub-in-waldkirchen.de\",\"description\":\"\",\"potentialAction\":[{\"@type\":\"SearchAction\",\"target\":{\"@type\":\"EntryPoint\",\"urlTemplate\":\"https:\\\/\\\/urlaub-in-waldkirchen.de\\\/?s={search_term_string}\"},\"query-input\":{\"@type\":\"PropertyValueSpecification\",\"valueRequired\":true,\"valueName\":\"search_term_string\"}}],\"inLanguage\":\"cs\"}]}<\/script>\n<!-- \/ Yoast SEO plugin. -->","yoast_head_json":{"title":"Otev\u00edrac\u00ed doba, ceny a harmonogram - urlaub-in-waldkirchen.de","description":"Zimn\u00ed stadion Karoli \u2013 otev\u00edrac\u00ed doba, ceny vstupn\u00e9ho a harmonogram","robots":{"index":"index","follow":"follow","max-snippet":"max-snippet:-1","max-image-preview":"max-image-preview:large","max-video-preview":"max-video-preview:-1"},"canonical":"https:\/\/urlaub-in-waldkirchen.de\/cs\/zimni-stadion\/oteviraci-doba-ceny-a-harmonogram\/","og_locale":"cs_CZ","og_type":"article","og_title":"Otev\u00edrac\u00ed doba, ceny a harmonogram - urlaub-in-waldkirchen.de","og_description":"Zimn\u00ed stadion Karoli \u2013 otev\u00edrac\u00ed doba, ceny vstupn\u00e9ho a harmonogram","og_url":"https:\/\/urlaub-in-waldkirchen.de\/cs\/zimni-stadion\/oteviraci-doba-ceny-a-harmonogram\/","og_site_name":"urlaub-in-waldkirchen.de","article_modified_time":"2025-12-10T13:49:25+00:00","twitter_card":"summary_large_image","twitter_misc":{"Odhadovan\u00e1 doba \u010dten\u00ed":"3 minuty"},"schema":{"@context":"https:\/\/schema.org","@graph":[{"@type":"WebPage","@id":"https:\/\/urlaub-in-waldkirchen.de\/cs\/zimni-stadion\/oteviraci-doba-ceny-a-harmonogram\/","url":"https:\/\/urlaub-in-waldkirchen.de\/cs\/zimni-stadion\/oteviraci-doba-ceny-a-harmonogram\/","name":"Otev\u00edrac\u00ed doba, ceny a harmonogram - urlaub-in-waldkirchen.de","isPartOf":{"@id":"https:\/\/urlaub-in-waldkirchen.de\/#website"},"datePublished":"2016-04-26T13:16:48+00:00","dateModified":"2025-12-10T13:49:25+00:00","description":"Zimn\u00ed stadion Karoli \u2013 otev\u00edrac\u00ed doba, ceny vstupn\u00e9ho a harmonogram","breadcrumb":{"@id":"https:\/\/urlaub-in-waldkirchen.de\/cs\/zimni-stadion\/oteviraci-doba-ceny-a-harmonogram\/#breadcrumb"},"inLanguage":"cs","potentialAction":[{"@type":"ReadAction","target":["https:\/\/urlaub-in-waldkirchen.de\/cs\/zimni-stadion\/oteviraci-doba-ceny-a-harmonogram\/"]}]},{"@type":"BreadcrumbList","@id":"https:\/\/urlaub-in-waldkirchen.de\/cs\/zimni-stadion\/oteviraci-doba-ceny-a-harmonogram\/#breadcrumb","itemListElement":[{"@type":"ListItem","position":1,"name":"Startseite","item":"https:\/\/urlaub-in-waldkirchen.de\/cs\/"},{"@type":"ListItem","position":2,"name":"ZIMN\u00cd STADION","item":"https:\/\/urlaub-in-waldkirchen.de\/cs\/zimni-stadion\/"},{"@type":"ListItem","position":3,"name":"Otev\u00edrac\u00ed doba, ceny a harmonogram"}]},{"@type":"WebSite","@id":"https:\/\/urlaub-in-waldkirchen.de\/#website","url":"https:\/\/urlaub-in-waldkirchen.de\/","name":"urlaub-in-waldkirchen.de","description":"","potentialAction":[{"@type":"SearchAction","target":{"@type":"EntryPoint","urlTemplate":"https:\/\/urlaub-in-waldkirchen.de\/?s={search_term_string}"},"query-input":{"@type":"PropertyValueSpecification","valueRequired":true,"valueName":"search_term_string"}}],"inLanguage":"cs"}]}},"_links":{"self":[{"href":"https:\/\/urlaub-in-waldkirchen.de\/cs\/wp-json\/wp\/v2\/pages\/3782","targetHints":{"allow":["GET"]}}],"collection":[{"href":"https:\/\/urlaub-in-waldkirchen.de\/cs\/wp-json\/wp\/v2\/pages"}],"about":[{"href":"https:\/\/urlaub-in-waldkirchen.de\/cs\/wp-json\/wp\/v2\/types\/page"}],"author":[{"embeddable":true,"href":"https:\/\/urlaub-in-waldkirchen.de\/cs\/wp-json\/wp\/v2\/users\/2"}],"replies":[{"embeddable":true,"href":"https:\/\/urlaub-in-waldkirchen.de\/cs\/wp-json\/wp\/v2\/comments?post=3782"}],"version-history":[{"count":10,"href":"https:\/\/urlaub-in-waldkirchen.de\/cs\/wp-json\/wp\/v2\/pages\/3782\/revisions"}],"predecessor-version":[{"id":8108,"href":"https:\/\/urlaub-in-waldkirchen.de\/cs\/wp-json\/wp\/v2\/pages\/3782\/revisions\/8108"}],"up":[{"embeddable":true,"href":"https:\/\/urlaub-in-waldkirchen.de\/cs\/wp-json\/wp\/v2\/pages\/3669"}],"wp:featuredmedia":[{"embeddable":true,"href":"https:\/\/urlaub-in-waldkirchen.de\/cs\/wp-json\/"}],"wp:attachment":[{"href":"https:\/\/urlaub-in-waldkirchen.de\/cs\/wp-json\/wp\/v2\/media?parent=3782"}],"curies":[{"name":"wp","href":"https:\/\/api.w.org\/{rel}","templated":true}]}}