{"id":1808,"date":"2016-04-05T16:46:44","date_gmt":"2016-04-05T14:46:44","guid":{"rendered":"https:\/\/urlaub-in-waldkirchen.de\/cs\/gastro\/landgasthaus-eckerl-am-frongahof\/"},"modified":"2024-10-23T15:05:03","modified_gmt":"2024-10-23T13:05:03","slug":"venkovsky-hostinec-eckerl-ve-dvore-frongahof","status":"publish","type":"portfolio","link":"https:\/\/urlaub-in-waldkirchen.de\/cs\/gastro\/venkovsky-hostinec-eckerl-ve-dvore-frongahof\/","title":{"rendered":"Venkovsk\u00fd hostinec Eckerl ve dvo\u0159e Frongahof"},"content":{"rendered":"<div class=\"wpb-content-wrapper\"><p>[vc_row][vc_column][vc_empty_space height=&#8220;20px&#8220;][vc_column_text]<\/p>\n<h1>Landgasthaus Eckerl am Frongahof<\/h1>\n<p>[\/vc_column_text][\/vc_column][\/vc_row][vc_row][vc_column][vc_column_text]Erschmecken und entdecken Sie die\u00a0Eigenst\u00e4ndigkeit des Bayerischen\u00a0Waldes am Frongahof in B\u00f6hmzwiesel.\u00a0Ein famili\u00e4r gef\u00fchrter Urlaubsbauernhof\u00a0mit Landgasthaus, wo Sie\u00a0sich rundherum wohlf\u00fchlen k\u00f6nnen!\u00a0Am Frongahof kann man die Natur\u00a0hautnah erleben und sich gleichzeitig\u00a0kulinarisch verw\u00f6hnen lassen.\u00a0Ein Ort der Ruhe und des Genusses.<\/p>\n<p>Neben bayerischen Wirtshaus-Klassikern stehen auf der Speisekarte\u00a0auch leichte, modern interpretierte\u00a0Schmankerl. Das Zusammenspiel aus\u00a0frischen Zutaten, leidenschaftlicher\u00a0Kochkunst und charmantem Service\u00a0garantiert ein unvergessenes \u201eEss-Erlebnis\u201c.<\/p>\n<p>Auf Ihren Besuch freuen sich Michael Kaiser und das gesamte Team.[\/vc_column_text][\/vc_column][\/vc_row][vc_row][vc_column][vc_masonry_media_grid element_width=&#8220;3&#8243; grid_id=&#8220;vc_gid:1469540587056-0b34a853-79c2-7&#8243; include=&#8220;238,237,236,235&#8243;][\/vc_column][\/vc_row][vc_row][vc_column width=&#8220;1\/4&#8243;][vc_column_text]<\/p>\n<p style=\"text-align: center;\"><a href=\"http:\/\/www.gasthauseckerl.de\/\" target=\"_blank\" rel=\"noopener noreferrer\"><img loading=\"lazy\" decoding=\"async\" class=\"alignnone wp-image-234 size-full\" src=\"https:\/\/urlaub-in-waldkirchen.de\/wp-content\/uploads\/2016\/04\/logo-eckerl.jpg\" alt=\"logo-eckerl\" width=\"293\" height=\"133\" srcset=\"https:\/\/urlaub-in-waldkirchen.de\/wp-content\/uploads\/2016\/04\/logo-eckerl.jpg 293w, https:\/\/urlaub-in-waldkirchen.de\/wp-content\/uploads\/2016\/04\/logo-eckerl-260x118.jpg 260w, https:\/\/urlaub-in-waldkirchen.de\/wp-content\/uploads\/2016\/04\/logo-eckerl-50x23.jpg 50w, https:\/\/urlaub-in-waldkirchen.de\/wp-content\/uploads\/2016\/04\/logo-eckerl-150x68.jpg 150w\" sizes=\"auto, (max-width:767px) 293px, 293px\" \/><\/a><\/p>\n<p>[\/vc_column_text][\/vc_column][vc_column width=&#8220;1\/4&#8243;][vc_column_text]<\/p>\n<h5>\u00d6ffnungszeiten:<\/h5>\n<p>Dienstag bis Freitag ab 17.00 Uhr<br \/>\nSamstag, Sonntag, Feiertag ab 11.00 Uhr<br \/>\nMontag Ruhetag<br \/>\n(im Winter: Montag, Dienstag, Mittwoch Ruhetag)<\/p>\n<h5>Pl\u00e4tze:<\/h5>\n<p>Kaminzimmer: 36 Sitzpl\u00e4tze<br \/>\n(ideal f\u00fcr kleinere Familienfeiern, Seminare oder Tagungen)<br \/>\nFrongastube: 28 Sitzpl\u00e4tze<br \/>\nFestsaal: 250 Sitzpl\u00e4tze<br \/>\n(f\u00fcr Geburtstage oder Hochzeitsfeiern)[\/vc_column_text][\/vc_column][vc_column width=&#8220;1\/4&#8243;][vc_column_text]<\/p>\n<h5>Anschrift und Kontakt:<\/h5>\n<p>B\u00f6hmzwiesel 1<br \/>\n94065 Waldkirchen<\/p>\n<p>Tel: 08581\u00a02384<br \/>\ninfo@gasthauseckerl.de<br \/>\nWeb:\u00a0<a href=\"http:\/\/www.gasthauseckerl.de\" target=\"_blank\" rel=\"noopener noreferrer\">www.gasthauseckerl.de<\/a><\/p>\n<p><a href=\"https:\/\/www.facebook.com\/LandgasthausEckerl\/\" target=\"_blank\" rel=\"attachment wp-att-82 noopener noreferrer\"><img loading=\"lazy\" decoding=\"async\" class=\"alignnone wp-image-82 size-full\" src=\"https:\/\/urlaub-in-waldkirchen.de\/wp-content\/uploads\/2016\/04\/facebook_32.png\" alt=\"facebook_32\" width=\"32\" height=\"32\" \/><\/a>[\/vc_column_text][\/vc_column][vc_column width=&#8220;1\/4&#8243;][vc_column_text]<\/p>\n<h5>Anfahrt:<\/h5>\n<p><iframe loading=\"lazy\" style=\"border: 0;\" src=\"https:\/\/www.google.com\/maps\/embed?pb=!1m18!1m12!1m3!1d2629.9783674374703!2d13.625789115879263!3d48.7632094153574!2m3!1f0!2f0!3f0!3m2!1i1024!2i768!4f13.1!3m3!1m2!1s0x4774ecfc67345d95%3A0x11d7a6779203db07!2sB%C3%B6hmzwiesel+1%2C+94065+Waldkirchen!5e0!3m2!1sde!2sde!4v1460559301737\" width=\"300\" height=\"200\" frameborder=\"0\" allowfullscreen=\"allowfullscreen\"><\/iframe>[\/vc_column_text][\/vc_column][\/vc_row][vc_row][vc_column][vc_separator color=&#8220;custom&#8220; accent_color=&#8220;#95c11f&#8220;][vc_column_text]<\/p>\n<h4>Vielleicht auch noch interessant?<\/h4>\n<p>[\/vc_column_text]<div class=\"column_filters\"><div class=\"portfolio_wrapper isotope_wrapper \"><ul class=\"portfolio_group lm_wrapper isotope col-3 grid\"><li class=\"portfolio-item isotope-item category-domaci-strava category-regionalni-kuchyne category-restaurace  has-thumbnail\"><div class=\"portfolio-item-fw-bg\" style=\"\"><div class=\"portfolio-item-fill\"><\/div><div class=\"image_frame scale-with-grid\"><div class=\"image_wrapper\"><a href=\"https:\/\/urlaub-in-waldkirchen.de\/cs\/gastro\/hotel-penzion-boxleitenmuehle\/\"><div class=\"mask\"><\/div><img loading=\"lazy\" decoding=\"async\" width=\"800\" height=\"500\" src=\"https:\/\/urlaub-in-waldkirchen.de\/wp-content\/uploads\/2016\/04\/boxl-1.jpg\" class=\"scale-with-grid wp-post-image\" alt=\"Gasthof Pension Boxleitenm\u00fchle\" srcset=\"https:\/\/urlaub-in-waldkirchen.de\/wp-content\/uploads\/2016\/04\/boxl-1.jpg 800w, https:\/\/urlaub-in-waldkirchen.de\/wp-content\/uploads\/2016\/04\/boxl-1-300x188.jpg 300w, https:\/\/urlaub-in-waldkirchen.de\/wp-content\/uploads\/2016\/04\/boxl-1-768x480.jpg 768w, https:\/\/urlaub-in-waldkirchen.de\/wp-content\/uploads\/2016\/04\/boxl-1-234x146.jpg 234w, https:\/\/urlaub-in-waldkirchen.de\/wp-content\/uploads\/2016\/04\/boxl-1-50x31.jpg 50w, https:\/\/urlaub-in-waldkirchen.de\/wp-content\/uploads\/2016\/04\/boxl-1-120x75.jpg 120w\" sizes=\"auto, (max-width:767px) 480px, (max-width:800px) 100vw, 800px\" \/><\/a><div class=\"image_links\"><a class=\"zoom \"  rel=\"prettyphoto\" href=\"https:\/\/urlaub-in-waldkirchen.de\/wp-content\/uploads\/2016\/04\/boxl-1.jpg\"><svg viewBox=\"0 0 26 26\"><defs><style>.path{fill:none;stroke:#333;stroke-miterlimit:10;stroke-width:1.5px;}<\/style><\/defs><circle cx=\"11.35\" cy=\"11.35\" r=\"6\" class=\"path\"><\/circle><line x1=\"15.59\" y1=\"15.59\" x2=\"20.65\" y2=\"20.65\" class=\"path\"><\/line><\/svg><\/a><a class=\"link \"  href=\"https:\/\/urlaub-in-waldkirchen.de\/cs\/gastro\/hotel-penzion-boxleitenmuehle\/\"><svg viewBox=\"0 0 26 26\"><defs><style>.path{fill:none;stroke:#333;stroke-miterlimit:10;stroke-width:1.5px;}<\/style><\/defs><g><path d=\"M10.17,8.76l2.12-2.12a5,5,0,0,1,7.07,0h0a5,5,0,0,1,0,7.07l-2.12,2.12\" class=\"path\"><\/path><path d=\"M15.83,17.24l-2.12,2.12a5,5,0,0,1-7.07,0h0a5,5,0,0,1,0-7.07l2.12-2.12\" class=\"path\"><\/path><line x1=\"10.17\" y1=\"15.83\" x2=\"15.83\" y2=\"10.17\" class=\"path\"><\/line><\/g><\/svg><\/a><\/div><\/div><\/div><div class=\"desc\"><div class=\"title_wrapper\"><h5 class=\"entry-title \" itemprop=\"headline\"><a class=\"link\" href=\"https:\/\/urlaub-in-waldkirchen.de\/cs\/gastro\/hotel-penzion-boxleitenmuehle\/\">Hotel Penzion Boxleitenm\u00fchle<\/a><\/h5><div class=\"button-love\"><\/div><\/div><div class=\"details-wrapper\"><dl><dt>Datum<\/dt><dd>5. 4. 2016<\/dd><\/dl><\/div><div class=\"desc-wrapper\">[vc_row][vc_column][vc_empty_space height=&#8220;20px&#8220;][vc_column_text] Gasthof Pension Boxleitenm\u00fchle [\/vc_column_text][\/vc_column][\/vc_row][vc_row][vc_column][vc_column_text]Im Gasthof Boxleitenm\u00fchle in Werenain\u00a0bei Waldkirchen finden Sie alles\u00a0unter einem Dach: ein uriges Gasthaus,\u00a0eine komfortable Pension und\u00a0gro\u00dfz\u00fcgige Fests\u00e4le. Und auf eines\u00a0legt<span class=\"excerpt-hellip\"> [\u2026]<\/span><\/div><\/div><\/div><\/li><li class=\"portfolio-item isotope-item category-regionalni-kuchyne category-restaurace  has-thumbnail\"><div class=\"portfolio-item-fw-bg\" style=\"\"><div class=\"portfolio-item-fill\"><\/div><div class=\"image_frame scale-with-grid\"><div class=\"image_wrapper\"><a href=\"https:\/\/urlaub-in-waldkirchen.de\/cs\/gastro\/hotel-restaurace-gottinger\/\"><div class=\"mask\"><\/div><img loading=\"lazy\" decoding=\"async\" width=\"800\" height=\"500\" src=\"https:\/\/urlaub-in-waldkirchen.de\/wp-content\/uploads\/2016\/04\/gottinger1.jpg\" class=\"scale-with-grid wp-post-image\" alt=\"Hotel Gottinger\" srcset=\"https:\/\/urlaub-in-waldkirchen.de\/wp-content\/uploads\/2016\/04\/gottinger1.jpg 800w, https:\/\/urlaub-in-waldkirchen.de\/wp-content\/uploads\/2016\/04\/gottinger1-300x188.jpg 300w, https:\/\/urlaub-in-waldkirchen.de\/wp-content\/uploads\/2016\/04\/gottinger1-768x480.jpg 768w, https:\/\/urlaub-in-waldkirchen.de\/wp-content\/uploads\/2016\/04\/gottinger1-234x146.jpg 234w, https:\/\/urlaub-in-waldkirchen.de\/wp-content\/uploads\/2016\/04\/gottinger1-50x31.jpg 50w, https:\/\/urlaub-in-waldkirchen.de\/wp-content\/uploads\/2016\/04\/gottinger1-120x75.jpg 120w\" sizes=\"auto, (max-width:767px) 480px, (max-width:800px) 100vw, 800px\" \/><\/a><div class=\"image_links\"><a class=\"zoom \"  rel=\"prettyphoto\" href=\"https:\/\/urlaub-in-waldkirchen.de\/wp-content\/uploads\/2016\/04\/gottinger1.jpg\"><svg viewBox=\"0 0 26 26\"><defs><style>.path{fill:none;stroke:#333;stroke-miterlimit:10;stroke-width:1.5px;}<\/style><\/defs><circle cx=\"11.35\" cy=\"11.35\" r=\"6\" class=\"path\"><\/circle><line x1=\"15.59\" y1=\"15.59\" x2=\"20.65\" y2=\"20.65\" class=\"path\"><\/line><\/svg><\/a><a class=\"link \"  href=\"https:\/\/urlaub-in-waldkirchen.de\/cs\/gastro\/hotel-restaurace-gottinger\/\"><svg viewBox=\"0 0 26 26\"><defs><style>.path{fill:none;stroke:#333;stroke-miterlimit:10;stroke-width:1.5px;}<\/style><\/defs><g><path d=\"M10.17,8.76l2.12-2.12a5,5,0,0,1,7.07,0h0a5,5,0,0,1,0,7.07l-2.12,2.12\" class=\"path\"><\/path><path d=\"M15.83,17.24l-2.12,2.12a5,5,0,0,1-7.07,0h0a5,5,0,0,1,0-7.07l2.12-2.12\" class=\"path\"><\/path><line x1=\"10.17\" y1=\"15.83\" x2=\"15.83\" y2=\"10.17\" class=\"path\"><\/line><\/g><\/svg><\/a><\/div><\/div><\/div><div class=\"desc\"><div class=\"title_wrapper\"><h5 class=\"entry-title \" itemprop=\"headline\"><a class=\"link\" href=\"https:\/\/urlaub-in-waldkirchen.de\/cs\/gastro\/hotel-restaurace-gottinger\/\">Hotel &#8211; Restaurace Gottinger<\/a><\/h5><div class=\"button-love\"><\/div><\/div><div class=\"details-wrapper\"><dl><dt>Datum<\/dt><dd>5. 4. 2016<\/dd><\/dl><\/div><div class=\"desc-wrapper\">[vc_row][vc_column][vc_empty_space height=&#8220;20px&#8220;][vc_column_text] Hotel-Restaurant Gottinger [\/vc_column_text][\/vc_column][\/vc_row][vc_row][vc_column][vc_column_text]Das Hotel-Restaurant Gottinger ist\u00a0ein Haus mit Geschichte. Seit \u00fcber\u00a0100 Jahren ist das Hotel eine feste\u00a0Gr\u00f6\u00dfe in Waldkirchens Gastronomie.\u00a0Gem\u00fctlichkeit und Gastfreundlichkeit\u00a0wird hier gro\u00df<span class=\"excerpt-hellip\"> [\u2026]<\/span><\/div><\/div><\/div><\/li><li class=\"portfolio-item isotope-item category-rakouska-kuchyne category-regionalni-kuchyne category-ziva-hudba-koncerty  has-thumbnail\"><div class=\"portfolio-item-fw-bg\" style=\"\"><div class=\"portfolio-item-fill\"><\/div><div class=\"image_frame scale-with-grid\"><div class=\"image_wrapper\"><a href=\"https:\/\/urlaub-in-waldkirchen.de\/cs\/gastro\/restaurace-u-emerenz\/\"><div class=\"mask\"><\/div><img loading=\"lazy\" decoding=\"async\" width=\"800\" height=\"500\" src=\"https:\/\/urlaub-in-waldkirchen.de\/wp-content\/uploads\/2016\/04\/emerenz2.jpg\" class=\"scale-with-grid wp-post-image\" alt=\"Wirtshaus zur Emerenz\" srcset=\"https:\/\/urlaub-in-waldkirchen.de\/wp-content\/uploads\/2016\/04\/emerenz2.jpg 800w, https:\/\/urlaub-in-waldkirchen.de\/wp-content\/uploads\/2016\/04\/emerenz2-300x188.jpg 300w, https:\/\/urlaub-in-waldkirchen.de\/wp-content\/uploads\/2016\/04\/emerenz2-768x480.jpg 768w, https:\/\/urlaub-in-waldkirchen.de\/wp-content\/uploads\/2016\/04\/emerenz2-234x146.jpg 234w, https:\/\/urlaub-in-waldkirchen.de\/wp-content\/uploads\/2016\/04\/emerenz2-50x31.jpg 50w, https:\/\/urlaub-in-waldkirchen.de\/wp-content\/uploads\/2016\/04\/emerenz2-120x75.jpg 120w\" sizes=\"auto, (max-width:767px) 480px, (max-width:800px) 100vw, 800px\" \/><\/a><div class=\"image_links\"><a class=\"zoom \"  rel=\"prettyphoto\" href=\"https:\/\/urlaub-in-waldkirchen.de\/wp-content\/uploads\/2016\/04\/emerenz2.jpg\"><svg viewBox=\"0 0 26 26\"><defs><style>.path{fill:none;stroke:#333;stroke-miterlimit:10;stroke-width:1.5px;}<\/style><\/defs><circle cx=\"11.35\" cy=\"11.35\" r=\"6\" class=\"path\"><\/circle><line x1=\"15.59\" y1=\"15.59\" x2=\"20.65\" y2=\"20.65\" class=\"path\"><\/line><\/svg><\/a><a class=\"link \"  href=\"https:\/\/urlaub-in-waldkirchen.de\/cs\/gastro\/restaurace-u-emerenz\/\"><svg viewBox=\"0 0 26 26\"><defs><style>.path{fill:none;stroke:#333;stroke-miterlimit:10;stroke-width:1.5px;}<\/style><\/defs><g><path d=\"M10.17,8.76l2.12-2.12a5,5,0,0,1,7.07,0h0a5,5,0,0,1,0,7.07l-2.12,2.12\" class=\"path\"><\/path><path d=\"M15.83,17.24l-2.12,2.12a5,5,0,0,1-7.07,0h0a5,5,0,0,1,0-7.07l2.12-2.12\" class=\"path\"><\/path><line x1=\"10.17\" y1=\"15.83\" x2=\"15.83\" y2=\"10.17\" class=\"path\"><\/line><\/g><\/svg><\/a><\/div><\/div><\/div><div class=\"desc\"><div class=\"title_wrapper\"><h5 class=\"entry-title \" itemprop=\"headline\"><a class=\"link\" href=\"https:\/\/urlaub-in-waldkirchen.de\/cs\/gastro\/restaurace-u-emerenz\/\">Restaurace u Emerenz<\/a><\/h5><div class=\"button-love\"><\/div><\/div><div class=\"details-wrapper\"><dl><dt>Datum<\/dt><dd>5. 4. 2016<\/dd><\/dl><\/div><div class=\"desc-wrapper\">[vc_row][vc_column][vc_empty_space height=&#8220;20px&#8220;][vc_column_text] Wirtshaus zur Emerenz [\/vc_column_text][\/vc_column][\/vc_row][vc_row][vc_column][vc_column_text]Lassen Sie sich mit frischen, traditionellen\u00a0Gerichten, hausgemachten\u00a0Kuchen, s\u00fcffigen Bierspezialit\u00e4ten\u00a0und \u00f6sterreichischen Weinen direkt\u00a0vom Winzer verw\u00f6hnen. Das Wirtshaus\u00a0\u201eZur Emerenz\u201c bietet dazu das\u00a0passende Ambiente!<span class=\"excerpt-hellip\"> [\u2026]<\/span><\/div><\/div><\/div><\/li><\/ul><\/div>\n<\/div>\n[vc_btn title=&#8220;zur\u00fcck zur \u00dcbersicht&#8220; shape=&#8220;square&#8220; color=&#8220;green&#8220; size=&#8220;sm&#8220; align=&#8220;right&#8220; link=&#8220;url:http%3A%2F%2Furlaub-in-waldkirchen.de%2Fgastronomie%2F|&#8220;][\/vc_column][\/vc_row]<\/p>\n<\/div>","protected":false},"excerpt":{"rendered":"<p>[vc_row][vc_column][vc_empty_space height=&#8220;20px&#8220;][vc_column_text] Landgasthaus Eckerl am Frongahof [\/vc_column_text][\/vc_column][\/vc_row][vc_row][vc_column][vc_column_text]Erschmecken und entdecken Sie die\u00a0Eigenst\u00e4ndigkeit des Bayerischen\u00a0Waldes am Frongahof in B\u00f6hmzwiesel.\u00a0Ein famili\u00e4r gef\u00fchrter Urlaubsbauernhof\u00a0mit Landgasthaus, wo Sie\u00a0sich rundherum wohlf\u00fchlen k\u00f6nnen!\u00a0Am<span class=\"excerpt-hellip\"> [\u2026]<\/span><\/p>\n","protected":false},"author":2,"featured_media":236,"menu_order":0,"comment_status":"closed","ping_status":"closed","template":"","meta":[],"portfolio-types":[58,64,65],"class_list":["post-1808","portfolio","type-portfolio","status-publish","has-post-thumbnail","hentry","portfolio-types-domaci-strava","portfolio-types-regionalni-kuchyne","portfolio-types-restaurace"],"yoast_head":"<!-- This site is optimized with the Yoast SEO plugin v28.1 - https:\/\/yoast.com\/product\/yoast-seo-wordpress\/ -->\n<title>Venkovsk\u00fd hostinec Eckerl ve dvo\u0159e Frongahof - Waldkirchen<\/title>\n<meta name=\"description\" content=\"Ochutnejte a objevte jedine\u010dnost Bavorsk\u00e9ho lesa ve dvo\u0159e Frongahof v obci B\u00f6hmzwiesel.\" \/>\n<meta name=\"robots\" content=\"index, follow, max-snippet:-1, max-image-preview:large, max-video-preview:-1\" \/>\n<link rel=\"canonical\" href=\"https:\/\/urlaub-in-waldkirchen.de\/cs\/gastro\/venkovsky-hostinec-eckerl-ve-dvore-frongahof\/\" \/>\n<meta property=\"og:locale\" content=\"cs_CZ\" \/>\n<meta property=\"og:type\" content=\"article\" \/>\n<meta property=\"og:title\" content=\"Venkovsk\u00fd hostinec Eckerl ve dvo\u0159e Frongahof - Waldkirchen\" \/>\n<meta property=\"og:description\" content=\"Ochutnejte a objevte jedine\u010dnost Bavorsk\u00e9ho lesa ve dvo\u0159e Frongahof v obci B\u00f6hmzwiesel.\" \/>\n<meta property=\"og:url\" content=\"https:\/\/urlaub-in-waldkirchen.de\/cs\/gastro\/venkovsky-hostinec-eckerl-ve-dvore-frongahof\/\" \/>\n<meta property=\"og:site_name\" content=\"urlaub-in-waldkirchen.de\" \/>\n<meta property=\"article:modified_time\" content=\"2024-10-23T13:05:03+00:00\" \/>\n<meta property=\"og:image\" content=\"https:\/\/urlaub-in-waldkirchen.de\/wp-content\/uploads\/2016\/04\/eckerl2.jpg\" \/>\n\t<meta property=\"og:image:width\" content=\"800\" \/>\n\t<meta property=\"og:image:height\" content=\"500\" \/>\n\t<meta property=\"og:image:type\" content=\"image\/jpeg\" \/>\n<meta name=\"twitter:card\" content=\"summary_large_image\" \/>\n<meta name=\"twitter:label1\" content=\"Odhadovan\u00e1 doba \u010dten\u00ed\" \/>\n\t<meta name=\"twitter:data1\" content=\"2 minuty\" \/>\n<script type=\"application\/ld+json\" class=\"yoast-schema-graph\">{\"@context\":\"https:\\\/\\\/schema.org\",\"@graph\":[{\"@type\":\"WebPage\",\"@id\":\"https:\\\/\\\/urlaub-in-waldkirchen.de\\\/cs\\\/gastro\\\/venkovsky-hostinec-eckerl-ve-dvore-frongahof\\\/\",\"url\":\"https:\\\/\\\/urlaub-in-waldkirchen.de\\\/cs\\\/gastro\\\/venkovsky-hostinec-eckerl-ve-dvore-frongahof\\\/\",\"name\":\"Venkovsk\u00fd hostinec Eckerl ve dvo\u0159e Frongahof - Waldkirchen\",\"isPartOf\":{\"@id\":\"https:\\\/\\\/urlaub-in-waldkirchen.de\\\/#website\"},\"primaryImageOfPage\":{\"@id\":\"https:\\\/\\\/urlaub-in-waldkirchen.de\\\/cs\\\/gastro\\\/venkovsky-hostinec-eckerl-ve-dvore-frongahof\\\/#primaryimage\"},\"image\":{\"@id\":\"https:\\\/\\\/urlaub-in-waldkirchen.de\\\/cs\\\/gastro\\\/venkovsky-hostinec-eckerl-ve-dvore-frongahof\\\/#primaryimage\"},\"thumbnailUrl\":\"https:\\\/\\\/urlaub-in-waldkirchen.de\\\/wp-content\\\/uploads\\\/2016\\\/04\\\/eckerl2.jpg\",\"datePublished\":\"2016-04-05T14:46:44+00:00\",\"dateModified\":\"2024-10-23T13:05:03+00:00\",\"description\":\"Ochutnejte a objevte jedine\u010dnost Bavorsk\u00e9ho lesa ve dvo\u0159e Frongahof v obci B\u00f6hmzwiesel.\",\"breadcrumb\":{\"@id\":\"https:\\\/\\\/urlaub-in-waldkirchen.de\\\/cs\\\/gastro\\\/venkovsky-hostinec-eckerl-ve-dvore-frongahof\\\/#breadcrumb\"},\"inLanguage\":\"cs\",\"potentialAction\":[{\"@type\":\"ReadAction\",\"target\":[\"https:\\\/\\\/urlaub-in-waldkirchen.de\\\/cs\\\/gastro\\\/venkovsky-hostinec-eckerl-ve-dvore-frongahof\\\/\"]}]},{\"@type\":\"ImageObject\",\"inLanguage\":\"cs\",\"@id\":\"https:\\\/\\\/urlaub-in-waldkirchen.de\\\/cs\\\/gastro\\\/venkovsky-hostinec-eckerl-ve-dvore-frongahof\\\/#primaryimage\",\"url\":\"https:\\\/\\\/urlaub-in-waldkirchen.de\\\/wp-content\\\/uploads\\\/2016\\\/04\\\/eckerl2.jpg\",\"contentUrl\":\"https:\\\/\\\/urlaub-in-waldkirchen.de\\\/wp-content\\\/uploads\\\/2016\\\/04\\\/eckerl2.jpg\",\"width\":800,\"height\":500,\"caption\":\"Landgasthaus Eckerl am Frongahof\"},{\"@type\":\"BreadcrumbList\",\"@id\":\"https:\\\/\\\/urlaub-in-waldkirchen.de\\\/cs\\\/gastro\\\/venkovsky-hostinec-eckerl-ve-dvore-frongahof\\\/#breadcrumb\",\"itemListElement\":[{\"@type\":\"ListItem\",\"position\":1,\"name\":\"Startseite\",\"item\":\"https:\\\/\\\/urlaub-in-waldkirchen.de\\\/cs\\\/\"},{\"@type\":\"ListItem\",\"position\":2,\"name\":\"Venkovsk\u00fd hostinec Eckerl ve dvo\u0159e Frongahof\"}]},{\"@type\":\"WebSite\",\"@id\":\"https:\\\/\\\/urlaub-in-waldkirchen.de\\\/#website\",\"url\":\"https:\\\/\\\/urlaub-in-waldkirchen.de\\\/\",\"name\":\"urlaub-in-waldkirchen.de\",\"description\":\"\",\"potentialAction\":[{\"@type\":\"SearchAction\",\"target\":{\"@type\":\"EntryPoint\",\"urlTemplate\":\"https:\\\/\\\/urlaub-in-waldkirchen.de\\\/?s={search_term_string}\"},\"query-input\":{\"@type\":\"PropertyValueSpecification\",\"valueRequired\":true,\"valueName\":\"search_term_string\"}}],\"inLanguage\":\"cs\"}]}<\/script>\n<!-- \/ Yoast SEO plugin. -->","yoast_head_json":{"title":"Venkovsk\u00fd hostinec Eckerl ve dvo\u0159e Frongahof - Waldkirchen","description":"Ochutnejte a objevte jedine\u010dnost Bavorsk\u00e9ho lesa ve dvo\u0159e Frongahof v obci B\u00f6hmzwiesel.","robots":{"index":"index","follow":"follow","max-snippet":"max-snippet:-1","max-image-preview":"max-image-preview:large","max-video-preview":"max-video-preview:-1"},"canonical":"https:\/\/urlaub-in-waldkirchen.de\/cs\/gastro\/venkovsky-hostinec-eckerl-ve-dvore-frongahof\/","og_locale":"cs_CZ","og_type":"article","og_title":"Venkovsk\u00fd hostinec Eckerl ve dvo\u0159e Frongahof - Waldkirchen","og_description":"Ochutnejte a objevte jedine\u010dnost Bavorsk\u00e9ho lesa ve dvo\u0159e Frongahof v obci B\u00f6hmzwiesel.","og_url":"https:\/\/urlaub-in-waldkirchen.de\/cs\/gastro\/venkovsky-hostinec-eckerl-ve-dvore-frongahof\/","og_site_name":"urlaub-in-waldkirchen.de","article_modified_time":"2024-10-23T13:05:03+00:00","og_image":[{"width":800,"height":500,"url":"https:\/\/urlaub-in-waldkirchen.de\/wp-content\/uploads\/2016\/04\/eckerl2.jpg","type":"image\/jpeg"}],"twitter_card":"summary_large_image","twitter_misc":{"Odhadovan\u00e1 doba \u010dten\u00ed":"2 minuty"},"schema":{"@context":"https:\/\/schema.org","@graph":[{"@type":"WebPage","@id":"https:\/\/urlaub-in-waldkirchen.de\/cs\/gastro\/venkovsky-hostinec-eckerl-ve-dvore-frongahof\/","url":"https:\/\/urlaub-in-waldkirchen.de\/cs\/gastro\/venkovsky-hostinec-eckerl-ve-dvore-frongahof\/","name":"Venkovsk\u00fd hostinec Eckerl ve dvo\u0159e Frongahof - Waldkirchen","isPartOf":{"@id":"https:\/\/urlaub-in-waldkirchen.de\/#website"},"primaryImageOfPage":{"@id":"https:\/\/urlaub-in-waldkirchen.de\/cs\/gastro\/venkovsky-hostinec-eckerl-ve-dvore-frongahof\/#primaryimage"},"image":{"@id":"https:\/\/urlaub-in-waldkirchen.de\/cs\/gastro\/venkovsky-hostinec-eckerl-ve-dvore-frongahof\/#primaryimage"},"thumbnailUrl":"https:\/\/urlaub-in-waldkirchen.de\/wp-content\/uploads\/2016\/04\/eckerl2.jpg","datePublished":"2016-04-05T14:46:44+00:00","dateModified":"2024-10-23T13:05:03+00:00","description":"Ochutnejte a objevte jedine\u010dnost Bavorsk\u00e9ho lesa ve dvo\u0159e Frongahof v obci B\u00f6hmzwiesel.","breadcrumb":{"@id":"https:\/\/urlaub-in-waldkirchen.de\/cs\/gastro\/venkovsky-hostinec-eckerl-ve-dvore-frongahof\/#breadcrumb"},"inLanguage":"cs","potentialAction":[{"@type":"ReadAction","target":["https:\/\/urlaub-in-waldkirchen.de\/cs\/gastro\/venkovsky-hostinec-eckerl-ve-dvore-frongahof\/"]}]},{"@type":"ImageObject","inLanguage":"cs","@id":"https:\/\/urlaub-in-waldkirchen.de\/cs\/gastro\/venkovsky-hostinec-eckerl-ve-dvore-frongahof\/#primaryimage","url":"https:\/\/urlaub-in-waldkirchen.de\/wp-content\/uploads\/2016\/04\/eckerl2.jpg","contentUrl":"https:\/\/urlaub-in-waldkirchen.de\/wp-content\/uploads\/2016\/04\/eckerl2.jpg","width":800,"height":500,"caption":"Landgasthaus Eckerl am Frongahof"},{"@type":"BreadcrumbList","@id":"https:\/\/urlaub-in-waldkirchen.de\/cs\/gastro\/venkovsky-hostinec-eckerl-ve-dvore-frongahof\/#breadcrumb","itemListElement":[{"@type":"ListItem","position":1,"name":"Startseite","item":"https:\/\/urlaub-in-waldkirchen.de\/cs\/"},{"@type":"ListItem","position":2,"name":"Venkovsk\u00fd hostinec Eckerl ve dvo\u0159e Frongahof"}]},{"@type":"WebSite","@id":"https:\/\/urlaub-in-waldkirchen.de\/#website","url":"https:\/\/urlaub-in-waldkirchen.de\/","name":"urlaub-in-waldkirchen.de","description":"","potentialAction":[{"@type":"SearchAction","target":{"@type":"EntryPoint","urlTemplate":"https:\/\/urlaub-in-waldkirchen.de\/?s={search_term_string}"},"query-input":{"@type":"PropertyValueSpecification","valueRequired":true,"valueName":"search_term_string"}}],"inLanguage":"cs"}]}},"_links":{"self":[{"href":"https:\/\/urlaub-in-waldkirchen.de\/cs\/wp-json\/wp\/v2\/portfolio\/1808","targetHints":{"allow":["GET"]}}],"collection":[{"href":"https:\/\/urlaub-in-waldkirchen.de\/cs\/wp-json\/wp\/v2\/portfolio"}],"about":[{"href":"https:\/\/urlaub-in-waldkirchen.de\/cs\/wp-json\/wp\/v2\/types\/portfolio"}],"author":[{"embeddable":true,"href":"https:\/\/urlaub-in-waldkirchen.de\/cs\/wp-json\/wp\/v2\/users\/2"}],"replies":[{"embeddable":true,"href":"https:\/\/urlaub-in-waldkirchen.de\/cs\/wp-json\/wp\/v2\/comments?post=1808"}],"wp:attachment":[{"href":"https:\/\/urlaub-in-waldkirchen.de\/cs\/wp-json\/wp\/v2\/media?parent=1808"}],"wp:term":[{"taxonomy":"portfolio-types","embeddable":true,"href":"https:\/\/urlaub-in-waldkirchen.de\/cs\/wp-json\/wp\/v2\/portfolio-types?post=1808"}],"curies":[{"name":"wp","href":"https:\/\/api.w.org\/{rel}","templated":true}]}}