{"id":769,"date":"2016-04-05T16:50:28","date_gmt":"2016-04-05T14:50:28","guid":{"rendered":"https:\/\/urlaub-in-waldkirchen.de\/en\/gastro\/hotel-karoli\/"},"modified":"2024-10-23T15:05:18","modified_gmt":"2024-10-23T13:05:18","slug":"hotel-karoli","status":"publish","type":"portfolio","link":"https:\/\/urlaub-in-waldkirchen.de\/en\/gastro\/hotel-karoli\/","title":{"rendered":"Hotel Karoli"},"content":{"rendered":"<div class=\"wpb-content-wrapper\"><p>[vc_row][vc_column][vc_empty_space height=&#8221;20px&#8221;][vc_column_text]<\/p>\n<h1>Restaurant zum Sepp<\/h1>\n<p>[\/vc_column_text][\/vc_column][\/vc_row][vc_row][vc_column][vc_column_text]Das Restaurant zum Sepp auf dem Camping Resort Bayerwald in Waldkirchen-Dorn hat t\u00e4glich f\u00fcr Sie ge\u00f6ffnet. Starten Sie mit unserem beliebten Fr\u00fchst\u00fccksbuffet in den Tag.<\/p>\n<p>Lassen Sie sich mittags (au\u00dfer montags) und abends von unserem K\u00fcchenteam mit ausgew\u00e4hlten regionalen und internationalen K\u00f6stlichkeiten verw\u00f6hnen.<\/p>\n<p>Pizzafans kommen zudem noch mit einer extra Pizzakarte auf ihre Kosten. Alle unsere Gerichte k\u00f6nnen auch telefonisch bestellt und abgeholt werden. In den warmen Monaten ist unser gem\u00fctlicher Biergarten f\u00fcr Sie ge\u00f6ffnet.[\/vc_column_text][\/vc_column][\/vc_row][vc_row][vc_column][vc_masonry_media_grid element_width=&#8221;3&#8243; grid_id=&#8221;vc_gid:1708011319185-24f4da55-2c6a-9&#8243; include=&#8221;7039,7040,7041,7042&#8243;][\/vc_column][\/vc_row][vc_row][vc_column width=&#8221;1\/4&#8243;][vc_column_text]<\/p>\n<p style=\"text-align: center;\"><a href=\"https:\/\/urlaub-in-waldkirchen.de\/wp-content\/uploads\/2016\/04\/Sepp_gruen_grau.png\"><img loading=\"lazy\" decoding=\"async\" class=\"alignnone wp-image-7038 size-medium\" src=\"https:\/\/urlaub-in-waldkirchen.de\/wp-content\/uploads\/2016\/04\/Sepp_gruen_grau-300x300.png\" alt=\"\" width=\"300\" height=\"300\" srcset=\"https:\/\/urlaub-in-waldkirchen.de\/wp-content\/uploads\/2016\/04\/Sepp_gruen_grau-300x300.png 300w, https:\/\/urlaub-in-waldkirchen.de\/wp-content\/uploads\/2016\/04\/Sepp_gruen_grau-1024x1024.png 1024w, https:\/\/urlaub-in-waldkirchen.de\/wp-content\/uploads\/2016\/04\/Sepp_gruen_grau-150x150.png 150w, https:\/\/urlaub-in-waldkirchen.de\/wp-content\/uploads\/2016\/04\/Sepp_gruen_grau-768x768.png 768w, https:\/\/urlaub-in-waldkirchen.de\/wp-content\/uploads\/2016\/04\/Sepp_gruen_grau-1536x1536.png 1536w, https:\/\/urlaub-in-waldkirchen.de\/wp-content\/uploads\/2016\/04\/Sepp_gruen_grau-2048x2048.png 2048w, https:\/\/urlaub-in-waldkirchen.de\/wp-content\/uploads\/2016\/04\/Sepp_gruen_grau-75x75.png 75w, https:\/\/urlaub-in-waldkirchen.de\/wp-content\/uploads\/2016\/04\/Sepp_gruen_grau-480x480.png 480w\" sizes=\"auto, (max-width:767px) 300px, 300px\" \/><\/a><\/p>\n<p>[\/vc_column_text][\/vc_column][vc_column width=&#8221;1\/4&#8243;][vc_column_text]<\/p>\n<h5>\u00d6ffnungszeiten:<\/h5>\n<p>Montag ___ 08:00 Uhr bis 11:00 Uhr und 17:00 Uhr bis 22:00 Uhr<\/p>\n<p>Dienstag &#8211; Sonntag ___ 08:00 Uhr bis 14:00 Uhr und\u00a017:00 Uhr bis 22:00 Uhr<\/p>\n<p>Sehr gerne begr\u00fc\u00dfen wir Sie in unserem Restaurant zu Familienfeiern, Geburtstagen, Weihnachtsfeiern etc. (bitte Voranmeldung)<\/p>\n<h5>Pl\u00e4tze:<\/h5>\n<p>Innen: 140 Sitzpl\u00e4tze<br \/>\nBiergarten: 100 Sitzpl\u00e4tze[\/vc_column_text][\/vc_column][vc_column width=&#8221;1\/4&#8243;][vc_column_text]<\/p>\n<h5>Anschrift und Kontakt:<\/h5>\n<p>Frauenwaldstr. 2<br \/>\n94065 Waldkirchen<\/p>\n<p>Tel: 08581-9894020<br \/>\ninfo@campingresort-bayerwald.de<br \/>\nWeb:\u00a0<a href=\"http:\/\/www.zum-sepp.de\">www.zum-sepp.de<\/a>[\/vc_column_text][\/vc_column][vc_column width=&#8221;1\/4&#8243;][vc_column_text]<\/p>\n<h5>Anfahrt:<\/h5>\n<p><iframe loading=\"lazy\" style=\"border: 0;\" src=\"https:\/\/www.google.com\/maps\/embed?pb=!1m18!1m12!1m3!1d2632.503952708918!2d13.628239376987533!3d48.71496147131317!2m3!1f0!2f0!3f0!3m2!1i1024!2i768!4f13.1!3m3!1m2!1s0x4774f308a2b1905b%3A0x80d5145c459d6452!2sRestaurant%20zum%20Sepp!5e0!3m2!1sde!2sde!4v1708011396487!5m2!1sde!2sde\" width=\"300\" height=\"200\" allowfullscreen=\"allowfullscreen\"><\/iframe>[\/vc_column_text][\/vc_column][\/vc_row][vc_row][vc_column][vc_separator color=&#8221;custom&#8221; accent_color=&#8221;#95c11f&#8221;][vc_column_text]<\/p>\n<h4>Vielleicht auch noch interessant?<\/h4>\n<p>[\/vc_column_text]<div class=\"column_filters\"><div class=\"portfolio_wrapper isotope_wrapper \"><ul class=\"portfolio_group lm_wrapper isotope col-3 grid\"><li class=\"portfolio-item isotope-item category-griechische-kueche-en category-restaurant-en category-takeawaysnack-bar  has-thumbnail\"><div class=\"portfolio-item-fw-bg\" style=\"\"><div class=\"portfolio-item-fill\"><\/div><div class=\"image_frame scale-with-grid\"><div class=\"image_wrapper\"><a href=\"https:\/\/urlaub-in-waldkirchen.de\/en\/gastro\/restaurant-irodion-greek-specialities-kos\/\"><div class=\"mask\"><\/div><img loading=\"lazy\" decoding=\"async\" width=\"800\" height=\"500\" src=\"https:\/\/urlaub-in-waldkirchen.de\/wp-content\/uploads\/2017\/01\/irodion12.jpg\" class=\"scale-with-grid wp-post-image\" alt=\"\" srcset=\"https:\/\/urlaub-in-waldkirchen.de\/wp-content\/uploads\/2017\/01\/irodion12.jpg 800w, https:\/\/urlaub-in-waldkirchen.de\/wp-content\/uploads\/2017\/01\/irodion12-300x188.jpg 300w, https:\/\/urlaub-in-waldkirchen.de\/wp-content\/uploads\/2017\/01\/irodion12-768x480.jpg 768w, https:\/\/urlaub-in-waldkirchen.de\/wp-content\/uploads\/2017\/01\/irodion12-234x146.jpg 234w, https:\/\/urlaub-in-waldkirchen.de\/wp-content\/uploads\/2017\/01\/irodion12-50x31.jpg 50w, https:\/\/urlaub-in-waldkirchen.de\/wp-content\/uploads\/2017\/01\/irodion12-120x75.jpg 120w\" sizes=\"auto, (max-width:767px) 480px, (max-width:800px) 100vw, 800px\" \/><\/a><div class=\"image_links\"><a class=\"zoom \"  rel=\"prettyphoto\" href=\"https:\/\/urlaub-in-waldkirchen.de\/wp-content\/uploads\/2017\/01\/irodion12.jpg\"><svg viewBox=\"0 0 26 26\"><defs><style>.path{fill:none;stroke:#333;stroke-miterlimit:10;stroke-width:1.5px;}<\/style><\/defs><circle cx=\"11.35\" cy=\"11.35\" r=\"6\" class=\"path\"><\/circle><line x1=\"15.59\" y1=\"15.59\" x2=\"20.65\" y2=\"20.65\" class=\"path\"><\/line><\/svg><\/a><a class=\"link \"  href=\"https:\/\/urlaub-in-waldkirchen.de\/en\/gastro\/restaurant-irodion-greek-specialities-kos\/\"><svg viewBox=\"0 0 26 26\"><defs><style>.path{fill:none;stroke:#333;stroke-miterlimit:10;stroke-width:1.5px;}<\/style><\/defs><g><path d=\"M10.17,8.76l2.12-2.12a5,5,0,0,1,7.07,0h0a5,5,0,0,1,0,7.07l-2.12,2.12\" class=\"path\"><\/path><path d=\"M15.83,17.24l-2.12,2.12a5,5,0,0,1-7.07,0h0a5,5,0,0,1,0-7.07l2.12-2.12\" class=\"path\"><\/path><line x1=\"10.17\" y1=\"15.83\" x2=\"15.83\" y2=\"10.17\" class=\"path\"><\/line><\/g><\/svg><\/a><\/div><\/div><\/div><div class=\"desc\"><div class=\"title_wrapper\"><h5 class=\"entry-title \" itemprop=\"headline\"><a class=\"link\" href=\"https:\/\/urlaub-in-waldkirchen.de\/en\/gastro\/restaurant-irodion-greek-specialities-kos\/\">Restaurant Irodion &#038; Greek Specialities KOS<\/a><\/h5><div class=\"button-love\"><\/div><\/div><div class=\"details-wrapper\"><dl><dt>Datum<\/dt><dd>10. January 2017<\/dd><\/dl><\/div><div class=\"desc-wrapper\">[vc_row][vc_column][vc_empty_space height=&#8221;20px&#8221;][vc_column_text] Restaurant Irodion [\/vc_column_text][\/vc_column][\/vc_row][vc_row][vc_column][vc_column_text]Tauchen Sie ein in die Mentalit\u00e4t Griechenlands und lassen Sie sich von unserem vielseitigen Angebot an griechischen Spezialit\u00e4ten verw\u00f6hnen \u2013 in unserem<span class=\"excerpt-hellip\"> [\u2026]<\/span><\/div><\/div><\/div><\/li><li class=\"portfolio-item isotope-item category-cafepastry-shop category-local-specialities category-restaurant-en  has-thumbnail\"><div class=\"portfolio-item-fw-bg\" style=\"\"><div class=\"portfolio-item-fill\"><\/div><div class=\"image_frame scale-with-grid\"><div class=\"image_wrapper\"><a href=\"https:\/\/urlaub-in-waldkirchen.de\/en\/gastro\/cafe-restaurant-ringelnatz\/\"><div class=\"mask\"><\/div><img loading=\"lazy\" decoding=\"async\" width=\"800\" height=\"500\" src=\"https:\/\/urlaub-in-waldkirchen.de\/wp-content\/uploads\/2016\/04\/ringelnatz2.jpg\" class=\"scale-with-grid wp-post-image\" alt=\"Caf\u00e9-Restaurant Ringelnatz\" srcset=\"https:\/\/urlaub-in-waldkirchen.de\/wp-content\/uploads\/2016\/04\/ringelnatz2.jpg 800w, https:\/\/urlaub-in-waldkirchen.de\/wp-content\/uploads\/2016\/04\/ringelnatz2-300x188.jpg 300w, https:\/\/urlaub-in-waldkirchen.de\/wp-content\/uploads\/2016\/04\/ringelnatz2-768x480.jpg 768w, https:\/\/urlaub-in-waldkirchen.de\/wp-content\/uploads\/2016\/04\/ringelnatz2-234x146.jpg 234w, https:\/\/urlaub-in-waldkirchen.de\/wp-content\/uploads\/2016\/04\/ringelnatz2-50x31.jpg 50w, https:\/\/urlaub-in-waldkirchen.de\/wp-content\/uploads\/2016\/04\/ringelnatz2-120x75.jpg 120w\" sizes=\"auto, (max-width:767px) 480px, (max-width:800px) 100vw, 800px\" \/><\/a><div class=\"image_links\"><a class=\"zoom \"  rel=\"prettyphoto\" href=\"https:\/\/urlaub-in-waldkirchen.de\/wp-content\/uploads\/2016\/04\/ringelnatz2.jpg\"><svg viewBox=\"0 0 26 26\"><defs><style>.path{fill:none;stroke:#333;stroke-miterlimit:10;stroke-width:1.5px;}<\/style><\/defs><circle cx=\"11.35\" cy=\"11.35\" r=\"6\" class=\"path\"><\/circle><line x1=\"15.59\" y1=\"15.59\" x2=\"20.65\" y2=\"20.65\" class=\"path\"><\/line><\/svg><\/a><a class=\"link \"  href=\"https:\/\/urlaub-in-waldkirchen.de\/en\/gastro\/cafe-restaurant-ringelnatz\/\"><svg viewBox=\"0 0 26 26\"><defs><style>.path{fill:none;stroke:#333;stroke-miterlimit:10;stroke-width:1.5px;}<\/style><\/defs><g><path d=\"M10.17,8.76l2.12-2.12a5,5,0,0,1,7.07,0h0a5,5,0,0,1,0,7.07l-2.12,2.12\" class=\"path\"><\/path><path d=\"M15.83,17.24l-2.12,2.12a5,5,0,0,1-7.07,0h0a5,5,0,0,1,0-7.07l2.12-2.12\" class=\"path\"><\/path><line x1=\"10.17\" y1=\"15.83\" x2=\"15.83\" y2=\"10.17\" class=\"path\"><\/line><\/g><\/svg><\/a><\/div><\/div><\/div><div class=\"desc\"><div class=\"title_wrapper\"><h5 class=\"entry-title \" itemprop=\"headline\"><a class=\"link\" href=\"https:\/\/urlaub-in-waldkirchen.de\/en\/gastro\/cafe-restaurant-ringelnatz\/\">Caf\u00e9-Restaurant &#8216;Ringelnatz&#8217;<\/a><\/h5><div class=\"button-love\"><\/div><\/div><div class=\"details-wrapper\"><dl><dt>Datum<\/dt><dd>5. April 2016<\/dd><\/dl><\/div><div class=\"desc-wrapper\">[vc_row][vc_column][vc_empty_space height=&#8221;20px&#8221;][vc_column_text] Caf\u00e9-Restaurant Ringelnatz [\/vc_column_text][\/vc_column][\/vc_row][vc_row][vc_column][vc_column_text]Wenn Sie in gem\u00fctlicher Atmosph\u00e4re\u00a0leckere Speisen genie\u00dfen oder\u00a0sich Ihre Kaffeepause mit einem\u00a0St\u00fcck hausgemachten Kuchen vers\u00fc\u00dfen\u00a0wollen, dann sind Sie im Caf\u00e9-Restaurant Ringelnatz genau<span class=\"excerpt-hellip\"> [\u2026]<\/span><\/div><\/div><\/div><\/li><li class=\"portfolio-item isotope-item category-austrian-cuisine category-live-musicconcerts category-local-specialities  has-thumbnail\"><div class=\"portfolio-item-fw-bg\" style=\"\"><div class=\"portfolio-item-fill\"><\/div><div class=\"image_frame scale-with-grid\"><div class=\"image_wrapper\"><a href=\"https:\/\/urlaub-in-waldkirchen.de\/en\/gastro\/inn-zur-emerenz\/\"><div class=\"mask\"><\/div><img loading=\"lazy\" decoding=\"async\" width=\"800\" height=\"500\" src=\"https:\/\/urlaub-in-waldkirchen.de\/wp-content\/uploads\/2016\/04\/emerenz2.jpg\" class=\"scale-with-grid wp-post-image\" alt=\"Wirtshaus zur Emerenz\" srcset=\"https:\/\/urlaub-in-waldkirchen.de\/wp-content\/uploads\/2016\/04\/emerenz2.jpg 800w, https:\/\/urlaub-in-waldkirchen.de\/wp-content\/uploads\/2016\/04\/emerenz2-300x188.jpg 300w, https:\/\/urlaub-in-waldkirchen.de\/wp-content\/uploads\/2016\/04\/emerenz2-768x480.jpg 768w, https:\/\/urlaub-in-waldkirchen.de\/wp-content\/uploads\/2016\/04\/emerenz2-234x146.jpg 234w, https:\/\/urlaub-in-waldkirchen.de\/wp-content\/uploads\/2016\/04\/emerenz2-50x31.jpg 50w, https:\/\/urlaub-in-waldkirchen.de\/wp-content\/uploads\/2016\/04\/emerenz2-120x75.jpg 120w\" sizes=\"auto, (max-width:767px) 480px, (max-width:800px) 100vw, 800px\" \/><\/a><div class=\"image_links\"><a class=\"zoom \"  rel=\"prettyphoto\" href=\"https:\/\/urlaub-in-waldkirchen.de\/wp-content\/uploads\/2016\/04\/emerenz2.jpg\"><svg viewBox=\"0 0 26 26\"><defs><style>.path{fill:none;stroke:#333;stroke-miterlimit:10;stroke-width:1.5px;}<\/style><\/defs><circle cx=\"11.35\" cy=\"11.35\" r=\"6\" class=\"path\"><\/circle><line x1=\"15.59\" y1=\"15.59\" x2=\"20.65\" y2=\"20.65\" class=\"path\"><\/line><\/svg><\/a><a class=\"link \"  href=\"https:\/\/urlaub-in-waldkirchen.de\/en\/gastro\/inn-zur-emerenz\/\"><svg viewBox=\"0 0 26 26\"><defs><style>.path{fill:none;stroke:#333;stroke-miterlimit:10;stroke-width:1.5px;}<\/style><\/defs><g><path d=\"M10.17,8.76l2.12-2.12a5,5,0,0,1,7.07,0h0a5,5,0,0,1,0,7.07l-2.12,2.12\" class=\"path\"><\/path><path d=\"M15.83,17.24l-2.12,2.12a5,5,0,0,1-7.07,0h0a5,5,0,0,1,0-7.07l2.12-2.12\" class=\"path\"><\/path><line x1=\"10.17\" y1=\"15.83\" x2=\"15.83\" y2=\"10.17\" class=\"path\"><\/line><\/g><\/svg><\/a><\/div><\/div><\/div><div class=\"desc\"><div class=\"title_wrapper\"><h5 class=\"entry-title \" itemprop=\"headline\"><a class=\"link\" href=\"https:\/\/urlaub-in-waldkirchen.de\/en\/gastro\/inn-zur-emerenz\/\">Inn &#8216;Zur Emerenz&#8217;<\/a><\/h5><div class=\"button-love\"><\/div><\/div><div class=\"details-wrapper\"><dl><dt>Datum<\/dt><dd>5. April 2016<\/dd><\/dl><\/div><div class=\"desc-wrapper\">[vc_row][vc_column][vc_empty_space height=&#8221;20px&#8221;][vc_column_text] Wirtshaus zur Emerenz [\/vc_column_text][\/vc_column][\/vc_row][vc_row][vc_column][vc_column_text]Lassen Sie sich mit frischen, traditionellen\u00a0Gerichten, hausgemachten\u00a0Kuchen, s\u00fcffigen Bierspezialit\u00e4ten\u00a0und \u00f6sterreichischen Weinen direkt\u00a0vom Winzer verw\u00f6hnen. Das Wirtshaus\u00a0\u201eZur Emerenz\u201c bietet dazu das\u00a0passende Ambiente!<span class=\"excerpt-hellip\"> [\u2026]<\/span><\/div><\/div><\/div><\/li><\/ul><\/div>\n<\/div>\n[vc_btn title=&#8221;zur\u00fcck zur \u00dcbersicht&#8221; shape=&#8221;square&#8221; color=&#8221;green&#8221; size=&#8221;sm&#8221; align=&#8221;right&#8221; link=&#8221;url:http%3A%2F%2Furlaub-in-waldkirchen.de%2Fgastronomie%2F|&#8221;][\/vc_column][\/vc_row]<\/p>\n<\/div>","protected":false},"excerpt":{"rendered":"<p>[vc_row][vc_column][vc_empty_space height=&#8221;20px&#8221;][vc_column_text] Restaurant zum Sepp [\/vc_column_text][\/vc_column][\/vc_row][vc_row][vc_column][vc_column_text]Das Restaurant zum Sepp auf dem Camping Resort Bayerwald in Waldkirchen-Dorn hat t\u00e4glich f\u00fcr Sie ge\u00f6ffnet. Starten Sie mit unserem beliebten<span class=\"excerpt-hellip\"> [\u2026]<\/span><\/p>\n","protected":false},"author":2,"featured_media":189,"menu_order":0,"comment_status":"closed","ping_status":"closed","template":"","meta":[],"portfolio-types":[38,40,44,45,47],"class_list":["post-769","portfolio","type-portfolio","status-publish","has-post-thumbnail","hentry","portfolio-types-home-style-cooking","portfolio-types-international-cuisine","portfolio-types-local-specialities","portfolio-types-restaurant-en","portfolio-types-steak-house-en"],"yoast_head":"<!-- This site is optimized with the Yoast SEO plugin v27.3 - https:\/\/yoast.com\/product\/yoast-seo-wordpress\/ -->\n<title>Hotel Karoli - Waldkirchen<\/title>\n<meta name=\"description\" content=\"Enjoy traditional delicacies and regional specialities on our idyllic terrace in summer or in our panorama restaurant.\" \/>\n<meta name=\"robots\" content=\"index, follow, max-snippet:-1, max-image-preview:large, max-video-preview:-1\" \/>\n<link rel=\"canonical\" href=\"https:\/\/urlaub-in-waldkirchen.de\/en\/gastro\/hotel-karoli\/\" \/>\n<meta property=\"og:locale\" content=\"en_US\" \/>\n<meta property=\"og:type\" content=\"article\" \/>\n<meta property=\"og:title\" content=\"Hotel Karoli - Waldkirchen\" \/>\n<meta property=\"og:description\" content=\"Enjoy traditional delicacies and regional specialities on our idyllic terrace in summer or in our panorama restaurant.\" \/>\n<meta property=\"og:url\" content=\"https:\/\/urlaub-in-waldkirchen.de\/en\/gastro\/hotel-karoli\/\" \/>\n<meta property=\"og:site_name\" content=\"urlaub-in-waldkirchen.de\" \/>\n<meta property=\"article:modified_time\" content=\"2024-10-23T13:05:18+00:00\" \/>\n<meta property=\"og:image\" content=\"https:\/\/urlaub-in-waldkirchen.de\/wp-content\/uploads\/2016\/04\/Karoli-3.jpg\" \/>\n\t<meta property=\"og:image:width\" content=\"800\" \/>\n\t<meta property=\"og:image:height\" content=\"500\" \/>\n\t<meta property=\"og:image:type\" content=\"image\/jpeg\" \/>\n<meta name=\"twitter:card\" content=\"summary_large_image\" \/>\n<meta name=\"twitter:label1\" content=\"Est. reading time\" \/>\n\t<meta name=\"twitter:data1\" content=\"2 minutes\" \/>\n<script type=\"application\/ld+json\" class=\"yoast-schema-graph\">{\"@context\":\"https:\\\/\\\/schema.org\",\"@graph\":[{\"@type\":\"WebPage\",\"@id\":\"https:\\\/\\\/urlaub-in-waldkirchen.de\\\/en\\\/gastro\\\/hotel-karoli\\\/\",\"url\":\"https:\\\/\\\/urlaub-in-waldkirchen.de\\\/en\\\/gastro\\\/hotel-karoli\\\/\",\"name\":\"Hotel Karoli - Waldkirchen\",\"isPartOf\":{\"@id\":\"https:\\\/\\\/urlaub-in-waldkirchen.de\\\/#website\"},\"primaryImageOfPage\":{\"@id\":\"https:\\\/\\\/urlaub-in-waldkirchen.de\\\/en\\\/gastro\\\/hotel-karoli\\\/#primaryimage\"},\"image\":{\"@id\":\"https:\\\/\\\/urlaub-in-waldkirchen.de\\\/en\\\/gastro\\\/hotel-karoli\\\/#primaryimage\"},\"thumbnailUrl\":\"https:\\\/\\\/urlaub-in-waldkirchen.de\\\/wp-content\\\/uploads\\\/2016\\\/04\\\/Karoli-3.jpg\",\"datePublished\":\"2016-04-05T14:50:28+00:00\",\"dateModified\":\"2024-10-23T13:05:18+00:00\",\"description\":\"Enjoy traditional delicacies and regional specialities on our idyllic terrace in summer or in our panorama restaurant.\",\"breadcrumb\":{\"@id\":\"https:\\\/\\\/urlaub-in-waldkirchen.de\\\/en\\\/gastro\\\/hotel-karoli\\\/#breadcrumb\"},\"inLanguage\":\"en-US\",\"potentialAction\":[{\"@type\":\"ReadAction\",\"target\":[\"https:\\\/\\\/urlaub-in-waldkirchen.de\\\/en\\\/gastro\\\/hotel-karoli\\\/\"]}]},{\"@type\":\"ImageObject\",\"inLanguage\":\"en-US\",\"@id\":\"https:\\\/\\\/urlaub-in-waldkirchen.de\\\/en\\\/gastro\\\/hotel-karoli\\\/#primaryimage\",\"url\":\"https:\\\/\\\/urlaub-in-waldkirchen.de\\\/wp-content\\\/uploads\\\/2016\\\/04\\\/Karoli-3.jpg\",\"contentUrl\":\"https:\\\/\\\/urlaub-in-waldkirchen.de\\\/wp-content\\\/uploads\\\/2016\\\/04\\\/Karoli-3.jpg\",\"width\":800,\"height\":500,\"caption\":\"Hotel Karoli\"},{\"@type\":\"BreadcrumbList\",\"@id\":\"https:\\\/\\\/urlaub-in-waldkirchen.de\\\/en\\\/gastro\\\/hotel-karoli\\\/#breadcrumb\",\"itemListElement\":[{\"@type\":\"ListItem\",\"position\":1,\"name\":\"Startseite\",\"item\":\"https:\\\/\\\/urlaub-in-waldkirchen.de\\\/en\\\/\"},{\"@type\":\"ListItem\",\"position\":2,\"name\":\"Hotel Karoli\"}]},{\"@type\":\"WebSite\",\"@id\":\"https:\\\/\\\/urlaub-in-waldkirchen.de\\\/#website\",\"url\":\"https:\\\/\\\/urlaub-in-waldkirchen.de\\\/\",\"name\":\"urlaub-in-waldkirchen.de\",\"description\":\"\",\"potentialAction\":[{\"@type\":\"SearchAction\",\"target\":{\"@type\":\"EntryPoint\",\"urlTemplate\":\"https:\\\/\\\/urlaub-in-waldkirchen.de\\\/?s={search_term_string}\"},\"query-input\":{\"@type\":\"PropertyValueSpecification\",\"valueRequired\":true,\"valueName\":\"search_term_string\"}}],\"inLanguage\":\"en-US\"}]}<\/script>\n<!-- \/ Yoast SEO plugin. -->","yoast_head_json":{"title":"Hotel Karoli - Waldkirchen","description":"Enjoy traditional delicacies and regional specialities on our idyllic terrace in summer or in our panorama restaurant.","robots":{"index":"index","follow":"follow","max-snippet":"max-snippet:-1","max-image-preview":"max-image-preview:large","max-video-preview":"max-video-preview:-1"},"canonical":"https:\/\/urlaub-in-waldkirchen.de\/en\/gastro\/hotel-karoli\/","og_locale":"en_US","og_type":"article","og_title":"Hotel Karoli - Waldkirchen","og_description":"Enjoy traditional delicacies and regional specialities on our idyllic terrace in summer or in our panorama restaurant.","og_url":"https:\/\/urlaub-in-waldkirchen.de\/en\/gastro\/hotel-karoli\/","og_site_name":"urlaub-in-waldkirchen.de","article_modified_time":"2024-10-23T13:05:18+00:00","og_image":[{"width":800,"height":500,"url":"https:\/\/urlaub-in-waldkirchen.de\/wp-content\/uploads\/2016\/04\/Karoli-3.jpg","type":"image\/jpeg"}],"twitter_card":"summary_large_image","twitter_misc":{"Est. reading time":"2 minutes"},"schema":{"@context":"https:\/\/schema.org","@graph":[{"@type":"WebPage","@id":"https:\/\/urlaub-in-waldkirchen.de\/en\/gastro\/hotel-karoli\/","url":"https:\/\/urlaub-in-waldkirchen.de\/en\/gastro\/hotel-karoli\/","name":"Hotel Karoli - Waldkirchen","isPartOf":{"@id":"https:\/\/urlaub-in-waldkirchen.de\/#website"},"primaryImageOfPage":{"@id":"https:\/\/urlaub-in-waldkirchen.de\/en\/gastro\/hotel-karoli\/#primaryimage"},"image":{"@id":"https:\/\/urlaub-in-waldkirchen.de\/en\/gastro\/hotel-karoli\/#primaryimage"},"thumbnailUrl":"https:\/\/urlaub-in-waldkirchen.de\/wp-content\/uploads\/2016\/04\/Karoli-3.jpg","datePublished":"2016-04-05T14:50:28+00:00","dateModified":"2024-10-23T13:05:18+00:00","description":"Enjoy traditional delicacies and regional specialities on our idyllic terrace in summer or in our panorama restaurant.","breadcrumb":{"@id":"https:\/\/urlaub-in-waldkirchen.de\/en\/gastro\/hotel-karoli\/#breadcrumb"},"inLanguage":"en-US","potentialAction":[{"@type":"ReadAction","target":["https:\/\/urlaub-in-waldkirchen.de\/en\/gastro\/hotel-karoli\/"]}]},{"@type":"ImageObject","inLanguage":"en-US","@id":"https:\/\/urlaub-in-waldkirchen.de\/en\/gastro\/hotel-karoli\/#primaryimage","url":"https:\/\/urlaub-in-waldkirchen.de\/wp-content\/uploads\/2016\/04\/Karoli-3.jpg","contentUrl":"https:\/\/urlaub-in-waldkirchen.de\/wp-content\/uploads\/2016\/04\/Karoli-3.jpg","width":800,"height":500,"caption":"Hotel Karoli"},{"@type":"BreadcrumbList","@id":"https:\/\/urlaub-in-waldkirchen.de\/en\/gastro\/hotel-karoli\/#breadcrumb","itemListElement":[{"@type":"ListItem","position":1,"name":"Startseite","item":"https:\/\/urlaub-in-waldkirchen.de\/en\/"},{"@type":"ListItem","position":2,"name":"Hotel Karoli"}]},{"@type":"WebSite","@id":"https:\/\/urlaub-in-waldkirchen.de\/#website","url":"https:\/\/urlaub-in-waldkirchen.de\/","name":"urlaub-in-waldkirchen.de","description":"","potentialAction":[{"@type":"SearchAction","target":{"@type":"EntryPoint","urlTemplate":"https:\/\/urlaub-in-waldkirchen.de\/?s={search_term_string}"},"query-input":{"@type":"PropertyValueSpecification","valueRequired":true,"valueName":"search_term_string"}}],"inLanguage":"en-US"}]}},"_links":{"self":[{"href":"https:\/\/urlaub-in-waldkirchen.de\/en\/wp-json\/wp\/v2\/portfolio\/769","targetHints":{"allow":["GET"]}}],"collection":[{"href":"https:\/\/urlaub-in-waldkirchen.de\/en\/wp-json\/wp\/v2\/portfolio"}],"about":[{"href":"https:\/\/urlaub-in-waldkirchen.de\/en\/wp-json\/wp\/v2\/types\/portfolio"}],"author":[{"embeddable":true,"href":"https:\/\/urlaub-in-waldkirchen.de\/en\/wp-json\/wp\/v2\/users\/2"}],"replies":[{"embeddable":true,"href":"https:\/\/urlaub-in-waldkirchen.de\/en\/wp-json\/wp\/v2\/comments?post=769"}],"wp:featuredmedia":[{"embeddable":true,"href":"https:\/\/urlaub-in-waldkirchen.de\/en\/wp-json\/wp\/v2\/media\/189"}],"wp:attachment":[{"href":"https:\/\/urlaub-in-waldkirchen.de\/en\/wp-json\/wp\/v2\/media?parent=769"}],"wp:term":[{"taxonomy":"portfolio-types","embeddable":true,"href":"https:\/\/urlaub-in-waldkirchen.de\/en\/wp-json\/wp\/v2\/portfolio-types?post=769"}],"curies":[{"name":"wp","href":"https:\/\/api.w.org\/{rel}","templated":true}]}}