{"id":787,"date":"2016-04-05T16:45:46","date_gmt":"2016-04-05T14:45:46","guid":{"rendered":"https:\/\/urlaub-in-waldkirchen.de\/en\/gastro\/gasthof-pension-boxleitenmuehle\/"},"modified":"2024-10-23T15:05:19","modified_gmt":"2024-10-23T13:05:19","slug":"inn-guesthouse-boxleitenmuehle","status":"publish","type":"portfolio","link":"https:\/\/urlaub-in-waldkirchen.de\/en\/gastro\/inn-guesthouse-boxleitenmuehle\/","title":{"rendered":"Inn &#038; Guesthouse Boxleitenm\u00fchle"},"content":{"rendered":"<div class=\"wpb-content-wrapper\"><p>[vc_row][vc_column][vc_empty_space height=&#8221;20px&#8221;][vc_column_text]<\/p>\n<h1>Gasthof Pension Boxleitenm\u00fchle<\/h1>\n<p>[\/vc_column_text][\/vc_column][\/vc_row][vc_row][vc_column][vc_column_text]Im Gasthof Boxleitenm\u00fchle in Werenain\u00a0bei Waldkirchen finden Sie alles\u00a0unter einem Dach: ein uriges Gasthaus,\u00a0eine komfortable Pension und\u00a0gro\u00dfz\u00fcgige Fests\u00e4le. Und auf eines\u00a0legt Familie Oberneder besonders\u00a0gro\u00dfen Wert: Gastfreundlichkeit. Damit\u00a0sich auch jeder rundherum wohlf\u00fchlt.<\/p>\n<p>Ob in der Gaststub\u2018n, im Festsaal\u00a0oder im Feststadl \u2013 in der Boxleitenm\u00fchle\u00a0kann man z\u00fcnftig feiern\u00a0und gleichzeitig kulinarische Gen\u00fcsse<br \/>\nerleben. Lassen Sie sich von der\u00a0herzhaft bayerischen K\u00fcche verw\u00f6hnen!\u00a0Ganz besonders gut kommt der\u00a0Pfandlsonntag an: hier gibt es jeden\u00a0Sonntag von 11.00 \u201314.00 Uhr verschiedene\u00a0Pfandl zur Auswahl inklusive\u00a0Salatbuffet ab 10,90 Euro.<\/p>\n<p>Auf Ihren Besuch freuen sich Josef Oberneder\u00a0und das gesamte Team.[\/vc_column_text][\/vc_column][\/vc_row][vc_row][vc_column][vc_masonry_media_grid element_width=&#8221;3&#8243; grid_id=&#8221;vc_gid:1469541669601-c6bb0dfa-c57f-0&#8243; include=&#8221;259,258,257,256&#8243;][\/vc_column][\/vc_row][vc_row][vc_column width=&#8221;1\/4&#8243;][vc_column_text]<\/p>\n<p style=\"text-align: center;\"><a href=\"http:\/\/www.gasthof-boxleitenmuehle.de\/\" target=\"_blank\" rel=\"noopener\"><img loading=\"lazy\" decoding=\"async\" class=\"alignnone wp-image-254 size-full\" src=\"https:\/\/urlaub-in-waldkirchen.de\/wp-content\/uploads\/2016\/04\/logo-boxleithenmuehle.jpg\" alt=\"logo-boxleithenmuehle\" width=\"344\" height=\"132\" srcset=\"https:\/\/urlaub-in-waldkirchen.de\/wp-content\/uploads\/2016\/04\/logo-boxleithenmuehle.jpg 344w, https:\/\/urlaub-in-waldkirchen.de\/wp-content\/uploads\/2016\/04\/logo-boxleithenmuehle-300x115.jpg 300w, https:\/\/urlaub-in-waldkirchen.de\/wp-content\/uploads\/2016\/04\/logo-boxleithenmuehle-260x100.jpg 260w, https:\/\/urlaub-in-waldkirchen.de\/wp-content\/uploads\/2016\/04\/logo-boxleithenmuehle-50x19.jpg 50w, https:\/\/urlaub-in-waldkirchen.de\/wp-content\/uploads\/2016\/04\/logo-boxleithenmuehle-150x58.jpg 150w\" sizes=\"auto, (max-width:767px) 344px, 344px\" \/><\/a><\/p>\n<p>[\/vc_column_text][\/vc_column][vc_column width=&#8221;1\/4&#8243;][vc_column_text]<\/p>\n<h5>\u00d6ffnungszeiten:<\/h5>\n<p>Von November &#8211; April:<br \/>\nMo+Di: Ruhetag, Mi \u2013 Sa: ab 18.00 Uhr, So: ab 11.00 Uhr<br \/>\nVon April &#8211; November:<br \/>\nMo: Ruhetag, Di \u2013 Fr: ab 18.00 Uhr, Sa + So: ab 11.00 Uhr<\/p>\n<h5>Pl\u00e4tze:<\/h5>\n<p>Festsaal: 200 Sitzpl\u00e4tze<br \/>\nFeststadl: 100 Sitzpl\u00e4tze<br \/>\nGaststubn: 40 Sitzpl\u00e4tze[\/vc_column_text][\/vc_column][vc_column width=&#8221;1\/4&#8243;][vc_column_text]<\/p>\n<h5>Anschrift und Kontakt:<\/h5>\n<p>Werenain 47<br \/>\n94065 Waldkirchen<\/p>\n<p>Tel: 08551 913678<br \/>\ninfo@gasthof-boxleitenmuehle.de<br \/>\nWeb:\u00a0<a href=\"http:\/\/www.gasthof-boxleitenmuehle.de\" target=\"_blank\" rel=\"noopener\">www.gasthof-boxleitenmuehle.de<\/a><\/p>\n<p><a href=\"https:\/\/www.facebook.com\/Gasthof-Boxleitenm%C3%BChle-232949563450129\" target=\"_blank\" rel=\"attachment wp-att-82 noopener\"><img loading=\"lazy\" decoding=\"async\" class=\"alignnone wp-image-82 size-full\" src=\"https:\/\/urlaub-in-waldkirchen.de\/wp-content\/uploads\/2016\/04\/facebook_32.png\" alt=\"facebook_32\" width=\"32\" height=\"32\" \/><\/a>[\/vc_column_text][\/vc_column][vc_column width=&#8221;1\/4&#8243;][vc_column_text]<\/p>\n<h5>Anfahrt:<\/h5>\n<p><iframe loading=\"lazy\" style=\"border: 0;\" src=\"https:\/\/www.google.com\/maps\/embed?pb=!1m18!1m12!1m3!1d3126.664712952579!2d13.564447513460522!3d48.77804997598831!2m3!1f0!2f0!3f0!3m2!1i1024!2i768!4f13.1!3m3!1m2!1s0x4774ee9d3d6fb45f%3A0xf18b4393a1107d84!2sWerenain+47%2C+94065+Waldkirchen!5e0!3m2!1sde!2sde!4v1460623507409\" width=\"300\" height=\"200\" frameborder=\"0\" allowfullscreen=\"allowfullscreen\"><\/iframe>[\/vc_column_text][\/vc_column][\/vc_row][vc_row][vc_column][vc_separator color=&#8221;custom&#8221; accent_color=&#8221;#95c11f&#8221;][vc_column_text]<\/p>\n<h4>Vielleicht auch noch interessant?<\/h4>\n<p>[\/vc_column_text]<div class=\"column_filters\"><div class=\"portfolio_wrapper isotope_wrapper \"><ul class=\"portfolio_group lm_wrapper isotope col-3 grid\"><li class=\"portfolio-item isotope-item category-local-specialities category-restaurant-en  has-thumbnail\"><div class=\"portfolio-item-fw-bg\" style=\"\"><div class=\"portfolio-item-fill\"><\/div><div class=\"image_frame scale-with-grid\"><div class=\"image_wrapper\"><a href=\"https:\/\/urlaub-in-waldkirchen.de\/en\/gastro\/hotel-restaurant-gottinger\/\"><div class=\"mask\"><\/div><img loading=\"lazy\" decoding=\"async\" width=\"800\" height=\"500\" src=\"https:\/\/urlaub-in-waldkirchen.de\/wp-content\/uploads\/2016\/04\/gottinger1.jpg\" class=\"scale-with-grid wp-post-image\" alt=\"Hotel Gottinger\" srcset=\"https:\/\/urlaub-in-waldkirchen.de\/wp-content\/uploads\/2016\/04\/gottinger1.jpg 800w, https:\/\/urlaub-in-waldkirchen.de\/wp-content\/uploads\/2016\/04\/gottinger1-300x188.jpg 300w, https:\/\/urlaub-in-waldkirchen.de\/wp-content\/uploads\/2016\/04\/gottinger1-768x480.jpg 768w, https:\/\/urlaub-in-waldkirchen.de\/wp-content\/uploads\/2016\/04\/gottinger1-234x146.jpg 234w, https:\/\/urlaub-in-waldkirchen.de\/wp-content\/uploads\/2016\/04\/gottinger1-50x31.jpg 50w, https:\/\/urlaub-in-waldkirchen.de\/wp-content\/uploads\/2016\/04\/gottinger1-120x75.jpg 120w\" sizes=\"auto, (max-width:767px) 480px, (max-width:800px) 100vw, 800px\" \/><\/a><div class=\"image_links\"><a class=\"zoom \"  rel=\"prettyphoto\" href=\"https:\/\/urlaub-in-waldkirchen.de\/wp-content\/uploads\/2016\/04\/gottinger1.jpg\"><svg viewBox=\"0 0 26 26\"><defs><style>.path{fill:none;stroke:#333;stroke-miterlimit:10;stroke-width:1.5px;}<\/style><\/defs><circle cx=\"11.35\" cy=\"11.35\" r=\"6\" class=\"path\"><\/circle><line x1=\"15.59\" y1=\"15.59\" x2=\"20.65\" y2=\"20.65\" class=\"path\"><\/line><\/svg><\/a><a class=\"link \"  href=\"https:\/\/urlaub-in-waldkirchen.de\/en\/gastro\/hotel-restaurant-gottinger\/\"><svg viewBox=\"0 0 26 26\"><defs><style>.path{fill:none;stroke:#333;stroke-miterlimit:10;stroke-width:1.5px;}<\/style><\/defs><g><path d=\"M10.17,8.76l2.12-2.12a5,5,0,0,1,7.07,0h0a5,5,0,0,1,0,7.07l-2.12,2.12\" class=\"path\"><\/path><path d=\"M15.83,17.24l-2.12,2.12a5,5,0,0,1-7.07,0h0a5,5,0,0,1,0-7.07l2.12-2.12\" class=\"path\"><\/path><line x1=\"10.17\" y1=\"15.83\" x2=\"15.83\" y2=\"10.17\" class=\"path\"><\/line><\/g><\/svg><\/a><\/div><\/div><\/div><div class=\"desc\"><div class=\"title_wrapper\"><h5 class=\"entry-title \" itemprop=\"headline\"><a class=\"link\" href=\"https:\/\/urlaub-in-waldkirchen.de\/en\/gastro\/hotel-restaurant-gottinger\/\">Hotel-Restaurant Gottinger<\/a><\/h5><div class=\"button-love\"><\/div><\/div><div class=\"details-wrapper\"><dl><dt>Datum<\/dt><dd>5. April 2016<\/dd><\/dl><\/div><div class=\"desc-wrapper\">[vc_row][vc_column][vc_empty_space height=&#8221;20px&#8221;][vc_column_text] Hotel-Restaurant Gottinger [\/vc_column_text][\/vc_column][\/vc_row][vc_row][vc_column][vc_column_text]Das Hotel-Restaurant Gottinger ist\u00a0ein Haus mit Geschichte. Seit \u00fcber\u00a0100 Jahren ist das Hotel eine feste\u00a0Gr\u00f6\u00dfe in Waldkirchens Gastronomie.\u00a0Gem\u00fctlichkeit und Gastfreundlichkeit\u00a0wird hier gro\u00df<span class=\"excerpt-hellip\"> [\u2026]<\/span><\/div><\/div><\/div><\/li><li class=\"portfolio-item isotope-item category-home-style-cooking category-local-specialities category-restaurant-en  has-thumbnail\"><div class=\"portfolio-item-fw-bg\" style=\"\"><div class=\"portfolio-item-fill\"><\/div><div class=\"image_frame scale-with-grid\"><div class=\"image_wrapper\"><a href=\"https:\/\/urlaub-in-waldkirchen.de\/en\/gastro\/inn-guesthouse-boxleitenmuehle\/\"><div class=\"mask\"><\/div><img loading=\"lazy\" decoding=\"async\" width=\"800\" height=\"500\" src=\"https:\/\/urlaub-in-waldkirchen.de\/wp-content\/uploads\/2016\/04\/boxl-1.jpg\" class=\"scale-with-grid wp-post-image\" alt=\"Gasthof Pension Boxleitenm\u00fchle\" srcset=\"https:\/\/urlaub-in-waldkirchen.de\/wp-content\/uploads\/2016\/04\/boxl-1.jpg 800w, https:\/\/urlaub-in-waldkirchen.de\/wp-content\/uploads\/2016\/04\/boxl-1-300x188.jpg 300w, https:\/\/urlaub-in-waldkirchen.de\/wp-content\/uploads\/2016\/04\/boxl-1-768x480.jpg 768w, https:\/\/urlaub-in-waldkirchen.de\/wp-content\/uploads\/2016\/04\/boxl-1-234x146.jpg 234w, https:\/\/urlaub-in-waldkirchen.de\/wp-content\/uploads\/2016\/04\/boxl-1-50x31.jpg 50w, https:\/\/urlaub-in-waldkirchen.de\/wp-content\/uploads\/2016\/04\/boxl-1-120x75.jpg 120w\" sizes=\"auto, (max-width:767px) 480px, (max-width:800px) 100vw, 800px\" \/><\/a><div class=\"image_links\"><a class=\"zoom \"  rel=\"prettyphoto\" href=\"https:\/\/urlaub-in-waldkirchen.de\/wp-content\/uploads\/2016\/04\/boxl-1.jpg\"><svg viewBox=\"0 0 26 26\"><defs><style>.path{fill:none;stroke:#333;stroke-miterlimit:10;stroke-width:1.5px;}<\/style><\/defs><circle cx=\"11.35\" cy=\"11.35\" r=\"6\" class=\"path\"><\/circle><line x1=\"15.59\" y1=\"15.59\" x2=\"20.65\" y2=\"20.65\" class=\"path\"><\/line><\/svg><\/a><a class=\"link \"  href=\"https:\/\/urlaub-in-waldkirchen.de\/en\/gastro\/inn-guesthouse-boxleitenmuehle\/\"><svg viewBox=\"0 0 26 26\"><defs><style>.path{fill:none;stroke:#333;stroke-miterlimit:10;stroke-width:1.5px;}<\/style><\/defs><g><path d=\"M10.17,8.76l2.12-2.12a5,5,0,0,1,7.07,0h0a5,5,0,0,1,0,7.07l-2.12,2.12\" class=\"path\"><\/path><path d=\"M15.83,17.24l-2.12,2.12a5,5,0,0,1-7.07,0h0a5,5,0,0,1,0-7.07l2.12-2.12\" class=\"path\"><\/path><line x1=\"10.17\" y1=\"15.83\" x2=\"15.83\" y2=\"10.17\" class=\"path\"><\/line><\/g><\/svg><\/a><\/div><\/div><\/div><div class=\"desc\"><div class=\"title_wrapper\"><h5 class=\"entry-title \" itemprop=\"headline\"><a class=\"link\" href=\"https:\/\/urlaub-in-waldkirchen.de\/en\/gastro\/inn-guesthouse-boxleitenmuehle\/\">Inn &#038; Guesthouse Boxleitenm\u00fchle<\/a><\/h5><div class=\"button-love\"><\/div><\/div><div class=\"details-wrapper\"><dl><dt>Datum<\/dt><dd>5. April 2016<\/dd><\/dl><\/div><div class=\"desc-wrapper\">[vc_row][vc_column][vc_empty_space height=&#8221;20px&#8221;][vc_column_text] Gasthof Pension Boxleitenm\u00fchle [\/vc_column_text][\/vc_column][\/vc_row][vc_row][vc_column][vc_column_text]Im Gasthof Boxleitenm\u00fchle in Werenain\u00a0bei Waldkirchen finden Sie alles\u00a0unter einem Dach: ein uriges Gasthaus,\u00a0eine komfortable Pension und\u00a0gro\u00dfz\u00fcgige Fests\u00e4le. Und auf eines\u00a0legt<span class=\"excerpt-hellip\"> [\u2026]<\/span><\/div><\/div><\/div><\/li><li class=\"portfolio-item isotope-item category-home-style-cooking category-local-specialities category-restaurant-en  has-thumbnail\"><div class=\"portfolio-item-fw-bg\" style=\"\"><div class=\"portfolio-item-fill\"><\/div><div class=\"image_frame scale-with-grid\"><div class=\"image_wrapper\"><a href=\"https:\/\/urlaub-in-waldkirchen.de\/en\/gastro\/country-guest-house-eckerl-am-frongahof\/\"><div class=\"mask\"><\/div><img loading=\"lazy\" decoding=\"async\" width=\"800\" height=\"500\" src=\"https:\/\/urlaub-in-waldkirchen.de\/wp-content\/uploads\/2016\/04\/eckerl2.jpg\" class=\"scale-with-grid wp-post-image\" alt=\"Landgasthaus Eckerl am Frongahof\" srcset=\"https:\/\/urlaub-in-waldkirchen.de\/wp-content\/uploads\/2016\/04\/eckerl2.jpg 800w, https:\/\/urlaub-in-waldkirchen.de\/wp-content\/uploads\/2016\/04\/eckerl2-300x188.jpg 300w, https:\/\/urlaub-in-waldkirchen.de\/wp-content\/uploads\/2016\/04\/eckerl2-768x480.jpg 768w, https:\/\/urlaub-in-waldkirchen.de\/wp-content\/uploads\/2016\/04\/eckerl2-234x146.jpg 234w, https:\/\/urlaub-in-waldkirchen.de\/wp-content\/uploads\/2016\/04\/eckerl2-50x31.jpg 50w, https:\/\/urlaub-in-waldkirchen.de\/wp-content\/uploads\/2016\/04\/eckerl2-120x75.jpg 120w\" sizes=\"auto, (max-width:767px) 480px, (max-width:800px) 100vw, 800px\" \/><\/a><div class=\"image_links\"><a class=\"zoom \"  rel=\"prettyphoto\" href=\"https:\/\/urlaub-in-waldkirchen.de\/wp-content\/uploads\/2016\/04\/eckerl2.jpg\"><svg viewBox=\"0 0 26 26\"><defs><style>.path{fill:none;stroke:#333;stroke-miterlimit:10;stroke-width:1.5px;}<\/style><\/defs><circle cx=\"11.35\" cy=\"11.35\" r=\"6\" class=\"path\"><\/circle><line x1=\"15.59\" y1=\"15.59\" x2=\"20.65\" y2=\"20.65\" class=\"path\"><\/line><\/svg><\/a><a class=\"link \"  href=\"https:\/\/urlaub-in-waldkirchen.de\/en\/gastro\/country-guest-house-eckerl-am-frongahof\/\"><svg viewBox=\"0 0 26 26\"><defs><style>.path{fill:none;stroke:#333;stroke-miterlimit:10;stroke-width:1.5px;}<\/style><\/defs><g><path d=\"M10.17,8.76l2.12-2.12a5,5,0,0,1,7.07,0h0a5,5,0,0,1,0,7.07l-2.12,2.12\" class=\"path\"><\/path><path d=\"M15.83,17.24l-2.12,2.12a5,5,0,0,1-7.07,0h0a5,5,0,0,1,0-7.07l2.12-2.12\" class=\"path\"><\/path><line x1=\"10.17\" y1=\"15.83\" x2=\"15.83\" y2=\"10.17\" class=\"path\"><\/line><\/g><\/svg><\/a><\/div><\/div><\/div><div class=\"desc\"><div class=\"title_wrapper\"><h5 class=\"entry-title \" itemprop=\"headline\"><a class=\"link\" href=\"https:\/\/urlaub-in-waldkirchen.de\/en\/gastro\/country-guest-house-eckerl-am-frongahof\/\">Country Guest House &#8216;Eckerl am Frongahof&#8217;<\/a><\/h5><div class=\"button-love\"><\/div><\/div><div class=\"details-wrapper\"><dl><dt>Datum<\/dt><dd>5. April 2016<\/dd><\/dl><\/div><div class=\"desc-wrapper\">[vc_row][vc_column][vc_empty_space height=&#8221;20px&#8221;][vc_column_text] Landgasthaus Eckerl am Frongahof [\/vc_column_text][\/vc_column][\/vc_row][vc_row][vc_column][vc_column_text]Erschmecken und entdecken Sie die\u00a0Eigenst\u00e4ndigkeit des Bayerischen\u00a0Waldes am Frongahof in B\u00f6hmzwiesel.\u00a0Ein famili\u00e4r gef\u00fchrter Urlaubsbauernhof\u00a0mit Landgasthaus, wo Sie\u00a0sich rundherum wohlf\u00fchlen k\u00f6nnen!\u00a0Am<span class=\"excerpt-hellip\"> [\u2026]<\/span><\/div><\/div><\/div><\/li><\/ul><\/div>\n<\/div>\n[vc_btn title=&#8221;zur\u00fcck zur \u00dcbersicht&#8221; shape=&#8221;square&#8221; color=&#8221;green&#8221; size=&#8221;sm&#8221; align=&#8221;right&#8221; link=&#8221;url:http%3A%2F%2Furlaub-in-waldkirchen.de%2Fgastronomie%2F|&#8221;][\/vc_column][\/vc_row]<\/p>\n<\/div>","protected":false},"excerpt":{"rendered":"<p>[vc_row][vc_column][vc_empty_space height=&#8221;20px&#8221;][vc_column_text] Gasthof Pension Boxleitenm\u00fchle [\/vc_column_text][\/vc_column][\/vc_row][vc_row][vc_column][vc_column_text]Im Gasthof Boxleitenm\u00fchle in Werenain\u00a0bei Waldkirchen finden Sie alles\u00a0unter einem Dach: ein uriges Gasthaus,\u00a0eine komfortable Pension und\u00a0gro\u00dfz\u00fcgige Fests\u00e4le. Und auf eines\u00a0legt<span class=\"excerpt-hellip\"> [\u2026]<\/span><\/p>\n","protected":false},"author":2,"featured_media":256,"menu_order":0,"comment_status":"closed","ping_status":"closed","template":"","meta":[],"portfolio-types":[38,44,45],"class_list":["post-787","portfolio","type-portfolio","status-publish","has-post-thumbnail","hentry","portfolio-types-home-style-cooking","portfolio-types-local-specialities","portfolio-types-restaurant-en"],"yoast_head":"<!-- This site is optimized with the Yoast SEO plugin v27.3 - https:\/\/yoast.com\/product\/yoast-seo-wordpress\/ -->\n<title>Inn &amp; Guesthouse Boxleitenm\u00fchle - Waldkirchen<\/title>\n<meta name=\"description\" content=\"You\u2019ll find everything under one roof at the Boxleitenm\u00fchle guesthouse in Werenain near Waldkirchen: a quaint inn, a comfortable guesthouse and generous ballrooms.\" \/>\n<meta name=\"robots\" content=\"index, follow, max-snippet:-1, max-image-preview:large, max-video-preview:-1\" \/>\n<link rel=\"canonical\" href=\"https:\/\/urlaub-in-waldkirchen.de\/en\/gastro\/inn-guesthouse-boxleitenmuehle\/\" \/>\n<meta property=\"og:locale\" content=\"en_US\" \/>\n<meta property=\"og:type\" content=\"article\" \/>\n<meta property=\"og:title\" content=\"Inn &amp; Guesthouse Boxleitenm\u00fchle - Waldkirchen\" \/>\n<meta property=\"og:description\" content=\"You\u2019ll find everything under one roof at the Boxleitenm\u00fchle guesthouse in Werenain near Waldkirchen: a quaint inn, a comfortable guesthouse and generous ballrooms.\" \/>\n<meta property=\"og:url\" content=\"https:\/\/urlaub-in-waldkirchen.de\/en\/gastro\/inn-guesthouse-boxleitenmuehle\/\" \/>\n<meta property=\"og:site_name\" content=\"urlaub-in-waldkirchen.de\" \/>\n<meta property=\"article:modified_time\" content=\"2024-10-23T13:05:19+00:00\" \/>\n<meta property=\"og:image\" content=\"https:\/\/urlaub-in-waldkirchen.de\/wp-content\/uploads\/2016\/04\/boxl-1.jpg\" \/>\n\t<meta property=\"og:image:width\" content=\"800\" \/>\n\t<meta property=\"og:image:height\" content=\"500\" \/>\n\t<meta property=\"og:image:type\" content=\"image\/jpeg\" \/>\n<meta name=\"twitter:card\" content=\"summary_large_image\" \/>\n<meta name=\"twitter:label1\" content=\"Est. reading time\" \/>\n\t<meta name=\"twitter:data1\" content=\"2 minutes\" \/>\n<script type=\"application\/ld+json\" class=\"yoast-schema-graph\">{\"@context\":\"https:\\\/\\\/schema.org\",\"@graph\":[{\"@type\":\"WebPage\",\"@id\":\"https:\\\/\\\/urlaub-in-waldkirchen.de\\\/en\\\/gastro\\\/inn-guesthouse-boxleitenmuehle\\\/\",\"url\":\"https:\\\/\\\/urlaub-in-waldkirchen.de\\\/en\\\/gastro\\\/inn-guesthouse-boxleitenmuehle\\\/\",\"name\":\"Inn & Guesthouse Boxleitenm\u00fchle - Waldkirchen\",\"isPartOf\":{\"@id\":\"https:\\\/\\\/urlaub-in-waldkirchen.de\\\/#website\"},\"primaryImageOfPage\":{\"@id\":\"https:\\\/\\\/urlaub-in-waldkirchen.de\\\/en\\\/gastro\\\/inn-guesthouse-boxleitenmuehle\\\/#primaryimage\"},\"image\":{\"@id\":\"https:\\\/\\\/urlaub-in-waldkirchen.de\\\/en\\\/gastro\\\/inn-guesthouse-boxleitenmuehle\\\/#primaryimage\"},\"thumbnailUrl\":\"https:\\\/\\\/urlaub-in-waldkirchen.de\\\/wp-content\\\/uploads\\\/2016\\\/04\\\/boxl-1.jpg\",\"datePublished\":\"2016-04-05T14:45:46+00:00\",\"dateModified\":\"2024-10-23T13:05:19+00:00\",\"description\":\"You\u2019ll find everything under one roof at the Boxleitenm\u00fchle guesthouse in Werenain near Waldkirchen: a quaint inn, a comfortable guesthouse and generous ballrooms.\",\"breadcrumb\":{\"@id\":\"https:\\\/\\\/urlaub-in-waldkirchen.de\\\/en\\\/gastro\\\/inn-guesthouse-boxleitenmuehle\\\/#breadcrumb\"},\"inLanguage\":\"en-US\",\"potentialAction\":[{\"@type\":\"ReadAction\",\"target\":[\"https:\\\/\\\/urlaub-in-waldkirchen.de\\\/en\\\/gastro\\\/inn-guesthouse-boxleitenmuehle\\\/\"]}]},{\"@type\":\"ImageObject\",\"inLanguage\":\"en-US\",\"@id\":\"https:\\\/\\\/urlaub-in-waldkirchen.de\\\/en\\\/gastro\\\/inn-guesthouse-boxleitenmuehle\\\/#primaryimage\",\"url\":\"https:\\\/\\\/urlaub-in-waldkirchen.de\\\/wp-content\\\/uploads\\\/2016\\\/04\\\/boxl-1.jpg\",\"contentUrl\":\"https:\\\/\\\/urlaub-in-waldkirchen.de\\\/wp-content\\\/uploads\\\/2016\\\/04\\\/boxl-1.jpg\",\"width\":800,\"height\":500,\"caption\":\"Gasthof Pension Boxleitenm\u00fchle\"},{\"@type\":\"BreadcrumbList\",\"@id\":\"https:\\\/\\\/urlaub-in-waldkirchen.de\\\/en\\\/gastro\\\/inn-guesthouse-boxleitenmuehle\\\/#breadcrumb\",\"itemListElement\":[{\"@type\":\"ListItem\",\"position\":1,\"name\":\"Startseite\",\"item\":\"https:\\\/\\\/urlaub-in-waldkirchen.de\\\/en\\\/\"},{\"@type\":\"ListItem\",\"position\":2,\"name\":\"Inn &#038; Guesthouse Boxleitenm\u00fchle\"}]},{\"@type\":\"WebSite\",\"@id\":\"https:\\\/\\\/urlaub-in-waldkirchen.de\\\/#website\",\"url\":\"https:\\\/\\\/urlaub-in-waldkirchen.de\\\/\",\"name\":\"urlaub-in-waldkirchen.de\",\"description\":\"\",\"potentialAction\":[{\"@type\":\"SearchAction\",\"target\":{\"@type\":\"EntryPoint\",\"urlTemplate\":\"https:\\\/\\\/urlaub-in-waldkirchen.de\\\/?s={search_term_string}\"},\"query-input\":{\"@type\":\"PropertyValueSpecification\",\"valueRequired\":true,\"valueName\":\"search_term_string\"}}],\"inLanguage\":\"en-US\"}]}<\/script>\n<!-- \/ Yoast SEO plugin. -->","yoast_head_json":{"title":"Inn & Guesthouse Boxleitenm\u00fchle - Waldkirchen","description":"You\u2019ll find everything under one roof at the Boxleitenm\u00fchle guesthouse in Werenain near Waldkirchen: a quaint inn, a comfortable guesthouse and generous ballrooms.","robots":{"index":"index","follow":"follow","max-snippet":"max-snippet:-1","max-image-preview":"max-image-preview:large","max-video-preview":"max-video-preview:-1"},"canonical":"https:\/\/urlaub-in-waldkirchen.de\/en\/gastro\/inn-guesthouse-boxleitenmuehle\/","og_locale":"en_US","og_type":"article","og_title":"Inn & Guesthouse Boxleitenm\u00fchle - Waldkirchen","og_description":"You\u2019ll find everything under one roof at the Boxleitenm\u00fchle guesthouse in Werenain near Waldkirchen: a quaint inn, a comfortable guesthouse and generous ballrooms.","og_url":"https:\/\/urlaub-in-waldkirchen.de\/en\/gastro\/inn-guesthouse-boxleitenmuehle\/","og_site_name":"urlaub-in-waldkirchen.de","article_modified_time":"2024-10-23T13:05:19+00:00","og_image":[{"width":800,"height":500,"url":"https:\/\/urlaub-in-waldkirchen.de\/wp-content\/uploads\/2016\/04\/boxl-1.jpg","type":"image\/jpeg"}],"twitter_card":"summary_large_image","twitter_misc":{"Est. reading time":"2 minutes"},"schema":{"@context":"https:\/\/schema.org","@graph":[{"@type":"WebPage","@id":"https:\/\/urlaub-in-waldkirchen.de\/en\/gastro\/inn-guesthouse-boxleitenmuehle\/","url":"https:\/\/urlaub-in-waldkirchen.de\/en\/gastro\/inn-guesthouse-boxleitenmuehle\/","name":"Inn & Guesthouse Boxleitenm\u00fchle - Waldkirchen","isPartOf":{"@id":"https:\/\/urlaub-in-waldkirchen.de\/#website"},"primaryImageOfPage":{"@id":"https:\/\/urlaub-in-waldkirchen.de\/en\/gastro\/inn-guesthouse-boxleitenmuehle\/#primaryimage"},"image":{"@id":"https:\/\/urlaub-in-waldkirchen.de\/en\/gastro\/inn-guesthouse-boxleitenmuehle\/#primaryimage"},"thumbnailUrl":"https:\/\/urlaub-in-waldkirchen.de\/wp-content\/uploads\/2016\/04\/boxl-1.jpg","datePublished":"2016-04-05T14:45:46+00:00","dateModified":"2024-10-23T13:05:19+00:00","description":"You\u2019ll find everything under one roof at the Boxleitenm\u00fchle guesthouse in Werenain near Waldkirchen: a quaint inn, a comfortable guesthouse and generous ballrooms.","breadcrumb":{"@id":"https:\/\/urlaub-in-waldkirchen.de\/en\/gastro\/inn-guesthouse-boxleitenmuehle\/#breadcrumb"},"inLanguage":"en-US","potentialAction":[{"@type":"ReadAction","target":["https:\/\/urlaub-in-waldkirchen.de\/en\/gastro\/inn-guesthouse-boxleitenmuehle\/"]}]},{"@type":"ImageObject","inLanguage":"en-US","@id":"https:\/\/urlaub-in-waldkirchen.de\/en\/gastro\/inn-guesthouse-boxleitenmuehle\/#primaryimage","url":"https:\/\/urlaub-in-waldkirchen.de\/wp-content\/uploads\/2016\/04\/boxl-1.jpg","contentUrl":"https:\/\/urlaub-in-waldkirchen.de\/wp-content\/uploads\/2016\/04\/boxl-1.jpg","width":800,"height":500,"caption":"Gasthof Pension Boxleitenm\u00fchle"},{"@type":"BreadcrumbList","@id":"https:\/\/urlaub-in-waldkirchen.de\/en\/gastro\/inn-guesthouse-boxleitenmuehle\/#breadcrumb","itemListElement":[{"@type":"ListItem","position":1,"name":"Startseite","item":"https:\/\/urlaub-in-waldkirchen.de\/en\/"},{"@type":"ListItem","position":2,"name":"Inn &#038; Guesthouse Boxleitenm\u00fchle"}]},{"@type":"WebSite","@id":"https:\/\/urlaub-in-waldkirchen.de\/#website","url":"https:\/\/urlaub-in-waldkirchen.de\/","name":"urlaub-in-waldkirchen.de","description":"","potentialAction":[{"@type":"SearchAction","target":{"@type":"EntryPoint","urlTemplate":"https:\/\/urlaub-in-waldkirchen.de\/?s={search_term_string}"},"query-input":{"@type":"PropertyValueSpecification","valueRequired":true,"valueName":"search_term_string"}}],"inLanguage":"en-US"}]}},"_links":{"self":[{"href":"https:\/\/urlaub-in-waldkirchen.de\/en\/wp-json\/wp\/v2\/portfolio\/787","targetHints":{"allow":["GET"]}}],"collection":[{"href":"https:\/\/urlaub-in-waldkirchen.de\/en\/wp-json\/wp\/v2\/portfolio"}],"about":[{"href":"https:\/\/urlaub-in-waldkirchen.de\/en\/wp-json\/wp\/v2\/types\/portfolio"}],"author":[{"embeddable":true,"href":"https:\/\/urlaub-in-waldkirchen.de\/en\/wp-json\/wp\/v2\/users\/2"}],"replies":[{"embeddable":true,"href":"https:\/\/urlaub-in-waldkirchen.de\/en\/wp-json\/wp\/v2\/comments?post=787"}],"wp:featuredmedia":[{"embeddable":true,"href":"https:\/\/urlaub-in-waldkirchen.de\/en\/wp-json\/wp\/v2\/media\/256"}],"wp:attachment":[{"href":"https:\/\/urlaub-in-waldkirchen.de\/en\/wp-json\/wp\/v2\/media?parent=787"}],"wp:term":[{"taxonomy":"portfolio-types","embeddable":true,"href":"https:\/\/urlaub-in-waldkirchen.de\/en\/wp-json\/wp\/v2\/portfolio-types?post=787"}],"curies":[{"name":"wp","href":"https:\/\/api.w.org\/{rel}","templated":true}]}}